{"id":42,"date":"2024-10-30T08:38:09","date_gmt":"2024-10-30T11:38:09","guid":{"rendered":"https:\/\/www.ccae.ufpb.br\/dcsa2\/?page_id=42"},"modified":"2024-12-04T14:01:13","modified_gmt":"2024-12-04T17:01:13","slug":"graduacao","status":"publish","type":"page","link":"https:\/\/www.ccae.ufpb.br\/dcsa2\/ensino\/graduacao\/","title":{"rendered":"Gradua\u00e7\u00e3o"},"content":{"rendered":"\n<p><strong>Curso de Administra\u00e7\u00e3o<\/strong><\/p>\n\n\n\n<p class=\" \">O&nbsp;curso tem seu foco no desenvolvimento local e sustentado, buscando formar&nbsp;administradores que desenvolvam o poder de an\u00e1lise e decis\u00e3o, pautados na \u00e9tica e&nbsp;sustentabilidade, contribuindo assim, para o desenvolvimento organizacional,&nbsp;econ\u00f4mico, pol\u00edtico e social das institui\u00e7\u00f5es e do seu entorno.<\/p>\n\n\n\n<p>&nbsp;Site:&nbsp;<a href=\"http:\/\/ccae.ufpb.br\/coordadmin\" target=\"_blank\" rel=\"noreferrer noopener\">http:\/\/ccae.ufpb.br\/coordadmin<\/a><\/p>\n\n\n\n<p>E-mail de contato:&nbsp;<a href=\"mailto:coordadministracaoccae@ccae.ufpb.br\" target=\"_blank\" rel=\"noreferrer noopener\">coordadministracaoccae@ccae.ufpb.br<\/a><\/p>\n\n\n\n<p>Instagram:&nbsp;<a href=\"https:\/\/www.instagram.com\/administracaoccae\/\" target=\"_blank\" rel=\"noreferrer noopener\">https:\/\/www.instagram.com\/administracaoccae\/<\/a><\/p>\n\n\n\n<p>Laborat\u00f3rio de Administra\u00e7\u00e3o:&nbsp;<a href=\"https:\/\/www.ccae.ufpb.br\/coordadmin\/contents\/menu\/administracao\/laboratorio-de-administracao\" target=\"_blank\" rel=\"noreferrer noopener\">https:\/\/www.ccae.ufpb.br\/coordadmin\/contents\/menu\/administracao\/laboratorio-de-administracao<\/a><\/p>\n\n\n\n<p><strong>Curso de Ci\u00eancias Cont\u00e1beis<\/strong><\/p>\n\n\n\n<p>O curso tem como foco a forma\u00e7\u00e3o de&nbsp;contadores e gestores das informa\u00e7\u00f5es cont\u00e1beis, capazes de desenvolver, analisar e&nbsp;implementar sistemas de informa\u00e7\u00e3o cont\u00e1bil e de controle gerencial, exercendo com \u00e9tica&nbsp;as atribui\u00e7\u00f5es e prerrogativas previstas na legisla\u00e7\u00e3o pertinente.<\/p>\n\n\n\n<p>Site:&nbsp;<a href=\"https:\/\/www.ccae.ufpb.br\/contabeis\" target=\"_blank\" rel=\"noreferrer noopener\">https:\/\/www.ccae.ufpb.br\/contabeis<\/a><\/p>\n\n\n\n<p>E-mail de contato:&nbsp;<a href=\"mailto:ccontabilidade@ccae.ufpb.br\">ccontabilidade@ccae.ufpb.br<\/a><\/p>\n\n\n\n<p>Instagram:&nbsp;<a href=\"https:\/\/www.instagram.com\/contabeis_ufpb4\/\" target=\"_blank\" rel=\"noreferrer noopener\">https:\/\/www.instagram.com\/contabeis_ufpb4\/<\/a><\/p>\n\n\n\n<p>Laborat\u00f3rio de Contabilidade:<\/p>\n\n\n\n<p><strong>Curso de Secretariado Executivo Bil\u00edngue<\/strong><\/p>\n\n\n\n<p>O curso de Secretariado Executivo Bil\u00edngue \u00e9 direcionado \u00e0 forma\u00e7\u00e3o de profissionais bachar\u00e9is com compet\u00eancias para promover e participar da melhoria do processo de gest\u00e3o e desenvolvimento das Organiza\u00e7\u00f5es P\u00fablicas e Privadas, na busca do aumento de produtividade e competitividade e aptos a atuar no mercado altamente competitivo e em constantes transforma\u00e7\u00f5es como: Assessor Executivo, Gestor, Consultor e Empreendedor.&nbsp;<\/p>\n\n\n\n<p>Site:&nbsp;<a href=\"https:\/\/www.ccae.ufpb.br\/secretariado\/\" target=\"_blank\" rel=\"noreferrer noopener\">https:\/\/www.ccae.ufpb.br\/secretariado\/<\/a><\/p>\n\n\n\n<p>E-mail de contato:&nbsp;<a href=\"http:\/\/csecretariado@ccae.ufpb.br\/\" target=\"_blank\" rel=\"noreferrer noopener\">csecretariado@ccae.ufpb.br<\/a><\/p>\n\n\n\n<p>Instagram:&nbsp;<a href=\"https:\/\/www.instagram.com\/secretariadoufpb\/\" target=\"_blank\" rel=\"noreferrer noopener\">https:\/\/www.instagram.com\/secretariadoufpb\/<\/a><a href=\"https:\/\/www.instagram.com\/contabeis_ufpb4\/\" target=\"_blank\" rel=\"noreferrer noopener\"><\/a><\/p>\n\n\n\n<p>Laborat\u00f3rio de Secretariado:&nbsp;<a href=\"http:\/\/plone.ufpb.br\/labsec\">https:\/\/www.ccae.ufpb.br\/labsec\/<\/a><\/p>\n\n\n\n<div class=\"wp-block-file\"><a id=\"wp-block-file--media-8e9150a6-5d22-4dcc-b206-fe68a5a61ad1\" href=\"http:\/\/www.ccae.ufpb.br\/dcsa2\/wp-content\/uploads\/sites\/170\/sites\/225\/2024\/10\/regimento-interno-do-dcsa.pdf\">Regimento interno do DCSA<\/a><a href=\"http:\/\/www.ccae.ufpb.br\/dcsa2\/wp-content\/uploads\/sites\/170\/sites\/225\/2024\/10\/regimento-interno-do-dcsa.pdf\" class=\"wp-block-file__button wp-element-button\" download aria-describedby=\"wp-block-file--media-8e9150a6-5d22-4dcc-b206-fe68a5a61ad1\">Baixar<\/a><\/div>\n\n\n\n<p><\/p>\n\n\n\n<h2 class=\"wp-block-heading\"><div class=\"linha-header\"><strong>Hor\u00e1rio das Disciplinas<\/strong><\/div><\/h2>\n\n\n\n<p><strong>CURSO DE ADMINISTRA\u00c7\u00c3O<\/strong><\/p>\n\n\n\n<p><strong><a href=\"http:\/\/plone.ufpb.br\/dcsa\/contents\/documentos\/horario-2024-2-administracao.pdf\">2024.2<\/a><\/strong><\/p>\n\n\n\n<p><strong><a href=\"http:\/\/plone.ufpb.br\/dcsa\/contents\/documentos\/2024-1-horario-administracao.pdf\">2024.1<\/a><\/strong><\/p>\n\n\n\n<p><strong><a href=\"http:\/\/plone.ufpb.br\/dcsa\/contents\/documentos\/horario-2023-2-administracao.pdf\">2023.2<\/a><\/strong><\/p>\n\n\n\n<p><strong><a href=\"http:\/\/plone.ufpb.br\/dcsa\/contents\/documentos\/horario-2023-1-administracao-atualizado-em-29-06.pdf\">2023.1<\/a><\/strong><\/p>\n\n\n\n<p><strong>CURSO DE CI\u00caNCIAS CONT\u00c1BEIS<\/strong><\/p>\n\n\n\n<p><strong><a href=\"http:\/\/plone.ufpb.br\/dcsa\/contents\/documentos\/ofertas-contabeis-ccae_2024-2-v1-1.docx\">2024.2<\/a><\/strong><\/p>\n\n\n\n<p><strong><a href=\"http:\/\/plone.ufpb.br\/dcsa\/contents\/documentos\/ofertas-contabeis-ccae_2024-1-v2.docx\">2024.1<\/a><\/strong><\/p>\n\n\n\n<p><strong><a href=\"http:\/\/plone.ufpb.br\/dcsa\/contents\/documentos\/2023.2Horrio.docx\" target=\"_blank\" rel=\"noreferrer noopener\">2023.2<\/a><\/strong><\/p>\n\n\n\n<p><strong><a href=\"http:\/\/plone.ufpb.br\/dcsa\/contents\/documentos\/2023.1disciplinasofertadas.docx\" target=\"_blank\" rel=\"noreferrer noopener\">2023.1<\/a><\/strong><\/p>\n\n\n\n<p><strong>CURSO DE SECRETARIADO EXECUTIVO BIL\u00cdNGUE<\/strong><\/p>\n\n\n\n<p class=\" \"><strong><a href=\"http:\/\/plone.ufpb.br\/dcsa\/contents\/documentos\/2024-2-horario-sec-exec-final.pdf\">2024.2<\/a><\/strong><\/p>\n\n\n\n<p class=\" \"><strong><a href=\"http:\/\/plone.ufpb.br\/dcsa\/contents\/documentos\/horrio2024-1secexec.pdf\">2024.1<\/a><\/strong><\/p>\n\n\n\n<p class=\" \"><strong><a href=\"http:\/\/plone.ufpb.br\/dcsa\/contents\/documentos\/2023.2HORRIOSECEXEC.pdf\" target=\"_blank\" rel=\"noreferrer noopener\">2023.2<\/a><\/strong><\/p>\n\n\n\n<p><strong><a href=\"http:\/\/plone.ufpb.br\/dcsa\/contents\/documentos\/2023.1HORRIOSECEXEC.pdf\" target=\"_blank\" rel=\"noreferrer noopener\">2023.1<\/a><\/strong><\/p>\n\n\n\n<p><\/p>\n\n\n\n<h2 class=\"wp-block-heading\"><div class=\"linha-header\">Corpo Docente<\/div><\/h2>\n\n\n\n<p><strong>ADMINISTRA\u00c7\u00c3O<\/strong><\/p>\n\n\n\n<p><strong>Prof.\u00aa Ana Maria Magalh\u00e3es Correia<\/strong><\/p>\n\n\n\n<p>Curr\u00edculo Lattes:&nbsp;<a href=\"http:\/\/lattes.cnpq.br\/8129302216027537\" target=\"_blank\" rel=\"noreferrer noopener\">http:\/\/lattes.cnpq.br\/8129302216027537<\/a>.<\/p>\n\n\n\n<p>E-mail:&nbsp;aninhamagalhaes25@gmail.com; anamagalhaes@ccae.ufpb.br.<\/p>\n\n\n\n<p><strong>Prof.\u00aa Eliane Martins de Paiva<\/strong><\/p>\n\n\n\n<p>Curr\u00edculo Lattes:&nbsp;<a href=\"http:\/\/lattes.cnpq.br\/6770372409853575\" target=\"_blank\" rel=\"noreferrer noopener\">http:\/\/lattes.cnpq.br\/6770372409853575<\/a>.<\/p>\n\n\n\n<p>E-mail: elianempaiva@ccae.ufpb.br.<\/p>\n\n\n\n<p><strong>Prof. J\u00falio Afonso S\u00e1 de Pinho Neto<\/strong><\/p>\n\n\n\n<p>Curr\u00edculo Lattes:&nbsp;<a href=\"http:\/\/lattes.cnpq.br\/9024978229643441\" target=\"_blank\" rel=\"noreferrer noopener\">http:\/\/lattes.cnpq.br\/9024978229643441<\/a>.<\/p>\n\n\n\n<p>E-mail:&nbsp;sadepinho13@gmail.com;&nbsp;julio.pinho@academico.ufpb.br.<\/p>\n\n\n\n<p><strong>Prof. Leandro Ara\u00fajo Wickboldt<\/strong><\/p>\n\n\n\n<p>Curr\u00edculo Lattes:&nbsp;<a href=\"http:\/\/lattes.cnpq.br\/4868961872096086\" target=\"_blank\" rel=\"noreferrer noopener\">http:\/\/lattes.cnpq.br\/4868961872096086<\/a>.<\/p>\n\n\n\n<p>E-mail:&nbsp;leandrowickboldt@hotmail.com.<\/p>\n\n\n\n<p><strong>Prof.\u00aa M\u00e1rcia Maria de Medeiros Travassos Saeger<\/strong><\/p>\n\n\n\n<p>Curr\u00edculo Lattes:&nbsp;<a href=\"http:\/\/lattes.cnpq.br\/8573980668187046\" target=\"_blank\" rel=\"noreferrer noopener\">http:\/\/lattes.cnpq.br\/8573980668187046<\/a>.<\/p>\n\n\n\n<p>E-mail:&nbsp;marciatsaeger@yahoo.com.br.<\/p>\n\n\n\n<p><strong>Prof.\u00aa Maria Angeluce Soares Per\u00f4nico Barbotin<\/strong><\/p>\n\n\n\n<p>Curr\u00edculo Lattes:&nbsp;<a href=\"http:\/\/lattes.cnpq.br\/7390128159622863\" target=\"_blank\" rel=\"noreferrer noopener\">http:\/\/lattes.cnpq.br\/7390128159622863<\/a>.<\/p>\n\n\n\n<p>E-mail:&nbsp;angeluce@ccae.ufpb.br.<\/p>\n\n\n\n<p><strong>Prof.\u00aa N\u00edvea Marcela Marques Nascimento de Mac\u00eado<\/strong><\/p>\n\n\n\n<p>Curr\u00edculo Lattes:&nbsp;<a href=\"http:\/\/lattes.cnpq.br\/9122694058796066\" target=\"_blank\" rel=\"noreferrer noopener\">http:\/\/lattes.cnpq.br\/9122694058796066<\/a>.<\/p>\n\n\n\n<p>E-mail:&nbsp;niveamarcelam@gmail.com; niveamarcela@ig.com.br.<\/p>\n\n\n\n<p><strong>Prof.\u00aa Rosiele Fernandes Pinto (Vice Coordenadora do Curso de Administra\u00e7\u00e3o)<\/strong><\/p>\n\n\n\n<p>Curr\u00edculo Lattes:&nbsp;<a href=\"http:\/\/lattes.cnpq.br\/7693928353498226\" target=\"_blank\" rel=\"noreferrer noopener\">http:\/\/lattes.cnpq.br\/7693928353498226<\/a>.<\/p>\n\n\n\n<p>E-mail:&nbsp;rosielepb@yahoo.com.br; rosiele@ccae.ufpb.br.<\/p>\n\n\n\n<p><strong>Prof. Saulo Emmanuel Vieira Maciel&nbsp;(Coordenador do Curso de Administra\u00e7\u00e3o)<\/strong><\/p>\n\n\n\n<p>Curr\u00edculo Lattes:&nbsp;<a href=\"http:\/\/lattes.cnpq.br\/3309531722447730\" target=\"_blank\" rel=\"noreferrer noopener\">http:\/\/lattes.cnpq.br\/3309531722447730<\/a>.<\/p>\n\n\n\n<p>E-mail:&nbsp;profsaulomac@gmail.com; saulo@ccae.ufpb.br.<\/p>\n\n\n\n<p><strong>Prof. Thales Batista de Lima<\/strong><\/p>\n\n\n\n<p>Curr\u00edculo Lattes:&nbsp;<a href=\"http:\/\/lattes.cnpq.br\/9253932494751942\" target=\"_blank\" rel=\"noreferrer noopener\">http:\/\/lattes.cnpq.br\/9253932494751942<\/a>.<\/p>\n\n\n\n<p>E-mail:&nbsp;thalesufpb@gmail.com.<\/p>\n\n\n\n<p><strong>Prof.\u00aa&nbsp;Laura Maria Aguiar Costa<\/strong><\/p>\n\n\n\n<p>Curr\u00edculo Lattes:&nbsp;<a href=\"http:\/\/lattes.cnpq.br\/8428274442746552\" target=\"_blank\" rel=\"noreferrer noopener\">http:\/\/lattes.cnpq.br\/8428274442746552<\/a>.<\/p>\n\n\n\n<p>E-mail:&nbsp;lauraaguiar27@gmail.com.<\/p>\n\n\n\n<p><strong>CI\u00caNCIAS CONT\u00c1BEIS<\/strong><\/p>\n\n\n\n<p><strong>Prof. Augusto C\u00e9zar da Cunha e Silva Filho&nbsp;<\/strong><\/p>\n\n\n\n<p>Curr\u00edculo Lattes:&nbsp;<a href=\"http:\/\/lattes.cnpq.br\/1674341274374869\" target=\"_blank\" rel=\"noreferrer noopener\">http:\/\/lattes.cnpq.br\/1674341274374869<\/a>.<\/p>\n\n\n\n<p>E-mail: augusto.cezar@ccae.ufpb.br;&nbsp;augustocsfilho@gmail.com.<\/p>\n\n\n\n<p><strong>Prof.\u00aa Daniela C\u00edntia de Carvalho Leite Menezes<\/strong><\/p>\n\n\n\n<p>Curr\u00edculo Lattes:&nbsp;&nbsp;<a href=\"http:\/\/lattes.cnpq.br\/9135218125345359\" target=\"_blank\" rel=\"noreferrer noopener\">http:\/\/lattes.cnpq.br\/9135218125345359<\/a>.<\/p>\n\n\n\n<p>E-mail:&nbsp;danielaccleite@bol.com.br; danielaccleite0808@gmail.com.<\/p>\n\n\n\n<p><strong>Prof. Dimmitre Morant Vieira Gon\u00e7alves Pereira<\/strong><\/p>\n\n\n\n<p>Curr\u00edculo Lattes:&nbsp;<a href=\"http:\/\/lattes.cnpq.br\/0839108971519782\" target=\"_blank\" rel=\"noreferrer noopener\">http:\/\/lattes.cnpq.br\/0839108971519782<\/a>.<\/p>\n\n\n\n<p>E-mail:&nbsp;dimmitre@ccae.ufpb.br \/\/ dimmitre.morant@academico.ufpb.br.<\/p>\n\n\n\n<p><strong>Prof. F\u00e1bio Jos\u00e9 Lira dos Santos<\/strong><\/p>\n\n\n\n<p>Curr\u00edculo Lattes:&nbsp;<a href=\"http:\/\/lattes.cnpq.br\/1924778255345532\" target=\"_blank\" rel=\"noreferrer noopener\">http:\/\/lattes.cnpq.br\/1924778255345532<\/a>.<\/p>\n\n\n\n<p>E-mail:&nbsp;fabioliraauditor@hotmail.com.<\/p>\n\n\n\n<p><strong>Prof.\u00aa Fernanda Marques de Almeida Holanda<\/strong><\/p>\n\n\n\n<p>Curr\u00edculo Lattes:&nbsp;<a href=\"http:\/\/lattes.cnpq.br\/7878109465968138\" target=\"_blank\" rel=\"noreferrer noopener\">http:\/\/lattes.cnpq.br\/7878109465968138<\/a>.<\/p>\n\n\n\n<p>E-mail:&nbsp;fernanda.mah@gmail.com; fernanda.marques@academico.ufpb.br.<\/p>\n\n\n\n<p><strong>Prof.\u00aa Isabelle Carlos Campos Rezende Cavalcante<\/strong><\/p>\n\n\n\n<p>Curr\u00edculo Lattes:&nbsp;<a href=\"http:\/\/lattes.cnpq.br\/3322747942295506\" target=\"_blank\" rel=\"noreferrer noopener\">http:\/\/lattes.cnpq.br\/3322747942295506<\/a>.<\/p>\n\n\n\n<p>E-mail:&nbsp;isabellemestrado@gmail.com.<\/p>\n\n\n\n<p><strong>Prof. Jo\u00e3o Marcelo Alves Macedo&nbsp;(Coordenador do Curso de Ci\u00eancias Cont\u00e1beis)<\/strong><\/p>\n\n\n\n<p>Curr\u00edculo Lattes:&nbsp;<a href=\"http:\/\/lattes.cnpq.br\/0370488498421792\" target=\"_blank\" rel=\"noreferrer noopener\">http:\/\/lattes.cnpq.br\/0370488498421792<\/a>.<\/p>\n\n\n\n<p>E-mail: joao.marcelo@academico.ufpb.br.<\/p>\n\n\n\n<p><strong>Prof. Jos\u00e9 Jassu\u00edpe da Silva Morais<\/strong><\/p>\n\n\n\n<p>Curr\u00edculo Lattes:&nbsp;<a href=\"http:\/\/lattes.cnpq.br\/2672484041042437\" target=\"_blank\" rel=\"noreferrer noopener\">http:\/\/lattes.cnpq.br\/2672484041042437<\/a>.<\/p>\n\n\n\n<p>E-mail:&nbsp;jassuipe@hotmail.com; jassuipemorais@gmail.com; jassuipe@ccae.ufpb.br.<\/p>\n\n\n\n<p><strong>Prof.\u00aa Josicarla Soares Santiago&nbsp;(Vice Coordenadora do Curso de Ci\u00eancias Cont\u00e1beis)<\/strong><\/p>\n\n\n\n<p>Curr\u00edculo Lattes:&nbsp;<a href=\"http:\/\/lattes.cnpq.br\/1437631384588692\" target=\"_blank\" rel=\"noreferrer noopener\">http:\/\/lattes.cnpq.br\/1437631384588692<\/a>.<\/p>\n\n\n\n<p>E-mail:&nbsp;josicarla.santiago@gmail.com.<\/p>\n\n\n\n<p><strong>Prof. Luiz Gustavo de Sena Brand\u00e3o Pessoa<\/strong><\/p>\n\n\n\n<p>Curr\u00edculo Lattes:&nbsp;<a href=\"http:\/\/lattes.cnpq.br\/3978745023294083\" target=\"_blank\" rel=\"noreferrer noopener\">http:\/\/lattes.cnpq.br\/3978745023294083<\/a>.<\/p>\n\n\n\n<p>E-mail:&nbsp;gustavobrandao@bol.com.br.<\/p>\n\n\n\n<p><strong>Prof.\u00aa Yara Magaly Albano Soares<\/strong><\/p>\n\n\n\n<p>Curr\u00edculo Lattes:&nbsp;<a href=\"http:\/\/lattes.cnpq.br\/5973597229251136\" target=\"_blank\" rel=\"noreferrer noopener\">http:\/\/lattes.cnpq.br\/5973597229251136<\/a>.<\/p>\n\n\n\n<p>E-mail:&nbsp;yaramagaly@yahoo.com.br; profayaramagaly@gmail.com; yara.magaly@academico.ufpb.br.<\/p>\n\n\n\n<p><strong>DIREITO<\/strong><\/p>\n\n\n\n<p><strong>Prof.&nbsp;Daniel C\u00e9sar Franklin Chacon<\/strong><\/p>\n\n\n\n<p>Curr\u00edculo Lattes:&nbsp;<a href=\"http:\/\/lattes.cnpq.br\/9001629844997295\" target=\"_blank\" rel=\"noreferrer noopener\">http:\/\/lattes.cnpq.br\/9001629844997295<\/a>.<\/p>\n\n\n\n<p>E-mail:&nbsp;danielchaconadv@hotmail.com;&nbsp;daniel.chacon@academico.ufpb.br.<\/p>\n\n\n\n<p><strong>Prof.\u00aa&nbsp;Eddla Karina Gomes Pereira<\/strong><\/p>\n\n\n\n<p>Curr\u00edculo Lattes:&nbsp;<a href=\"http:\/\/lattes.cnpq.br\/2523105497642655\" target=\"_blank\" rel=\"noreferrer noopener\">http:\/\/lattes.cnpq.br\/2523105497642655<\/a>.<\/p>\n\n\n\n<p>E-mail:&nbsp;eddlakgp@gmail.com.<\/p>\n\n\n\n<p><strong>Prof.\u00aa&nbsp;Laura Taddei Alves Pereira Pinto Berqu\u00f3<\/strong><\/p>\n\n\n\n<p>Curr\u00edculo Lattes:&nbsp;<a href=\"http:\/\/lattes.cnpq.br\/7911776314434164\" target=\"_blank\" rel=\"noreferrer noopener\">http:\/\/lattes.cnpq.br\/7911776314434164<\/a>.<\/p>\n\n\n\n<p>E-mail:&nbsp;laura.berquo79@gmail.com.<\/p>\n\n\n\n<p><strong>Prof.&nbsp;Luiz Marcelo Martins do Amaral Carneiro Cabral<\/strong><\/p>\n\n\n\n<p>Curr\u00edculo Lattes:&nbsp;<a href=\"http:\/\/lattes.cnpq.br\/5738049418794379\" target=\"_blank\" rel=\"noreferrer noopener\">http:\/\/lattes.cnpq.br\/5738049418794379<\/a>.<\/p>\n\n\n\n<p>E-mail:&nbsp;luizmarcelocb@hotmail.com<\/p>\n\n\n\n<p><strong>ECONOMIA<\/strong><\/p>\n\n\n\n<p><strong>Prof.\u00aa&nbsp;Ana C\u00e2ndida Ferreira Vieira<\/strong><\/p>\n\n\n\n<p>Curr\u00edculo Lattes:&nbsp;<a href=\"http:\/\/lattes.cnpq.br\/0934453500174029\" target=\"_blank\" rel=\"noreferrer noopener\">http:\/\/lattes.cnpq.br\/0934453500174029<\/a>.<\/p>\n\n\n\n<p>E-mail:&nbsp;ana.candida@academico.ufpb.br.<\/p>\n\n\n\n<p><strong>Prof.\u00aa&nbsp;Edilane do Amaral Heleno<\/strong><\/p>\n\n\n\n<p>Curr\u00edculo Lattes:&nbsp;<a href=\"http:\/\/lattes.cnpq.br\/1014087917164582\" target=\"_blank\" rel=\"noreferrer noopener\">http:\/\/lattes.cnpq.br\/1014087917164582<\/a>.<\/p>\n\n\n\n<p>E-mail:&nbsp;edilane.amaral@gmail.com;&nbsp;edilane@ccae.ufpb.br.<\/p>\n\n\n\n<p><strong>Prof.&nbsp;Manoel Heleno Gomes da Silva<\/strong><\/p>\n\n\n\n<p>Curr\u00edculo Lattes:&nbsp;<a href=\"http:\/\/lattes.cnpq.br\/7136194113608383\" target=\"_blank\" rel=\"noreferrer noopener\">http:\/\/lattes.cnpq.br\/7136194113608383<\/a>.<\/p>\n\n\n\n<p>E-mail:&nbsp;mhgsilva@yahoo.com.br; mhgsilva2013@gmail.com.<\/p>\n\n\n\n<p><strong>Prof.\u00aa&nbsp;Tabira de Souza Andrade<\/strong><\/p>\n\n\n\n<p>Curr\u00edculo Lattes:&nbsp;<a href=\"http:\/\/lattes.cnpq.br\/5897736478846996\" target=\"_blank\" rel=\"noreferrer noopener\">http:\/\/lattes.cnpq.br\/5897736478846996<\/a>.<\/p>\n\n\n\n<p>E-mail:&nbsp;tabirandrade@yahoo.com.br<\/p>\n\n\n\n<p><strong>SECRETARIADO<\/strong><\/p>\n\n\n\n<p><strong>Prof.\u00aa&nbsp;Cibelle da Silva Santiago<\/strong><\/p>\n\n\n\n<p>Curr\u00edculo Lattes:&nbsp;<a href=\"http:\/\/lattes.cnpq.br\/7309833227288459\" target=\"_blank\" rel=\"noreferrer noopener\">http:\/\/lattes.cnpq.br\/7309833227288459<\/a>.<\/p>\n\n\n\n<p>E-mail:&nbsp;santiago.cibelle@gmail.com;&nbsp;css@academico.ufpb.br.<\/p>\n\n\n\n<p><strong>Prof.\u00aa&nbsp;Francisca Janete da Silva Adelino<\/strong><\/p>\n\n\n\n<p>Curr\u00edculo Lattes:&nbsp;<a href=\"http:\/\/lattes.cnpq.br\/0701181486927905\" target=\"_blank\" rel=\"noreferrer noopener\">http:\/\/lattes.cnpq.br\/0701181486927905<\/a>.<\/p>\n\n\n\n<p>E-mail:&nbsp;janete_adelino@hotmail.com;&nbsp;francisca@ccae.ufpb.br.<\/p>\n\n\n\n<p><strong>Prof.\u00aa&nbsp;K\u00e1tia Regina Gon\u00e7alves de Deus<\/strong><\/p>\n\n\n\n<p>Curr\u00edculo Lattes:&nbsp;<a href=\"http:\/\/lattes.cnpq.br\/9404230928349935\" target=\"_blank\" rel=\"noreferrer noopener\">http:\/\/lattes.cnpq.br\/9404230928349935<\/a>.<\/p>\n\n\n\n<p>E-mail:&nbsp;katia.regina83@hotmail.com; katiargd83@gmail.com.<\/p>\n\n\n\n<p><strong>Prof.\u00aa&nbsp;Maika Bueque Zampier<\/strong><\/p>\n\n\n\n<p>Curr\u00edculo Lattes:&nbsp;<a href=\"http:\/\/lattes.cnpq.br\/0253904554788998\" target=\"_blank\" rel=\"noreferrer noopener\">http:\/\/lattes.cnpq.br\/0253904554788998<\/a>.<\/p>\n\n\n\n<p>E-mail: zampier.ufpb@gmail.com (dispon\u00edvel apenas para os&nbsp;<strong>estudantes<\/strong>)<\/p>\n\n\n\n<p>E-mail:&nbsp;zampier@ccae.ufpb.br (dispon\u00edvel apenas para os&nbsp;<strong>contatos externos<\/strong>, para os&nbsp;<strong>professores<\/strong>&nbsp;e para a&nbsp;<strong>Administra\u00e7\u00e3o Aut\u00e1rquica<\/strong>)&nbsp;<\/p>\n\n\n\n<p><strong>Prof.\u00aa&nbsp;Maria Luzitana Concei\u00e7\u00e3o dos Santos&nbsp;(Coordenadora do Curso de Secretariado Executivo)<\/strong><\/p>\n\n\n\n<p>Curr\u00edculo Lattes:&nbsp;<a href=\"http:\/\/lattes.cnpq.br\/6436182339587889\" target=\"_blank\" rel=\"noreferrer noopener\">http:\/\/lattes.cnpq.br\/6436182339587889<\/a>.<\/p>\n\n\n\n<p>E-mail:&nbsp;luzdosol.pe@gmail.com; luzsantos@ccae.ufpb.br.<\/p>\n\n\n\n<p><strong>Substitutos<\/strong><\/p>\n\n\n\n<p><strong>Prof.\u00aa&nbsp;Ariane&nbsp;Silva Moura<\/strong>&nbsp;(Ci\u00eancias Cont\u00e1beis)<\/p>\n\n\n\n<p>Curr\u00edculo:&nbsp;<a href=\"http:\/\/lattes.cnpq.br\/2047931384800700\" target=\"_blank\" rel=\"noreferrer noopener\">http:\/\/lattes.cnpq.br\/2047931384800700<\/a>.<\/p>\n\n\n\n<p>E-mail:&nbsp;arianemouracontadora@gmail.com.<\/p>\n\n\n\n<p><strong>Prof. George Rogers Andrade Silva<\/strong>&nbsp;(Ci\u00eancias Cont\u00e1beis)<\/p>\n\n\n\n<p>Curr\u00edculo Lattes:&nbsp;<a href=\"http:\/\/lattes.cnpq.br\/6812032043375349\" target=\"_blank\" rel=\"noreferrer noopener\">http:\/\/lattes.cnpq.br\/6812032043375349<\/a>.<\/p>\n\n\n\n<p>E-mail:&nbsp;george.rogers82@yahoo.com.br.<\/p>\n\n\n\n<p><strong>Prof.\u00aa Raquel Alves Santos<\/strong>&nbsp;(Secretariado)<\/p>\n\n\n\n<p>Curr\u00edculo Lattes:&nbsp;<a href=\"https:\/\/lattes.cnpq.br\/9917631760502530\" target=\"_blank\" rel=\"noreferrer noopener\">https:\/\/lattes.cnpq.br\/9917631760502530<\/a>.<\/p>\n\n\n\n<p>E-mail:&nbsp;raca.alves77@gmail.com.<\/p>\n\n\n\n<p><strong>Prof.\u00aa&nbsp;Raquel Ramalho Braz<\/strong>&nbsp;(Economia)<\/p>\n\n\n\n<p>Curr\u00edculo Lattes:&nbsp;<a href=\"http:\/\/lattes.cnpq.br\/5203954126702860\" target=\"_blank\" rel=\"noreferrer noopener\">http:\/\/lattes.cnpq.br\/5203954126702860<\/a><\/p>\n\n\n\n<p>E-mail:&nbsp;raquelbraz@hotmail.com.<\/p>\n\n\n\n<p><strong>Prof.\u00aa&nbsp;Sabrina Martins de Ara\u00fajo<\/strong>&nbsp;(Economia)<\/p>\n\n\n\n<p>Curr\u00edculo Lattes:&nbsp;<a href=\"http:\/\/lattes.cnpq.br\/7031648155636737\" target=\"_blank\" rel=\"noreferrer noopener\">http:\/\/lattes.cnpq.br\/7031648155636737<\/a><\/p>\n\n\n\n<p>E-mail:&nbsp;sabrinaeconomia@gmail.com.<\/p>\n\n\n\n<p><\/p>\n\n\n\n<h2 class=\"wp-block-heading\"><div class=\"linha-header\">Ambientes de Professores<\/div><\/h2>\n\n\n\n<p><a href=\"http:\/\/plone.ufpb.br\/dcsa\/contents\/documentos\/quadro-de-ambientes-dos-professores-do-dcsa-2024.pdf\">Quadro de ambientes dos professores do DCSA&nbsp;&#8211; 2024<\/a><\/p>\n\n\n\n<p>Sala<\/p>\n\n\n\n<p>04<\/p>\n\n\n\n<p>Docentes<\/p>\n\n\n\n<p>Maria Angeluce, M\u00e1rcia Travassos*, J\u00falio Pinho Neto, Leandro Wickboldt<\/p>\n\n\n\n<p>Sala<\/p>\n\n\n\n<p>09<\/p>\n\n\n\n<p>Docentes<\/p>\n\n\n\n<p>Thales Batista, N\u00edvea Marcela Mac\u00eado, Eliane Martins, Ana Maria Magalh\u00e3es*<\/p>\n\n\n\n<p>Sala<\/p>\n\n\n\n<p>10<\/p>\n\n\n\n<p>Docentes<\/p>\n\n\n\n<p>Jo\u00e3o Marcelo*, Fernanda Marques, Daniela C\u00edntia, Augusto Cezar<\/p>\n\n\n\n<p>Sala<\/p>\n\n\n\n<p>12<\/p>\n\n\n\n<p>Docentes<\/p>\n\n\n\n<p>Cibelle Santiago, Maika Zampier*<\/p>\n\n\n\n<p>Sala<\/p>\n\n\n\n<p>13<\/p>\n\n\n\n<p>Docentes<\/p>\n\n\n\n<p>Isabelle Carlos, Josicarla Soares, Luiz Gustavo*, Yara Magaly<\/p>\n\n\n\n<p>Sala<\/p>\n\n\n\n<p>14<\/p>\n\n\n\n<p>Docentes<\/p>\n\n\n\n<p>Laura Taddei, Eddla Karina*, Daniel Chacon, Luiz Marcelo<\/p>\n\n\n\n<p>Sala<\/p>\n\n\n\n<p>18<\/p>\n\n\n\n<p>Docentes<\/p>\n\n\n\n<p>Jos\u00e9 Jassu\u00edpe*, Dimmitre Morant, F\u00e1bio Lira<\/p>\n\n\n\n<p>Sala<\/p>\n\n\n\n<p>19<\/p>\n\n\n\n<p>Docentes<\/p>\n\n\n\n<p>Saulo Vieira*, Rosiele Fernandes<\/p>\n\n\n\n<p>Sala<\/p>\n\n\n\n<p>22<\/p>\n\n\n\n<p>Docentes<\/p>\n\n\n\n<p>Maria Luzitana*, Francisca Janete, K\u00e1tia Regina<\/p>\n\n\n\n<p><strong>* Docentes respons\u00e1veis por acompanhar o Invent\u00e1rio 2024 de cada ambiente de professor.<\/strong><\/p>\n\n\n\n<p><\/p>\n\n\n\n<h2 class=\"wp-block-heading\"><div class=\"linha-header\">Programas de Disciplina (&#8220;Ementas&#8221;)<\/div><\/h2>\n\n\n\n<p>Ol\u00e1, aluno! Nesta p\u00e1gina voc\u00ea poder\u00e1 encontrar os&nbsp;<strong>programas de disciplinas<\/strong>, tamb\u00e9m conhecidos como &#8220;<em><strong>ementas<\/strong><\/em>&#8220;, do seu curso. Elas ser\u00e3o utilizadas para solicitar aproveitamento\/dispensa de &#8220;cadeiras&#8221; na pr\u00f3pria UFPB ou em outras Institui\u00e7\u00f5es de Ensino Superior.<\/p>\n\n\n\n<p>O passo a passo para obt\u00ea-las \u00e9 bem simples! Veja s\u00f3 (clique aqui para acessar o tutorial em v\u00eddeo):<\/p>\n\n\n\n<p>1\u00ba) Obtenha seu&nbsp;<strong>hist\u00f3rico<\/strong>&nbsp;atualizado, acessando o SIGAA (clique para acessar o tutorial em v\u00eddeo) ou solicitando junto a sua secretaria de curso;<\/p>\n\n\n\n<p>2\u00ba) Abra o arquivo em PDF de seu hist\u00f3rico e verifique de quais disciplinas voc\u00ea precisa. Confira o&nbsp;<strong>nome<\/strong>&nbsp;da disciplina, seu&nbsp;<strong>c\u00f3digo<\/strong>&nbsp;e seu respectivo&nbsp;<strong>semestre letivo<\/strong>;<\/p>\n\n\n\n<p>3\u00ba) Navegue por meio da tabela abaixo e fa\u00e7a o&nbsp;<em>download<\/em>&nbsp;do arquivo.<\/p>\n\n\n\n<p><strong>Observa\u00e7\u00f5es Importantes<\/strong>:<\/p>\n\n\n\n<p>Caso tenha qualquer problema para achar os arquivos, procure-nos por meio do nosso e-mail institucional (dcsa@ccae.ufpb.br).<\/p>\n\n\n\n<p>Para verificar a&nbsp;<strong>autenticidade<\/strong>&nbsp;de nossos programas, basta seguir o passo a passo descrito ao final de cada documento. Dessa forma,&nbsp;<strong>n\u00e3o \u00e9 necess\u00e1rio a presen\u00e7a de carimbos ou assinaturas manuais<\/strong>, uma vez que os documentos foram&nbsp;<strong>autenticados por meio de nossos Sistemas Integrados<\/strong>.<\/p>\n\n\n\n<p>Os programas das disciplinas do&nbsp;<strong>semestre em vigor<\/strong>&nbsp;s\u00f3 poder\u00e3o ser obtidos&nbsp;<strong>diretamente junto \u00e0 secretaria<\/strong>, uma vez que, para estes, o sistema ainda n\u00e3o disponibiliza c\u00f3digo de verifica\u00e7\u00e3o de autenticidade.<\/p>\n\n\n\n<figure class=\"wp-block-table\"><table class=\"has-fixed-layout\"><tbody><tr><td colspan=\"6\"><strong>Bacharelado em Administra\u00e7\u00e3o<\/strong><\/td><\/tr><tr><td><strong><\/strong><\/td><td><\/td><td><\/td><td><\/td><td><\/td><td>2022.1<\/td><\/tr><tr><td>2021.2<\/td><td><a href=\"http:\/\/plone.ufpb.br\/dcsa\/contents\/paginas\/programas-de-disciplina-ementas-administracao-2021.1\">2021.1<\/a><\/td><td><a href=\"http:\/\/plone.ufpb.br\/dcsa\/contents\/paginas\/programas-de-disciplina-ementas-administracao-2020.2\">2020.2<\/a><\/td><td><a href=\"http:\/\/plone.ufpb.br\/dcsa\/contents\/paginas\/programas-de-disciplina-ementas-administracao-2020.1\">2020.1<\/a><\/td><td><a href=\"http:\/\/plone.ufpb.br\/dcsa\/contents\/paginas\/programas-de-disciplina-ementas-administracao-2019.2\">2019.2<\/a><\/td><td><a href=\"http:\/\/plone.ufpb.br\/dcsa\/contents\/paginas\/programas-de-disciplina-ementas-administracao-2019.1\">2019.1<\/a><\/td><\/tr><\/tbody><\/table><\/figure>\n\n\n\n<figure class=\"wp-block-table\"><table class=\"has-fixed-layout\"><tbody><tr><td colspan=\"6\"><strong>Bacharelado em Ci\u00eancias Cont\u00e1beis<\/strong><strong><\/strong><\/td><\/tr><tr><td><strong><\/strong><\/td><td><\/td><td><\/td><td><\/td><td><\/td><td>2021.2<\/td><\/tr><tr><td><a href=\"http:\/\/plone.ufpb.br\/dcsa\/contents\/paginas\/programas-de-disciplina-ementas-ciencias-contabeis-2021.1\">2021.1<\/a><\/td><td><a href=\"http:\/\/plone.ufpb.br\/dcsa\/contents\/paginas\/a\">2020.2<\/a><\/td><td><a href=\"http:\/\/plone.ufpb.br\/dcsa\/contents\/paginas\/programas-de-disciplina-ementas-ciencias-contabeis-2020.1\">2020.1<\/a><\/td><td><a href=\"http:\/\/plone.ufpb.br\/dcsa\/contents\/paginas\/programas-de-disciplina-ementas-ciencias-contabeis-2019.4\">2019.2<\/a><\/td><td><a href=\"http:\/\/plone.ufpb.br\/dcsa\/contents\/paginas\/programas-de-disciplina-ementas-ciencias-contabeis-2019.1\">2019.1<\/a><\/td><td><a href=\"http:\/\/plone.ufpb.br\/dcsa\/contents\/paginas\/programas-de-disciplina-ementas-ciencias-contabeis-2018.2\">2018.2<\/a><\/td><\/tr><tr><td><a href=\"http:\/\/plone.ufpb.br\/dcsa\/contents\/paginas\/programas-de-disciplina-ementas-ciencias-contabeis-2018.1\">2018.1<\/a><\/td><td><a href=\"http:\/\/plone.ufpb.br\/dcsa\/contents\/paginas\/programas-de-disciplina-ementas-ciencias-contabeis-2017.2\">2017.2<\/a><\/td><td><a href=\"http:\/\/plone.ufpb.br\/dcsa\/contents\/paginas\/programas-de-disciplina-ementas-ciencias-contabeis-2017.1\">2017.1<\/a><\/td><td><a href=\"http:\/\/plone.ufpb.br\/dcsa\/contents\/paginas\/programas-de-disciplina-ementas-ciencias-contabeis-2016.2\">2016.2<\/a><\/td><td>2016.1<\/td><td><a href=\"http:\/\/plone.ufpb.br\/dcsa\/contents\/paginas\/programas-de-disciplina-ementas-ciencias-contabeis-2015.2\">2015.2<\/a><\/td><\/tr><tr><td>2015.1<\/td><td>2014.2<\/td><td>2014.1<\/td><td>2013.2<\/td><td>2013.1<\/td><td>2012.2<\/td><\/tr><tr><td>2012.1<\/td><td>2011.2<\/td><td>2011.1<\/td><td>2010.2<\/td><td>2010.1<\/td><td>2009.2<\/td><\/tr><tr><td>2009.1<\/td><td>2008.2<\/td><td>2008.1<\/td><td>2007.2<\/td><td>2007.1<\/td><td>2006.2<\/td><\/tr><\/tbody><\/table><\/figure>\n\n\n\n<figure class=\"wp-block-table\"><table class=\"has-fixed-layout\"><tbody><tr><td colspan=\"6\"><strong>Bacharelado em Secretariado Executivo Bil\u00edngue<\/strong><\/td><\/tr><tr><td><strong><\/strong><\/td><td><\/td><td><\/td><td><\/td><td><\/td><td>2021.2<\/td><\/tr><tr><td><a href=\"http:\/\/plone.ufpb.br\/dcsa\/contents\/paginas\/programas-de-disciplina-ementas-secretariado-executivo-bilingue-2021.1\">2021.1<\/a><\/td><td><a href=\"http:\/\/plone.ufpb.br\/dcsa\/contents\/paginas\/programas-de-disciplina-ementas-secretariado-executivo-2020.2\">2020.2<\/a><\/td><td><a href=\"http:\/\/plone.ufpb.br\/dcsa\/contents\/paginas\/programas-de-disciplina-ementas-secretariado-executivo-2020.1\">2020.1<\/a><\/td><td>2019.4<\/td><td>2019.2<\/td><td>2019.1<\/td><\/tr><\/tbody><\/table><\/figure>\n\n\n\n<figure class=\"wp-block-table\"><table class=\"has-fixed-layout\"><tbody><tr><td colspan=\"6\"><strong>Bacharelado em Design<\/strong><\/td><\/tr><tr><td>2021.2<\/td><td><a href=\"http:\/\/plone.ufpb.br\/dcsa\/contents\/paginas\/programas-de-disciplina-ementas-design-2021.1\">2021.1<\/a><\/td><td><a href=\"http:\/\/plone.ufpb.br\/dcsa\/contents\/paginas\/programas-de-disciplina-ementas-design-2020.2\">2020.2<\/a><\/td><td><a href=\"http:\/\/plone.ufpb.br\/dcsa\/contents\/paginas\/programas-de-disciplina-ementas-design-2020.1\">2020.1<\/a><\/td><td><a href=\"http:\/\/plone.ufpb.br\/dcsa\/contents\/paginas\/programas-de-disciplina-ementas-design-2019.2\">2019.2<\/a><\/td><td><a href=\"http:\/\/plone.ufpb.br\/dcsa\/contents\/paginas\/programas-de-disciplina-ementas-design-2019.1\">2019.1<\/a><\/td><\/tr><tr><td><a href=\"http:\/\/plone.ufpb.br\/dcsa\/contents\/paginas\/programas-de-disciplina-ementas-design-2018.2\">2018.2<\/a><\/td><td><a href=\"http:\/\/plone.ufpb.br\/dcsa\/contents\/paginas\/programas-de-disciplina-ementas-design-2018.1\">2018.1<\/a><\/td><td><a href=\"http:\/\/plone.ufpb.br\/dcsa\/contents\/paginas\/programas-de-disciplina-ementas-design-2017.2\">2017.2<\/a><\/td><td><a href=\"http:\/\/plone.ufpb.br\/dcsa\/contents\/paginas\/programas-de-disciplina-ementas-design-2017.1\">2017.1<\/a><\/td><td><a href=\"http:\/\/plone.ufpb.br\/dcsa\/contents\/paginas\/programas-de-disciplina-ementas-design-2016.2\">2016.2<\/a><\/td><td><a href=\"http:\/\/plone.ufpb.br\/dcsa\/contents\/paginas\/programas-de-disciplina-ementas-design-2014.1\">2014.1<\/a><\/td><\/tr><\/tbody><\/table><\/figure>\n\n\n\n<figure class=\"wp-block-table\"><table class=\"has-fixed-layout\"><tbody><tr><td colspan=\"6\"><strong>Bacharelado em Sistemas de Informa\u00e7\u00e3o<\/strong><\/td><\/tr><tr><td>2021.1<\/td><td>2020.2<\/td><td>2020.1<\/td><td>2019.4<\/td><td>2019.2<\/td><td>2019.1<\/td><\/tr><\/tbody><\/table><\/figure>\n\n\n\n<figure class=\"wp-block-table\"><table class=\"has-fixed-layout\"><tbody><tr><td><strong>Licenciatura em Matem\u00e1tica<\/strong><\/td><td>Todos os Semestres (<a href=\"http:\/\/plone.ufpb.br\/dcsa\/contents\/paginas\/programas-de-disciplina-ementas-matematica-2021.1\">Clique Aqui!<\/a>)<\/td><\/tr><\/tbody><\/table><\/figure>\n","protected":false},"excerpt":{"rendered":"<p>Curso de Administra\u00e7\u00e3o O&nbsp;curso tem seu foco no desenvolvimento local e sustentado, buscando formar&nbsp;administradores que [&hellip;]<\/p>\n","protected":false},"author":47,"featured_media":0,"parent":83,"menu_order":0,"comment_status":"closed","ping_status":"closed","template":"","meta":{"footnotes":""},"class_list":["post-42","page","type-page","status-publish","hentry"],"_links":{"self":[{"href":"https:\/\/www.ccae.ufpb.br\/dcsa2\/wp-json\/wp\/v2\/pages\/42","targetHints":{"allow":["GET"]}}],"collection":[{"href":"https:\/\/www.ccae.ufpb.br\/dcsa2\/wp-json\/wp\/v2\/pages"}],"about":[{"href":"https:\/\/www.ccae.ufpb.br\/dcsa2\/wp-json\/wp\/v2\/types\/page"}],"author":[{"embeddable":true,"href":"https:\/\/www.ccae.ufpb.br\/dcsa2\/wp-json\/wp\/v2\/users\/47"}],"replies":[{"embeddable":true,"href":"https:\/\/www.ccae.ufpb.br\/dcsa2\/wp-json\/wp\/v2\/comments?post=42"}],"version-history":[{"count":5,"href":"https:\/\/www.ccae.ufpb.br\/dcsa2\/wp-json\/wp\/v2\/pages\/42\/revisions"}],"predecessor-version":[{"id":160,"href":"https:\/\/www.ccae.ufpb.br\/dcsa2\/wp-json\/wp\/v2\/pages\/42\/revisions\/160"}],"up":[{"embeddable":true,"href":"https:\/\/www.ccae.ufpb.br\/dcsa2\/wp-json\/wp\/v2\/pages\/83"}],"wp:attachment":[{"href":"https:\/\/www.ccae.ufpb.br\/dcsa2\/wp-json\/wp\/v2\/media?parent=42"}],"curies":[{"name":"wp","href":"https:\/\/api.w.org\/{rel}","templated":true}]}}