{"id":85,"date":"2024-10-30T09:04:19","date_gmt":"2024-10-30T12:04:19","guid":{"rendered":"https:\/\/www.ccae.ufpb.br\/dcsa2\/?page_id=85"},"modified":"2025-05-26T11:04:25","modified_gmt":"2025-05-26T14:04:25","slug":"gestao","status":"publish","type":"page","link":"https:\/\/www.ccae.ufpb.br\/dcsa2\/gestao\/","title":{"rendered":"Gest\u00e3o"},"content":{"rendered":"\n<p><\/p>\n\n\n\n<h1 class=\"wp-block-heading\">Regimento DCSA<\/h1>\n\n\n\n<p><strong>&#8211; Regimento Interno do Departamento de Ci\u00eancias Sociais Aplicadas (DCSA\/CCAE) &#8211;&nbsp;<a href=\"https:\/\/www.ufpb.br\/dcsa\/contents\/documentos\/regimento-interno-do-dcsa.pdf\">clique aqui<\/a>;<\/strong><\/p>\n\n\n\n<p><\/p>\n\n\n\n<p><\/p>\n\n\n\n<h1 class=\"wp-block-heading\">Equipe Gestora<\/h1>\n\n\n\n<p><strong>Chefa do Departamento<\/strong><\/p>\n\n\n\n<p><strong>Prof.\u00aa Dr.\u00aa Cibelle da Silva Santiago (Secretariado)<\/strong><\/p>\n\n\n\n<p>Curr\u00edculo Lattes:&nbsp;<a href=\"http:\/\/lattes.cnpq.br\/7309833227288459\" target=\"_blank\" rel=\"noreferrer noopener\">http:\/\/lattes.cnpq.br\/7309833227288459<\/a>.<\/p>\n\n\n\n<p>E-mail:&nbsp;santiago.cibelle@gmail.com;&nbsp;css@academico.ufpb.br.<\/p>\n\n\n\n<p><strong>Vice-Chefe de Departamento<\/strong><\/p>\n\n\n\n<p><strong>Prof. Dr. Luiz Gustavo de Sena Brand\u00e3o Pessoa (Cont\u00e1beis)<\/strong><\/p>\n\n\n\n<p>Curr\u00edculo Lattes:&nbsp;<a href=\"http:\/\/lattes.cnpq.br\/3978745023294083\" target=\"_blank\" rel=\"noreferrer noopener\">http:\/\/lattes.cnpq.br\/3978745023294083<\/a>.<\/p>\n\n\n\n<p>E-mail: gustavobrandao@bol.com.br.<\/p>\n\n\n\n<p><strong>Secretaria de Departamento<\/strong><\/p>\n\n\n\n<p>Secretaria Integrada de Atendimento aos Departamentos (SIAD MME)<\/p>\n\n\n\n<p>E-mail:&nbsp;siadmme@ccae.ufpb.br<\/p>\n\n\n\n<p><strong>E-mails do DCSA<\/strong><\/p>\n\n\n\n<p>dcsa@ccae.ufpb.br<\/p>\n\n\n\n<p>dcsa.ccae.ufpb@gmail.com<\/p>\n\n\n\n<p>concursodcsa@ccae.ufpb.br (apenas para concursos)<\/p>\n\n\n\n<p>instagram: @dcsaccae<\/p>\n\n\n\n<p><\/p>\n\n\n\n<p><\/p>\n\n\n\n<p><strong>Chefias Anteriores<\/strong><\/p>\n\n\n\n<figure class=\"wp-block-table\"><table class=\"has-fixed-layout\"><tbody><tr><td><strong>PER\u00cdODO<\/strong><\/td><td><strong>CHEFIA<\/strong><\/td><td><strong>VICE-CHEFIA<\/strong><\/td><\/tr><tr><td>03\/10\/2022 A 02\/10\/2024<\/td><td>CIBELLE DA SILVA SANTIAGO<\/td><td>LUIZ GUSTAVO DE SENA BRAND\u00c3O PESSOA<\/td><\/tr><tr><td>09\/08\/2021 A 23\/09\/2022<\/td><td>JOS\u00c9 JASSUIPE DA SILVA MORAIS<\/td><td>EDILANE DO AMARAL HELENO<\/td><\/tr><tr><td>09\/08\/2019 A 08\/08\/2021<\/td><td>JOS\u00c9 JASSUIPE DA SILVA MORAIS<\/td><td>MANOEL HELENO GOMES DA SILVA<\/td><\/tr><tr><td>09\/08\/2017 A 08\/08\/2019<\/td><td>ISABELLE CARLOS CAMPOS REZENDE CAVALCANTE<\/td><td>MANOEL HELENO GOMES DA SILVA<\/td><\/tr><tr><td>17\/03\/2017 A 08\/08\/2017<\/td><td>ISABELLE CARLOS CAMPOS REZENDE CAVALCANTE<\/td><td>LUIZ GUSTAVO DE SENA BRAND\u00c3O PESSOA<\/td><\/tr><tr><td>17\/11\/2015 A 16\/03\/2017<\/td><td>ISABELLE CARLOS CAMPOS REZENDE CAVALCANTE<\/td><td>LUIZ GUSTAVO DE SENA BRAND\u00c3O PESSOA<\/td><\/tr><tr><td>02\/07\/2015 A 16\/11\/2015<\/td><td>ISABELLE CARLOS CAMPOS REZENDE CAVALCANTE<\/td><td>SAULO EMMANUEL VIEIRA MACIEL<\/td><\/tr><tr><td>02\/07\/2015 A 16\/03\/2017<\/td><td>ISABELLE CARLOS CAMPOS REZENDE CAVALCANTE<\/td><td>LUIZ GUSTAVO DE SENA BRAND\u00c3O PESSOA<\/td><\/tr><tr><td>15\/03\/2015 A 30\/06\/2015<\/td><td>ISABELLE CARLOS CAMPOS REZENDE CAVALCANTE<\/td><td>&nbsp;&#8211;<\/td><\/tr><tr><td>13\/05\/2014 A 14\/03\/2015<\/td><td>MARIA ANGELUCE SOARES PERONICO BARBOTIN<\/td><td>ISABELLE CARLOS CAMPOS REZENDE CAVALCANTE<\/td><\/tr><tr><td>04\/12\/2012 A 12\/05\/2014<\/td><td>SAULO EMMANUEL VIEIRA MACIEL<\/td><td>LUIZ GUSTAVO DE SENA BRAND\u00c3O PESSOA<\/td><\/tr><\/tbody><\/table><\/figure>\n\n\n\n<p><\/p>\n\n\n\n<p><\/p>\n\n\n\n<h1 class=\"wp-block-heading\">Comiss\u00f5es Administrativas<\/h1>\n\n\n\n<h2 class=\"wp-block-heading\"><div class=\"linha-header\">COMISS\u00d5ES INTERNAS DO DCSA<\/div><\/h2>\n\n\n\n<p>As&nbsp;Comiss\u00f5es Internas dos Departamentos&nbsp;s\u00e3o criadas para resolver demandas espec\u00edficas do setor. A sua maioria \u00e9 composta por comiss\u00f5es permanentes, mas eventualmente podem ser criadas comiss\u00f5es especiais para atenderem a demandas extraordin\u00e1rias. De uma forma geral, voc\u00ea precisar\u00e1 se atentar \u00e0 data de expira\u00e7\u00e3o das comiss\u00f5es&nbsp;permanentes. Sempre que estiverem pr\u00f3ximas de expirar, avise ao chefe de departamento, para que seja emitida uma nova portaria com novos membros, ou com a renova\u00e7\u00e3o da equipe anterior.<\/p>\n\n\n\n<p><strong>Comiss\u00e3o de Distribui\u00e7\u00e3o de Encargos Docentes<\/strong><\/p>\n\n\n\n<p>Respons\u00e1vel por avaliar os Planos e Relat\u00f3rios de Atividades Individuais, al\u00e9m de elaborar o Plano e o Relat\u00f3rio Departamental a serem apreciados e votados pelo Colegiado Departamental.<\/p>\n\n\n\n<p><strong>Titulares<\/strong>:&nbsp;Cibelle (Presidente), Luiz Gustavo, Eddla, Edilane, Yara e Tabira.<\/p>\n\n\n\n<p><strong>Suplentes<\/strong>: M\u00e1rcia e Maika.<\/p>\n\n\n\n<p><strong>Portaria\/Of\u00edcio<\/strong>:&nbsp;23074.051648\/2023-37 (<a href=\"https:\/\/www.ufpb.br\/dcsa\/contents\/documentos\/portaria_5_2023_ccae_-_dcsa-encargosdoc4505061948192034620.pdf\">clique aqui!<\/a>).<\/p>\n\n\n\n<p><strong>Data de Expira\u00e7\u00e3o<\/strong>:&nbsp;23\/05\/2025.<\/p>\n\n\n\n<p><strong>Comiss\u00e3o de Progress\u00e3o Funcional<\/strong><\/p>\n\n\n\n<p>Respons\u00e1vel por emitir os&nbsp;<strong>pareceres<\/strong>&nbsp;dos processos de<strong>progress\u00e3o funcional<\/strong>&nbsp;dos docentes<\/p>\n\n\n\n<p><strong>Titulares<\/strong>: Luiz Gustavo (Presidente), Francisca Janete, M\u00e1rcia e Rosiele.<\/p>\n\n\n\n<p><strong>Suplentes<\/strong>: Eliane.<\/p>\n\n\n\n<p><strong>Portaria\/Of\u00edcio<\/strong>:&nbsp;23074.051650\/2023-80&nbsp;(<a href=\"https:\/\/www.ufpb.br\/dcsa\/contents\/documentos\/portaria_6_2023_ccae-prog-funcional_-_dcsa2884043845762022110.pdf\">clique aqui!<\/a>).<\/p>\n\n\n\n<p><strong>Data de Expira\u00e7\u00e3o<\/strong>: 23\/05\/2025.<\/p>\n\n\n\n<p><strong>Comiss\u00e3o de Capacita\u00e7\u00e3o Docente<\/strong><\/p>\n\n\n\n<p>Respons\u00e1vel por&nbsp;<strong>acompanhar<\/strong>&nbsp;os&nbsp;<strong>professores<\/strong>&nbsp;que est\u00e3o&nbsp;<strong>afastados<\/strong>&nbsp;para&nbsp;<strong>capacita\u00e7\u00e3o<\/strong>&nbsp;(Mestrado ou Doutorado)<\/p>\n\n\n\n<p><strong>Titulares<\/strong>: Thales, Josicarla e Tabira.<\/p>\n\n\n\n<p><strong>Suplentes<\/strong>: n\u00e3o h\u00e1.<\/p>\n\n\n\n<p><strong>Portaria\/Of\u00edcio<\/strong>: 23074.034404\/2024-22&nbsp;(<a href=\"https:\/\/www.ufpb.br\/dcsa\/contents\/documentos\/portaria_3_2024_ccae_-_dcsa8179613041734563404.pdf\">clique aqui!<\/a>).<\/p>\n\n\n\n<p><strong>Data de Expira\u00e7\u00e3o<\/strong>: 21\/12\/2025.<\/p>\n\n\n\n<p><strong>Comiss\u00e3o de Avalia\u00e7\u00e3o de Est\u00e1gio Probat\u00f3rio<\/strong><\/p>\n\n\n\n<p>Respons\u00e1vel por emitir os&nbsp;<strong>pareceres<\/strong>&nbsp;dos processos de<strong>est\u00e1gio probat\u00f3rio<\/strong>&nbsp;dos docentes<\/p>\n\n\n\n<p><strong>Titulares<\/strong>: N\u00edvea (Presidente), Eddla e&nbsp;Jassuipe.<\/p>\n\n\n\n<p><strong>Suplente<\/strong>: Luiz Marcelo.<\/p>\n\n\n\n<p><strong>Portaria\/Of\u00edcio<\/strong>:&nbsp;23074.098766\/2024-03&nbsp;(<a href=\"https:\/\/www.ufpb.br\/dcsa\/contents\/documentos\/portaria-comissao-de-avaliacao-estagio-probatorio.pdf\">clique aqui!<\/a>).<\/p>\n\n\n\n<p><strong>Data de Expira\u00e7\u00e3o<\/strong>: 03\/11\/2026.<\/p>\n\n\n\n<p><strong>Comiss\u00e3o de Elabora\u00e7\u00e3o e Atualiza\u00e7\u00e3o do PDS (Plano de Desenvolvimento Setorial)<\/strong><\/p>\n\n\n\n<p>Respons\u00e1vel por&nbsp;<strong>elaborar e atualizar o Plano de Desenvolvimento Setorial (PDS)<\/strong>&nbsp;do DCSA.<\/p>\n\n\n\n<p><strong>Titulares<\/strong>: Cibelle (Presidente), Luiz Gustavo, Angeluce e Edilane.<\/p>\n\n\n\n<p><strong>Suplentes<\/strong>: Maria Luzitana, Josicarla, Tabira e M\u00e1rcia.<\/p>\n\n\n\n<p><strong>Portaria\/Of\u00edcio<\/strong>:&nbsp;23074.082668\/2023-92&nbsp;(<a href=\"https:\/\/www.ufpb.br\/dcsa\/contents\/documentos\/portaria_11_2023_ccae_-_dcsa2459095740417428467.pdf\">clique aqui!<\/a>).<\/p>\n\n\n\n<p><strong>Data de Expira\u00e7\u00e3o<\/strong>: 22\/08\/2025.<\/p>\n\n\n\n<p><strong>Representa\u00e7\u00e3o Discente no Colegiado do DCSA<\/strong><\/p>\n\n\n\n<p>Disp\u00f5e sobre a Designa\u00e7\u00e3o de Discentes como Representantes de Centro para Comporem o Colegiado de Departamento do DCSA.<\/p>\n\n\n\n<p>ADMINISTRA\u00c7\u00c3O<\/p>\n\n\n\n<p><strong>Titular<\/strong>:&nbsp;Cleilson Antonio Luciano de Morais.<\/p>\n\n\n\n<p><strong>Suplente<\/strong>:&nbsp;Mariana Lelis Griebeler dos Santos.<\/p>\n\n\n\n<p><strong>Portaria\/Of\u00edcio<\/strong>:&nbsp;23074.010639\/2025-19&nbsp;(<a href=\"https:\/\/www.ufpb.br\/dcsa\/contents\/documentos\/portaria-representacao-discente-administracao.pdf\">clique aqui!<\/a>).<\/p>\n\n\n\n<p><strong>Data de Expira\u00e7\u00e3o<\/strong>: 08\/02\/2025.<\/p>\n\n\n\n<p>CI\u00caNCIAS CONT\u00c1BEIS<\/p>\n\n\n\n<p><strong>Titular<\/strong>:&nbsp;Maria Nayane Ferreira da Cruz.<\/p>\n\n\n\n<p><strong>Suplente<\/strong>:&nbsp;Ana Maria da Costa Sousa Ara\u00fajo.<\/p>\n\n\n\n<p><strong>Portaria\/Of\u00edcio<\/strong>:&nbsp;&nbsp;23074.112209\/2024-16&nbsp;(<a href=\"https:\/\/www.ufpb.br\/dcsa\/contents\/documentos\/portaria_12_2024_ccae_-_dcsa2575743722784532642.pdf\">clique aqui!<\/a>).<\/p>\n\n\n\n<p><strong>Data de Expira\u00e7\u00e3o<\/strong>: 04\/12\/2025.<\/p>\n\n\n\n<p>SECRETARIADO<\/p>\n\n\n\n<p><strong>Titular<\/strong>:&nbsp;Ana Caroline de Santana Moreno.<\/p>\n\n\n\n<p><strong>Suplente<\/strong>: Jean Lucas Silveira da Silva.<\/p>\n\n\n\n<p><strong>Portaria\/Of\u00edcio<\/strong>:&nbsp;23074.004508\/2025-74&nbsp;(<a href=\"https:\/\/www.ufpb.br\/dcsa\/contents\/documentos\/portaria_1_2025_ccae_-_dcsa2159344014562847308.pdf\">clique aqui!<\/a>).<\/p>\n\n\n\n<p><strong>Data de Expira\u00e7\u00e3o<\/strong>: 24\/01\/2026.<\/p>\n\n\n\n<p><\/p>\n\n\n\n<p><\/p>\n\n\n\n<h1 class=\"wp-block-heading\">Transpar\u00eancia DCSA<\/h1>\n\n\n\n<h1 class=\"wp-block-heading\">Agenda do DCSA<\/h1>\n\n\n\n<p><a href=\"https:\/\/calendar.google.com\/calendar\/embed?height=600&amp;wkst=1&amp;bgcolor=%23ffffff&amp;ctz=America%2FFortaleza&amp;src=ZGNzYS5jY2FlLnVmcGJAZ21haWwuY29t&amp;src=YWRkcmVzc2Jvb2sjY29udGFjdHNAZ3JvdXAudi5jYWxlbmRhci5nb29nbGUuY29t&amp;src=cHQtYnIuYnJhemlsaWFuI2hvbGlkYXlAZ3JvdXAudi5jYWxlbmRhci5nb29nbGUuY29t&amp;src=Y2xhc3Nyb29tMTAxMDY4Mjc4NDI3NTI2NTAwMDc4QGdyb3VwLmNhbGVuZGFyLmdvb2dsZS5jb20&amp;color=%23F6BF26&amp;color=%2333B679&amp;color=%230B8043&amp;color=%23202124\">https:\/\/calendar.google.com\/calendar\/embed?height=600&amp;wkst=1&amp;bgcolor=%23ffffff&amp;ctz=America%2FFortaleza&amp;src=ZGNzYS5jY2FlLnVmcGJAZ21haWwuY29t&amp;src=YWRkcmVzc2Jvb2sjY29udGFjdHNAZ3JvdXAudi5jYWxlbmRhci5nb29nbGUuY29t&amp;src=cHQtYnIuYnJhemlsaWFuI2hvbGlkYXlAZ3JvdXAudi5jYWxlbmRhci5nb29nbGUuY29t&amp;src=Y2xhc3Nyb29tMTAxMDY4Mjc4NDI3NTI2NTAwMDc4QGdyb3VwLmNhbGVuZGFyLmdvb2dsZS5jb20&amp;color=%23F6BF26&amp;color=%2333B679&amp;color=%230B8043&amp;color=%23202124<\/a><\/p>\n\n\n\n<p><\/p>\n\n\n\n<h1 class=\"wp-block-heading\">OR\u00c7AMENTO<\/h1>\n\n\n\n<h2 class=\"wp-block-heading\"><div class=\"linha-header\"><strong>Para acessar a planilha Or\u00e7ament\u00e1ria do DCSA em tempo real&nbsp;<\/strong><\/div><\/h2>\n\n\n\n<h2 class=\"wp-block-heading\"><div class=\"linha-header\"><strong><a href=\"https:\/\/docs.google.com\/spreadsheets\/d\/17OR7VCsYVLY-7CFtZc2LP247wRMS5zLc\/edit?usp=sharing&amp;ouid=110136421156087577618&amp;rtpof=true&amp;sd=true\" target=\"_blank\" rel=\"noreferrer noopener\">clique aqui!<\/a><\/strong><\/div><\/h2>\n\n\n\n<p><strong>A Planilha Or\u00e7ament\u00e1ria do DCSA &#8211; CCAE foi elaborada pela Empresa J\u00fanior do Curso de Administra\u00e7\u00e3o, Renovale, em Outubro de 2023, sob a supervis\u00e3o do prof. Leandro Wickboldt<\/strong><\/p>\n\n\n\n<p><strong><a href=\"https:\/\/www.ufpb.br\/dcsa\/contents\/documentos\/0.PLANILHARESUMOoramentoDCSA2024.pdf\" target=\"_blank\" rel=\"noreferrer noopener\">Planilha Or\u00e7ament\u00e1ria 2024<\/a>&nbsp;em pdf<\/strong><\/p>\n\n\n\n<p><strong><a href=\"https:\/\/www.ufpb.br\/dcsa\/contents\/documentos\/2023PLANILHAORAMENTRIADCSA_final.pdf\">Planilha Or\u00e7ament\u00e1ria 2023<\/a>&nbsp;em pdf<\/strong><\/p>\n\n\n\n<p><\/p>\n\n\n\n<h1 class=\"wp-block-heading\">Invent\u00e1rio de Bens<\/h1>\n\n\n\n<p><strong>Invent\u00e1rio de Bens do DCSA de 2024 &#8211; 1\u00ba Semestre (<a href=\"https:\/\/www.ufpb.br\/dcsa\/contents\/documentos\/inventrio_de_bens_do_dcsa_2023.pdf\">clique aqui!<\/a>)<\/strong><\/p>\n\n\n\n<p><strong>Invent\u00e1rio de Bens do DCSA de 2024 &#8211; 2\u00ba Semestre (<a href=\"https:\/\/www.ufpb.br\/dcsa\/contents\/documentos\/inventario_de_bens_de_2024_do_dcsa_semestre_2.pdf\">clique aqui!<\/a>)<\/strong><\/p>\n\n\n\n<p><\/p>\n\n\n\n<h1 class=\"wp-block-heading\">Professores Substitutos<\/h1>\n\n\n\n<p>Ol\u00e1, prezado!<\/p>\n\n\n\n<p>Nesta p\u00e1gina, voc\u00ea encontrar\u00e1 as informa\u00e7\u00f5es sobre os professores substitutos do DCSA\/CCAE.<\/p>\n\n\n\n<p>&#8211; Tabela Sint\u00e9tica das Informa\u00e7\u00f5es dos Contratos (<a href=\"https:\/\/docs.google.com\/document\/d\/102lcVGEIFkVer0xxKgCO0M2IzHE5suVEK8POlBRo7Xo\/edit?usp=sharing\" target=\"_blank\" rel=\"noreferrer noopener\">clique aqui!<\/a>).<\/p>\n\n\n\n<p>&#8211; Tabela Sint\u00e9tica das Informa\u00e7\u00f5es do Contratos &#8211; Excel (<a href=\"https:\/\/docs.google.com\/spreadsheets\/d\/1VQtrJGNkiePlXn31X1637tKzmQYZSAVpvmC8g2_NKPU\/edit?gid=0#gid=0\" target=\"_blank\" rel=\"noreferrer noopener\">clique aqui!<\/a>).<\/p>\n\n\n\n<p><\/p>\n\n\n\n<p><\/p>\n\n\n\n<h1 class=\"wp-block-heading\">Reuni\u00f5es<\/h1>\n\n\n\n<p><strong>Calend\u00e1rio de Reuni\u00f5es Ordin\u00e1rias e Extraordin\u00e1rias de 2025 do DCSA<\/strong><\/p>\n\n\n\n<figure class=\"wp-block-table\"><table class=\"has-fixed-layout\"><tbody><tr><td><strong>REUNI\u00c3O<\/strong><\/td><td><strong>M\u00caS<\/strong><\/td><td><strong>DATA<\/strong><\/td><td><strong>DIA DA SEMANA<\/strong><\/td><td><strong>HOR\u00c1RIO<\/strong><\/td><td><strong>FORMATO<\/strong><\/td><\/tr><tr><td>01<\/td><td>FEVEREIRO<\/td><td>17<\/td><td>SEGUNDA<\/td><td>Das 14:00H \u00e0s 17:00h<\/td><td>H\u00cdBRIDO<\/td><\/tr><tr><td>02<\/td><td>MAR\u00c7O<\/td><td>13<\/td><td>QUINTA<\/td><td>Das 14:00H \u00e0s 17:00h<\/td><td>H\u00cdBRIDO<\/td><\/tr><tr><td>03<\/td><td>ABRIL<\/td><td>08<\/td><td>TER\u00c7A<\/td><td>Das 14:00H \u00e0s 17:00h<\/td><td>H\u00cdBRIDO<\/td><\/tr><tr><td><strong>04<\/strong><\/td><td><strong>MAIO<\/strong><\/td><td><strong>08<\/strong><\/td><td><strong>QUINTA<\/strong><\/td><td><strong>Das 14:00H \u00e0s 17:00h<\/strong><\/td><td><strong>REMOTO<\/strong><\/td><\/tr><tr><td><strong>01<\/strong><\/td><td><strong>MAIO<\/strong><strong>EXTRAORDIN\u00c1RIA<\/strong><\/td><td><strong>13<\/strong><strong><\/strong><\/td><td><strong>TER\u00c7A<\/strong><strong><\/strong><\/td><td><strong>Das 14:00H \u00e0s 17:00h<\/strong><strong><\/strong><\/td><td><strong>PRESENCIAL<\/strong><strong>Aprecia\u00e7\u00e3o Planos de Ensino 2025.1<\/strong><strong><\/strong><\/td><\/tr><tr><td>05<\/td><td>JUNHO<\/td><td>10<\/td><td>TER\u00c7A<\/td><td>Das 14:00H \u00e0s 17:00h<\/td><td>H\u00cdBRIDO<\/td><\/tr><tr><td>06<\/td><td>JULHO<\/td><td>02<\/td><td>QUARTA<\/td><td>Das 14:00H \u00e0s 17:00h<\/td><td>H\u00cdBRIDO<\/td><\/tr><tr><td>07<\/td><td>AGOSTO<\/td><td>07<\/td><td>QUINTA<\/td><td>Das 14:00H \u00e0s 17:00h<\/td><td>H\u00cdBRIDO<\/td><\/tr><tr><td><strong>08<\/strong><\/td><td><strong>SETEMBRO<\/strong><\/td><td><strong>08<\/strong><\/td><td><strong>SEGUNDA<\/strong><\/td><td><strong>Das 14:00H \u00e0s 17:00h<\/strong><\/td><td><strong>H\u00cdBRIDO<\/strong><\/td><\/tr><tr><td><strong>02<\/strong><\/td><td><strong>SETEMBRO<\/strong><strong>EXTRAORDIN\u00c1RIA<\/strong><\/td><td><strong>30<\/strong><\/td><td><strong>TER\u00c7A<\/strong><\/td><td><strong>Das 14:00H \u00e0s 17:00h<\/strong><\/td><td><strong>PRESENCIAL<\/strong><strong>Aprecia\u00e7\u00e3o Planos de Ensino 2025.2<\/strong><\/td><\/tr><tr><td>09<\/td><td>OUTUBRO<\/td><td>08<\/td><td>QUARTA<\/td><td>Das 14:00H \u00e0s 17:00h<\/td><td>H\u00cdBRIDO<\/td><\/tr><tr><td>10<\/td><td>NOVEMBRO<\/td><td>13<\/td><td>QUINTA<\/td><td>Das 14:00H \u00e0s 17:00h<\/td><td>H\u00cdBRIDO<\/td><\/tr><tr><td>11<\/td><td>DEZEMBRO<\/td><td>10<\/td><td>QUARTA<\/td><td>Das 14:00H \u00e0s 17:00h<\/td><td>H\u00cdBRIDO<\/td><\/tr><\/tbody><\/table><\/figure>\n\n\n\n<p><\/p>\n\n\n\n<p><strong>Documentos Relevantes<\/strong><\/p>\n\n\n\n<p><a href=\"https:\/\/www.ufpb.br\/dcsa\/contents\/paginas\/pautas\">Pautas<\/a><\/p>\n\n\n\n<p><a href=\"https:\/\/www.ufpb.br\/dcsa\/contents\/paginas\/atas\">Atas<\/a><\/p>\n\n\n\n<p><a href=\"https:\/\/www.ufpb.br\/dcsa\/contents\/paginas\/listas-de-presenca\">Listas de Presen\u00e7a<\/a><\/p>\n\n\n\n<p><\/p>\n\n\n\n<h1 class=\"wp-block-heading\">Editais de Concursos e Consultas Eleitorais<\/h1>\n\n\n\n<p><strong>Processo Seletivo Simplificado para Contrata\u00e7\u00e3o de Professor Substituto &#8211; Ci\u00eancias Cont\u00e1beis (Edital n\u00ba 32\/2025)<\/strong><\/p>\n\n\n\n<figure class=\"wp-block-table\"><table class=\"has-fixed-layout\"><tbody><tr><td><a href=\"https:\/\/www.ufpb.br\/dcsa\/contents\/documentos\/edital-32-completo-processo-seletivo-simplificado-para-professor-substituto-do-magisterio-federal.pdf\">Edital 32\/2025 &#8211; Completo &#8211; Processo Seletivo Simplificado para Professor Substituto do Magist\u00e9rio Federal<\/a><br><a href=\"https:\/\/www.ufpb.br\/dcsa\/contents\/documentos\/extrato-edital-32-pss-professor-substituto-dou-91-secao-3-pag-53-16-05-2025.pdf\">Extrato &#8211; Edital 32 &#8211; PSS &#8211; Professor Substituto &#8211; DOU 91 &#8211; se\u00e7\u00e3o 3 &#8211; p\u00e1g. 53 &#8211; 16.05.2025<\/a><br><a href=\"https:\/\/www.ufpb.br\/dcsa\/contents\/documentos\/parecer-n-00081_2025_gab-subproc_pfufpb_pgf_agu.pdf\">Parecer n.&nbsp;00081_2025_GAB-SUBPROC_PFUFPB_PGF_AGU<\/a><br><a href=\"https:\/\/www.ufpb.br\/dcsa\/contents\/documentos\/convocacao-pss-maio-2025-substituto-sorteio-cotas.pdf\">Convoca\u00e7\u00e3o &#8211; PSS maio 2025 &#8211; Substituto &#8211; sorteio &#8211; cotas<\/a><br><a href=\"https:\/\/www.ufpb.br\/dcsa\/contents\/documentos\/oficio-eletronico-46-sorteio-cotas.pdf\">Of\u00edcio de convoca\u00e7\u00e3o<\/a><br><a href=\"https:\/\/www.ufpb.br\/dcsa\/contents\/documentos\/ata_sorteio_cotas_pcd_e_ppp_-_lista_de_participantes.pdf\">Ata sorteio cotas PCD e PPP + lista de participantes<\/a><br><a href=\"https:\/\/www.ufpb.br\/dcsa\/contents\/documentos\/padrao-de-requerimento-para-impugnacao-simplificado-3.docx\">Padr\u00e3o de requerimento para impugna\u00e7\u00e3o simplificado<\/a><br><a href=\"https:\/\/www.ufpb.br\/dcsa\/contents\/documentos\/requerimento-padrao-isencao-1.docx\">Requerimento padr\u00e3o isen\u00e7\u00e3o<\/a><br><a href=\"https:\/\/www.ufpb.br\/dcsa\/contents\/documentos\/requerimento-de-inscricao-geral-4.docx\">Requerimento de inscri\u00e7\u00e3o &#8211; Geral<\/a><br><a href=\"https:\/\/www.ufpb.br\/dcsa\/contents\/documentos\/termo-de-autodeclaracao-3.doc\">Termo de autodeclara\u00e7\u00e3o<\/a><\/td><\/tr><\/tbody><\/table><\/figure>\n\n\n\n<p><\/p>\n\n\n\n<p><strong>Processo Seletivo Simplificado para Contrata\u00e7\u00e3o de Professor Substituto &#8211; Economia (Edital n\u00ba 17\/2025)<\/strong><\/p>\n\n\n\n<figure class=\"wp-block-table\"><table class=\"has-fixed-layout\"><tbody><tr><td><a href=\"https:\/\/www.ufpb.br\/dcsa\/contents\/documentos\/edital-17_2025-completo-processo-seletivo-simplificado-para-professor-substituto-do-magisterio-federal.pdf\">Edital 17\/2025 &#8211; Completo &#8211; Processo Seletivo Simplificado para Professor Substituto do Magist\u00e9rio Federal<\/a><br><a href=\"https:\/\/www.ufpb.br\/dcsa\/contents\/documentos\/extrato-edital-17-pss-professor-substituto-dou-59-secao-3-pag-59-27-03-2025.pdf\">Extrato &#8211; Edital 17 &#8211; PSS &#8211; Professor Substituto &#8211; DOU 59 &#8211; se\u00e7\u00e3o 3 &#8211; p\u00e1g. 59 &#8211; 27.03.2025<\/a><br><a href=\"https:\/\/www.ufpb.br\/dcsa\/contents\/documentos\/parecer-000272025gab-subprocpfufpbpgfagu.pdf\">Parecer 000272025GAB-SUBPROCPFUFPBPGFAGU<\/a><br><a href=\"https:\/\/www.ufpb.br\/dcsa\/contents\/documentos\/convocacao-pss-marco-2025-substituto-sorteio-cotas.pdf\">Convoca\u00e7\u00e3o &#8211; PSS mar\u00e7o 2025 &#8211; Substituto &#8211; sorteio &#8211; cotas<\/a><br><a href=\"https:\/\/www.ufpb.br\/dcsa\/contents\/documentos\/oficio-de-convocacao-2.pdf\">Of\u00edcio de convoca\u00e7\u00e3o<\/a><br><a href=\"https:\/\/www.ufpb.br\/dcsa\/contents\/documentos\/ata-sorteio-cotas-pcd-e-ppp-lista-de-participantes-1-1.pdf\">Ata sorteio cotas PCD e PPP + lista de participantes<\/a><br><a href=\"https:\/\/www.ufpb.br\/dcsa\/contents\/documentos\/padrao-de-requerimento-para-impugnacao-simplificado-2.docx\">Padr\u00e3o de requerimento para impugna\u00e7\u00e3o simplificado<\/a><br><a href=\"https:\/\/www.ufpb.br\/dcsa\/contents\/documentos\/requerimento-padrao-isencao.docx\">Requerimento padr\u00e3o isen\u00e7\u00e3o<\/a><a href=\"https:\/\/www.ufpb.br\/dcsa\/contents\/documentos\/requerimento-de-inscricao-geral-2-1.docx\">Requerimento de inscri\u00e7\u00e3o &#8211; Geral<\/a><br><a href=\"https:\/\/www.ufpb.br\/dcsa\/contents\/documentos\/termo-de-autodeclaracao-2-1.doc\">Termo de autodeclara\u00e7\u00e3o<\/a><br><a href=\"https:\/\/www.ufpb.br\/dcsa\/contents\/documentos\/comunicado-dcsa.pdf\">Comunicado sobre os feriados dos dias 18 e 21 de abril de 2025<\/a><br><a href=\"https:\/\/www.ufpb.br\/dcsa\/contents\/documentos\/portaria-no-3-2025-ccae-dcsa-comissao-pss-economia.pdf\">Portaria da Comiss\u00e3o Examinadora do PSS de Economia<\/a><a href=\"https:\/\/www.ufpb.br\/dcsa\/contents\/documentos\/conteudo-programatico.docx\">Conte\u00fado program\u00e1tico<\/a><br><a href=\"https:\/\/www.ufpb.br\/dcsa\/contents\/documentos\/cronograma-1.docx\">Cronograma (sujeito a altera\u00e7\u00f5es)<\/a><br><a href=\"https:\/\/www.ufpb.br\/dcsa\/contents\/documentos\/retificacao-edital-26-pss-atendimento-especial-gestante-garantia-de-copia-do-audio-e-video-aceitacao-de-documentos-provisorios-para-comprovar-titulo.pdf\">Retifica\u00e7\u00e3o do Edital &#8211; Edital n\u00ba 26\/2025<\/a><br><a href=\"https:\/\/www.ufpb.br\/dcsa\/contents\/documentos\/edital-17-completo-retificado-processo-seletivo-simplificado-para-professor-substituto-do-magisterio-federal.pdf\">Edital n\u00ba 17\/2025 &#8211; Retificado<\/a><br><a href=\"https:\/\/www.ufpb.br\/dcsa\/contents\/documentos\/homologacao-das-inscricoes-1.pdf\">Homologa\u00e7\u00e3o das inscri\u00e7\u00f5es<\/a><br><a href=\"https:\/\/www.ufpb.br\/dcsa\/contents\/documentos\/cronograma-2.docx\">Cronograma (sujeito a altera\u00e7\u00f5es)<\/a><br><a href=\"https:\/\/www.ufpb.br\/dcsa\/contents\/documentos\/ordem-de-apresentacao-na-prova-didatica.pdf\">Ordem de apresenta\u00e7\u00e3o na Prova Did\u00e1tica e ponto sorteado<\/a><br><a href=\"https:\/\/www.ufpb.br\/dcsa\/contents\/documentos\/quadro-da-nota-da-prova-didatica.pdf\">Quadro de notas da Prova Did\u00e1tica<\/a><br><a href=\"https:\/\/www.ufpb.br\/dcsa\/contents\/documentos\/quadro-da-nota-da-prova-de-titulos.pdf\">Quadro de notas da Prova de T\u00edtulos<\/a><br><a href=\"https:\/\/www.ufpb.br\/dcsa\/contents\/documentos\/resultado-final-do-concurso-da-area-de-economia.pdf\">Resultado final do Processo Seletivo<\/a><\/td><\/tr><\/tbody><\/table><\/figure>\n\n\n\n<p><\/p>\n\n\n\n<p><strong>Processo Seletivo Simplificado para Contrata\u00e7\u00e3o de Professor Substituto &#8211; Ci\u00eancias Cont\u00e1beis (Edital n\u00ba 122\/2024)<\/strong><\/p>\n\n\n\n<figure class=\"wp-block-table\"><table class=\"has-fixed-layout\"><tbody><tr><td><br><a href=\"https:\/\/www.ufpb.br\/dcsa\/contents\/documentos\/edital-122-completo-processo-seletivo-simplificado-para-professor-substituto-do-magisterio-federal-1.pdf\">Edital n\u00ba 122 (Completo) &#8211; Processo Seletivo Simplificado para Professor Substituto<\/a><a href=\"https:\/\/www.ufpb.br\/dcsa\/contents\/documentos\/extrato-pss-professor-substituto-dou-198-secao-3-pags-53-e-54-11-10-2024-1.pdf\">Extrato &#8211; Edital n\u00ba 122 &#8211; PSS Professor Substituto &#8211; Edi\u00e7\u00e3o n\u00ba 198 &#8211; DOU 11.10.2024 &#8211; Se\u00e7\u00e3o 3 &#8211; p. 53-54<\/a><a href=\"https:\/\/www.ufpb.br\/dcsa\/contents\/documentos\/edital-122-retificado-processo-seletivo-simplificado-para-professor-substituto-do-magisterio-federal.pdf\">Edital n\u00ba 122 (Retificado) &#8211; Processo Seletivo Simplificado para Professor Substituto<\/a><a href=\"https:\/\/www.ufpb.br\/dcsa\/contents\/documentos\/conteudo-programatico-ciencias-contabeis-1.pdf\">Conte\u00fado Program\u00e1tico &#8211; Ci\u00eancias Cont\u00e1beis<\/a><a href=\"https:\/\/www.ufpb.br\/dcsa\/contents\/documentos\/cronograma.docx\">Cronograma &#8211; Ci\u00eancias Cont\u00e1beis<\/a><a href=\"https:\/\/www.ufpb.br\/dcsa\/contents\/documentos\/portaria_7_2024_ccae_-_dcsa-comissao-examinadora.pdf\">Portaria da Comiss\u00e3o Examinadora&nbsp;do PSS<\/a><a href=\"https:\/\/www.ufpb.br\/dcsa\/contents\/documentos\/padrao-de-requerimento-para-impugnacao-simplificado-1.docx\">Requerimento padr\u00e3o de impugna\u00e7\u00e3o de edital<\/a><a href=\"https:\/\/www.ufpb.br\/dcsa\/contents\/documentos\/requerimento-de-inscricao-geral-1-2.docx\">Requerimento de inscri\u00e7\u00e3o<\/a><a href=\"https:\/\/www.ufpb.br\/dcsa\/contents\/documentos\/termo-de-autodeclaracao-1-2.doc\">Termo de Autodeclara\u00e7\u00e3o<\/a><a href=\"https:\/\/www.ufpb.br\/dcsa\/contents\/documentos\/convocacao-03-pss-outubro-2024-substituto-sorteio-cotas-1.pdf\">Convoca\u00e7\u00e3o para realiza\u00e7\u00e3o de sorteio p\u00fablico de vagas PPP e PcD<\/a><a href=\"https:\/\/www.ufpb.br\/dcsa\/contents\/documentos\/ata-sorteio-cotas-pcd-e-ppp-lista-de-participantes-1.pdf\">Ata de realiza\u00e7\u00e3o de sorteio p\u00fablico de vagas PPP e PcD<\/a><a href=\"https:\/\/www.ufpb.br\/dcsa\/contents\/documentos\/alteracao_cronograma_pss_122-2024_ufpb_29_assinado_assinado_assinado.pdf\">Altera\u00e7\u00e3o no Cronograma &#8211; PSS Ci\u00eancias Cont\u00e1beis<\/a><a href=\"https:\/\/www.ufpb.br\/dcsa\/contents\/documentos\/inscriaa7ab5es_homologadas_pss_2024_assinado_assinado_assinado-2.pdf\">Inscri\u00e7\u00f5es Homologadas PSS &#8211; Ci\u00eancias Cont\u00e1beis<\/a><a href=\"https:\/\/www.ufpb.br\/dcsa\/contents\/documentos\/portaria-comissao-pss-ciencias-contabeis.pdf\">Nova Portaria da Comiss\u00e3o Examinadora do PSS<\/a><a href=\"https:\/\/www.ufpb.br\/dcsa\/contents\/documentos\/ponto-sorteado-e-ordem-das-apresentacoes-2.pdf\">Prova Did\u00e1tica &#8211; Ponto sorteado e ordem das apresenta\u00e7\u00f5es<\/a><a href=\"https:\/\/www.ufpb.br\/dcsa\/contents\/documentos\/quadro-de-notas-da-prova-didatica.pdf\">Quadro de Notas da Prova Did\u00e1tica<\/a><a href=\"https:\/\/www.ufpb.br\/dcsa\/contents\/documentos\/resultado-prova-de-titulos-_pss.pdf\">Quadro de Notas da Prova de T\u00edtulos<\/a><a href=\"https:\/\/www.ufpb.br\/dcsa\/contents\/documentos\/resultado-final.pdf\">Resultado Final do PSS de Ci\u00eancias Cont\u00e1beis<\/a><a href=\"https:\/\/www.ufpb.br\/dcsa\/contents\/documentos\/edital-de-homologacao-do-resultado-final-no-6-de-23-01-2025-ok.pdf\">Resultado Final publicado no DOU&nbsp;em 23\/01\/2025<\/a><\/td><\/tr><\/tbody><\/table><\/figure>\n\n\n\n<p><\/p>\n\n\n\n<p><strong>Concurso P\u00fablico de Provas e T\u00edtulos para Professor do Magist\u00e9rio Superior &#8211; Ci\u00eancias Cont\u00e1beis (Edital n\u00ba. 123\/2023)<\/strong><\/p>\n\n\n\n<figure class=\"wp-block-table\"><table class=\"has-fixed-layout\"><tbody><tr><td><a href=\"https:\/\/www.ufpb.br\/dcsa\/contents\/documentos\/edital-123-concurso-publico-de-provas-e-titulos-para-professor-do-magisterio-superior.pdf\">Edital n\u00ba 123 (Completo) &#8211; Concurso P\u00fablico de Provas e T\u00edtulos para Professor de Magist\u00e9rio Superior<\/a><\/td><\/tr><tr><td><a href=\"https:\/\/www.ufpb.br\/dcsa\/contents\/documentos\/edital-123-dou-concurso-publico-de-provas-e-titulos-para-professor-do-magisterio-superior.pdf\">Extrato &#8211; Edital n\u00ba 123 &#8211; Edi\u00e7\u00e3o n\u00ba 198 &#8211; DOU 18.10.2023 &#8211; Se\u00e7\u00e3o 3 &#8211; p. 66 \u00e0 71<\/a><\/td><\/tr><tr><td><a href=\"https:\/\/www.ufpb.br\/dcsa\/contents\/documentos\/conteudo-programatico-ciencias-contabeis.pdf\">Conte\u00fado Program\u00e1tico &#8211; Ci\u00eancias Cont\u00e1beis<\/a><\/td><\/tr><tr><td><a href=\"https:\/\/www.ufpb.br\/dcsa\/contents\/documentos\/requerimento-de-inscricao-geral-3.docx\">Requerimento de Inscri\u00e7\u00e3o<\/a><\/td><\/tr><tr><td><a href=\"https:\/\/www.ufpb.br\/dcsa\/contents\/documentos\/portaria_67_ciencias-contabeis.pdf\">Portaria da Comiss\u00e3o Examinadora do Concurso para Professor<\/a><a href=\"https:\/\/www.ufpb.br\/dcsa\/contents\/documentos\/requerimento-de-inscricao-geral-3.docx\"><\/a><\/td><\/tr><tr><td><a href=\"https:\/\/www.ufpb.br\/dcsa\/contents\/documentos\/calendrio_do_processo_seletivo_-_concurso_de_contbeis_assinado.pdf\">Calend\u00e1rio do Concurso para Professor de Ci\u00eancias Cont\u00e1beis<\/a><\/td><\/tr><tr><td><a href=\"https:\/\/www.ufpb.br\/dcsa\/contents\/documentos\/EDITAL128RETIFICAOREQUISITOSDCSA_MARKETINGDECA_MATERIAIS.pdf\">Edital n\u00ba 128, de 30 de outubro de 2023 &#8211; Retifica\u00e7\u00e3o do Edital de Concurso P\u00fablico de Provas e T\u00edtulos para Professor do Magist\u00e9rio Superior<\/a><\/td><\/tr><tr><td><a href=\"https:\/\/www.ufpb.br\/dcsa\/contents\/documentos\/EDITAL123COMPLETOCONCURSOPBLICODEPROVASETTULOSPARAPROFESSORDOMAGISTRIOSUPERIORRETIFICADO.pdf\">Edital n\u00ba 123 (Retificado) &#8211; Concurso P\u00fablico de Provas e T\u00edtulos para Professor de Magist\u00e9rio Superior<\/a><\/td><\/tr><tr><td><a href=\"https:\/\/www.ufpb.br\/dcsa\/contents\/documentos\/PORTARIA_nova_cinciascontbeis.pdf\">Portaria da Comiss\u00e3o Examinadora do Concurso para Professor&nbsp;(Retificada)<\/a><\/td><\/tr><tr><td><a href=\"https:\/\/www.ufpb.br\/dcsa\/contents\/documentos\/HomologaodasinscriesdoconcursodeCinciasContabeisCORRIGIDONOVAMENTE.pdf\">Homologa\u00e7\u00e3o das Inscri\u00e7\u00f5es<\/a><a href=\"https:\/\/www.ufpb.br\/dcsa\/contents\/documentos\/PORTARIA_nova_cinciascontbeis.pdf\"><\/a><\/td><\/tr><tr><td><a href=\"https:\/\/www.ufpb.br\/dcsa\/contents\/documentos\/portaria_74_2023_ccae-dc8990480618674027489.pdf\">Portaria da Comiss\u00e3o Examinadora do Concurso para Professor (Segunda Retifica\u00e7\u00e3o)<\/a><\/td><\/tr><tr><td><a href=\"https:\/\/www.ufpb.br\/dcsa\/contents\/documentos\/PORTARIA_77_2023_CCAEDC7243041237327230262.pdf\">Portaria da Comiss\u00e3o Examinadora do Concurso para Professor (Terceira Retifica\u00e7\u00e3o)<\/a><a href=\"https:\/\/www.ufpb.br\/dcsa\/contents\/documentos\/portaria_74_2023_ccae-dc8990480618674027489.pdf\"><\/a><\/td><\/tr><tr><td><a href=\"https:\/\/www.ufpb.br\/dcsa\/contents\/documentos\/PORTARIA_79_2023_CCAEDC5666523271568689984.pdf\">Portaria da Comiss\u00e3o Examinadora do Concurso para Professor (Quarta Retifica\u00e7\u00e3o)<\/a><\/td><\/tr><tr><td><a href=\"https:\/\/www.ufpb.br\/dcsa\/contents\/documentos\/RESULTADO_PROVA_ESCRITA_CONTBEIS.pdf\">Resultado<\/a>&nbsp;<a href=\"https:\/\/www.ufpb.br\/dcsa\/contents\/documentos\/RESULTADO_PROVA_ESCRITA_CONTBEIS.pdf\">Provis\u00f3rio<\/a>&nbsp;&#8211;&nbsp;<a href=\"https:\/\/www.ufpb.br\/dcsa\/contents\/documentos\/RESULTADO_PROVA_ESCRITA_CONTBEIS.pdf\">Prova<\/a>&nbsp;<a href=\"https:\/\/www.ufpb.br\/dcsa\/contents\/documentos\/RESULTADO_PROVA_ESCRITA_CONTBEIS.pdf\">escrita<\/a><\/td><\/tr><tr><td><a href=\"https:\/\/www.ufpb.br\/dcsa\/contents\/documentos\/Horario_Prova_Didatica_Contabeis.pdf\">Ponto sorteado para Prova Did\u00e1tica (1\u00ba dia) e Ordem das Apresenta\u00e7\u00f5es<\/a><a href=\"https:\/\/www.ufpb.br\/dcsa\/contents\/documentos\/RESULTADO_PROVA_ESCRITA_CONTBEIS.pdf\"><\/a><\/td><\/tr><tr><td><a href=\"https:\/\/www.ufpb.br\/dcsa\/contents\/documentos\/PUBLICACAO_RESULTADO_PROVA_DIDATICA_CONTABEIS.pdf\">Resultado Provis\u00f3rio &#8211; Prova Did\u00e1tica<\/a><\/td><\/tr><tr><td><a href=\"https:\/\/www.ufpb.br\/dcsa\/contents\/documentos\/Horario_Plano_de_Trabalho_Contbeis.pdf\">Ordem do Sorteio da Apresenta\u00e7\u00e3o da Prova do Plano de Trabalho<\/a><\/td><\/tr><tr><td><a href=\"https:\/\/www.ufpb.br\/dcsa\/contents\/documentos\/PUBLICAODORESULTADOPROVAPLANOTRABALHOCONTBEIS.pdf\">Resultado Provis\u00f3rio da Prova do Plano de Trabalho<\/a><\/td><\/tr><tr><td><a href=\"https:\/\/www.ufpb.br\/dcsa\/contents\/documentos\/InformeSessoPblicadeRecursos1.pdf\">Informe de Sess\u00e3o P\u00fablica para Recursos<\/a><\/td><\/tr><tr><td><a href=\"https:\/\/www.ufpb.br\/dcsa\/contents\/documentos\/PUBLICACAO_RESULTADO_PROVA_TITULOS.pdf\">Resultado Provis\u00f3rio do Exame de T\u00edtulos (18\/12\/2023)<\/a><\/td><\/tr><tr><td><a href=\"https:\/\/www.ufpb.br\/dcsa\/contents\/documentos\/DivulgaoResultadoFinalProvisrioreaContabilidade.pdf\">Resultado Final (Provis\u00f3rio) do Concurso &#8211; Ci\u00eancias Cont\u00e1beis<\/a><\/td><\/tr><tr><td><a href=\"https:\/\/www.ufpb.br\/dcsa\/contents\/documentos\/InformeSessoPBLICAII.pdf\">Informe de Segunda Sess\u00e3o P\u00fablica para Recursos<\/a><a href=\"https:\/\/www.ufpb.br\/dcsa\/contents\/documentos\/DivulgaoResultadoFinalProvisrioreaContabilidade.pdf\"><\/a><\/td><\/tr><tr><td><a href=\"https:\/\/www.ufpb.br\/dcsa\/contents\/documentos\/COMUNICADOSUSPENSODESESSO.pdf\">Comunicado de Suspens\u00e3o da Sess\u00e3o P\u00fablica<\/a><\/td><\/tr><tr><td><a href=\"https:\/\/www.ufpb.br\/dcsa\/contents\/documentos\/IMG_6850_assinado_assinado.pdf\">Retifica\u00e7\u00e3o de Exame de T\u00edtulos e Resultado Final Provis\u00f3rio (Antes da An\u00e1lise de Recursos)<\/a><\/td><\/tr><tr><td><a href=\"https:\/\/www.ufpb.br\/dcsa\/contents\/documentos\/InformeSessoPBLICA2.pdf\">Novo&nbsp;Informe de Segunda Sess\u00e3o P\u00fablica para Recursos<\/a><a href=\"https:\/\/www.ufpb.br\/dcsa\/contents\/documentos\/IMG_6850_assinado_assinado.pdf\"><\/a><a href=\"https:\/\/www.ufpb.br\/dcsa\/contents\/documentos\/RESULTADOFINALPUBLICADO.pdf\">Resultado Final Publicado<\/a><a href=\"https:\/\/www.ufpb.br\/dcsa\/contents\/documentos\/edital_no_dou_homologao_ccae_n_5-2024_-_dcsa_cincias_contbeis_resultado_final.pdf\">Homologa\u00e7\u00e3o do Resultado Final do Concurso P\u00fablico de Provas e T\u00edtulos para Professor do Magist\u00e9rio Superior, publicado no DOU em 29.02.2024<\/a><\/td><\/tr><tr><td><a href=\"https:\/\/www.ufpb.br\/dcsa\/contents\/documentos\/prorrogao_-_ccae_-_dcsa_-_cincias_contbeis_-_usurios_externos_-_contabilida.pdf\">Edital prorrogado no DOU em 23.01.2025<\/a><\/td><\/tr><\/tbody><\/table><\/figure>\n\n\n\n<p><\/p>\n\n\n\n<p><strong>Concurso P\u00fablico de Provas e T\u00edtulos para Professor do Magist\u00e9rio Superior &#8211; Administra\u00e7\u00e3o (Edital n\u00ba. 123\/2023)<\/strong><\/p>\n\n\n\n<figure class=\"wp-block-table\"><table class=\"has-fixed-layout\"><tbody><tr><td><a href=\"https:\/\/www.ufpb.br\/dcsa\/contents\/documentos\/edital-123-concurso-publico-de-provas-e-titulos-para-professor-do-magisterio-superior.pdf\">Edital n\u00ba 123 (Completo) &#8211; Concurso P\u00fablico de Provas e T\u00edtulos para Professor de Magist\u00e9rio Superior<\/a><\/td><\/tr><tr><td><a href=\"https:\/\/www.ufpb.br\/dcsa\/contents\/documentos\/edital-123-dou-concurso-publico-de-provas-e-titulos-para-professor-do-magisterio-superior.pdf\">Extrato &#8211; Edital n\u00ba 123 &#8211; Edi\u00e7\u00e3o n\u00ba 198 &#8211; DOU 18.10.2023 &#8211; Se\u00e7\u00e3o 3 &#8211; p. 66 \u00e0 71<\/a><\/td><\/tr><tr><td><a href=\"https:\/\/www.ufpb.br\/dcsa\/contents\/documentos\/conteudo-programatico-adm-edital-123_2023.pdf\">Conte\u00fado Program\u00e1tico &#8211; Administra\u00e7\u00e3o<\/a><\/td><\/tr><tr><td><a href=\"https:\/\/www.ufpb.br\/dcsa\/contents\/documentos\/requerimento-de-inscricao-geral_adm_pcd.docx\">Requerimento de Inscri\u00e7\u00e3o<\/a><\/td><\/tr><tr><td><a href=\"https:\/\/www.ufpb.br\/dcsa\/contents\/documentos\/portaria_66_adm.pdf\">Portaria da Comiss\u00e3o Examinadora do Concurso para Professor<\/a><a href=\"https:\/\/www.ufpb.br\/dcsa\/contents\/documentos\/requerimento-de-inscricao-geral_adm_pcd.docx\"><\/a><\/td><\/tr><tr><td><a href=\"https:\/\/www.ufpb.br\/dcsa\/contents\/documentos\/calendrio_do_processo_seletivo_administrao_assinado.pdf\">Calend\u00e1rio do Concurso para Professor de Administra\u00e7\u00e3o<\/a>&nbsp;<\/td><\/tr><tr><td><a href=\"https:\/\/www.ufpb.br\/dcsa\/contents\/documentos\/EDITAL128RETIFICAOREQUISITOSDCSA_MARKETINGDECA_MATERIAIS.pdf\">Edital n\u00ba 128, de 30 de outubro de 2023 &#8211; Retifica\u00e7\u00e3o do Edital de Concurso P\u00fablico de Provas e T\u00edtulos para Professor do Magist\u00e9rio Superio<\/a>r<\/td><\/tr><tr><td><a href=\"https:\/\/www.ufpb.br\/dcsa\/contents\/documentos\/EDITAL123COMPLETOCONCURSOPBLICODEPROVASETTULOSPARAPROFESSORDOMAGISTRIOSUPERIORRETIFICADO.pdf\">Edital n\u00ba 123 (Retificado) &#8211; Concurso P\u00fablico de Provas e T\u00edtulos para Professor de Magist\u00e9rio Superior<\/a><\/td><\/tr><tr><td><a href=\"https:\/\/www.ufpb.br\/dcsa\/contents\/documentos\/PORTARIA_nova_adm.pdf\">Portaria da Comiss\u00e3o Examinadora do Concurso para Professor&nbsp;(Retificada)<\/a><\/td><\/tr><tr><td><a href=\"https:\/\/www.ufpb.br\/dcsa\/contents\/documentos\/homologao_das_inscries_do_concurso_de_administrao.pdf\">Homologa\u00e7\u00e3o das Inscri\u00e7\u00f5es<\/a><a href=\"https:\/\/www.ufpb.br\/dcsa\/contents\/documentos\/PORTARIA_nova_adm.pdf\"><\/a><\/td><\/tr><tr><td><a href=\"https:\/\/www.ufpb.br\/dcsa\/contents\/documentos\/Resultado_da_prova_escrita__Divulgado_em_08122023_assinado_assinado_assinado.pdf\">Resultado Provis\u00f3rio &#8211; Prova Escrita &#8211; Administra\u00e7\u00e3o<\/a><\/td><\/tr><tr><td><a href=\"https:\/\/www.ufpb.br\/dcsa\/contents\/documentos\/Sorteio_do_ponto_e_ordem_da_apresentacao_da_prova_didatica_1C2BA_dia__Divulgado_em_11122023_assin.pdf\">Ponto sorteado para Prova Did\u00e1tica (1\u00ba dia) e Ordem das Apresenta\u00e7\u00f5es<\/a><\/td><\/tr><tr><td><a href=\"https:\/\/www.ufpb.br\/dcsa\/contents\/documentos\/Sorteio_do_ponto_e_ordem_da_apresentacao_da_prova_didatica_2C2BA_dia__Divulgado_em_12122023_assin.pdf\">Ponto sorteado para Prova Did\u00e1tica (2\u00ba dia) e Ordem das Apresenta\u00e7\u00f5es<\/a><a href=\"https:\/\/www.ufpb.br\/dcsa\/contents\/documentos\/Sorteio_do_ponto_e_ordem_da_apresentacao_da_prova_didatica_1C2BA_dia__Divulgado_em_11122023_assin.pdf\"><\/a><\/td><\/tr><tr><td><a href=\"https:\/\/www.ufpb.br\/dcsa\/contents\/documentos\/Resultado_da_prova_DIDATICA__Divulgado_em_13122023_assinado_assinado_assinado.pdf\">Resultado Provis\u00f3rio da Prova Did\u00e1tica<\/a><\/td><\/tr><tr><td><a href=\"https:\/\/www.ufpb.br\/dcsa\/contents\/documentos\/Ordem_da_apresentacao_do_Plano_de_Trabalho__Divulgado_em_13122023_assinado.pdf\">Ordem do Sorteio da Apresenta\u00e7\u00e3o da Prova do Plano de Trabalho &#8211; Administra\u00e7\u00e3o<\/a><a href=\"https:\/\/www.ufpb.br\/dcsa\/contents\/documentos\/Resultado_da_prova_DIDATICA__Divulgado_em_13122023_assinado_assinado_assinado.pdf\"><\/a><\/td><\/tr><tr><td><a href=\"https:\/\/www.ufpb.br\/dcsa\/contents\/documentos\/Resultado_final_da_prova_escrita__Divulgado_em_14122023_assinado_assinado_assinado21.pdf\">Resultado Final da Prova Escrita<\/a><\/td><\/tr><tr><td><a href=\"https:\/\/www.ufpb.br\/dcsa\/contents\/documentos\/Resultado_do_Exame_de_Plano_de_Trabalho__Divulgado_em_14122023_assinado_assinado_assinado.pdf\">Resultado Provis\u00f3rio da Prova do Plano de Trabalho<\/a><\/td><\/tr><tr><td><a href=\"https:\/\/www.ufpb.br\/dcsa\/contents\/documentos\/Resultado_do_Exame_de_Titulos__Divulgado_em_15122023_assinado_assinado_assinado.pdf\">Resultado Provis\u00f3rio do Exame de T\u00edtulos<\/a><\/td><\/tr><tr><td><a href=\"https:\/\/www.ufpb.br\/dcsa\/contents\/documentos\/Resultado_do_Exame_de_Titulos__Retificado_em_16122023_assinado_assinado_assinado.pdf\">Resultado do Exame de T\u00edtulos (Retificado)<\/a><\/td><\/tr><tr><td><a href=\"https:\/\/www.ufpb.br\/dcsa\/contents\/documentos\/Resultado_final_da_prova_didatica__Divulgado_em_16122023_assinado_assinado_assinado.pdf\">Resultado Final da Prova Did\u00e1tica<\/a><\/td><\/tr><tr><td><a href=\"https:\/\/www.ufpb.br\/dcsa\/contents\/documentos\/Nota_de_esclarecimento_quanto_a_Segunda_retificacao_do_Exame_de_Titulos_assinado_assinado_assinado.pdf\">Nota de Esclarecimento quanto \u00e0 Segunda Retifica\u00e7\u00e3o do Exame de T\u00edtulos<\/a><\/td><\/tr><tr><td><a href=\"https:\/\/www.ufpb.br\/dcsa\/contents\/documentos\/Resultado_do_Exame_de_Titulos__Segunda_Retificacao_em_18122023_assinado_assinado_assinado.pdf\">Resultado do Exame de T\u00edtulos (Segunda Retifica\u00e7\u00e3o)<\/a><\/td><\/tr><tr><td><a href=\"https:\/\/www.ufpb.br\/dcsa\/contents\/documentos\/Resultado_final_do_Exame_de_Plano_de_Trabalho__Divulgado_em_19122023_assinado_assinado_assinado.pdf\">Resultado Final da Prova do Plano de Trabalho<\/a><\/td><\/tr><tr><td><a href=\"https:\/\/www.ufpb.br\/dcsa\/contents\/documentos\/Resultado_provisorio_do_concurso__Divulgado_em_19122023_assinado_assinado_assinado.pdf\">Resultado Final (Provis\u00f3rio) do Concurso<\/a>&nbsp;<\/td><\/tr><tr><td><a href=\"https:\/\/www.ufpb.br\/dcsa\/contents\/documentos\/Resultado_Final_do_Exame_de_Titulos__Divulgado_em_21122023_assinado_assinado_assinado.pdf\">Resultado Final do Exame de T\u00edtulos<\/a><\/td><\/tr><tr><td><a href=\"https:\/\/www.ufpb.br\/dcsa\/contents\/documentos\/Resultado_Final_do_Concurso__Divulgado_em_21122023_assinado_assinado_assinado.pdf\">Resultado Final do Concurso &#8211; Administra\u00e7\u00e3o<\/a><a href=\"https:\/\/www.ufpb.br\/dcsa\/contents\/documentos\/edital-de-convocacao-afericao-de-condicao-de-pcd.pdf\">Edital de convoca\u00e7\u00e3o &#8211; aferi\u00e7\u00e3o de condi\u00e7\u00e3o de PCD<\/a><a href=\"https:\/\/www.ufpb.br\/dcsa\/contents\/documentos\/resultado-preliminar-do-procedimento-de-afericao-pcd.pdf\">Resultado Preliminar do Procedimento de aferi\u00e7\u00e3o PCD<\/a><a href=\"https:\/\/www.ufpb.br\/dcsa\/contents\/documentos\/resultado_final_do_procedimento_de_aferio_pcd.pdf\">Resultado Final do Procedimento de aferi\u00e7\u00e3o PCD<\/a><a href=\"https:\/\/www.ufpb.br\/dcsa\/contents\/documentos\/edital-de-homologacao-do-resultado-final-no-3-de-10-05-2024.pdf\">Homologa\u00e7\u00e3o do Resultado Final do Concurso P\u00fablico de Provas e T\u00edtulos para Professor do Magist\u00e9rio Superior, publicado no DOU em 10.05.2024<\/a><\/td><\/tr><tr><td><a href=\"https:\/\/www.ufpb.br\/dcsa\/contents\/documentos\/prorrogao_-_ccae_-_dcsa_-_marketing_e_mtodos_quantitativos.pdf\">Edital prorrogado no DOU em 17.01.2025<\/a><\/td><\/tr><\/tbody><\/table><\/figure>\n\n\n\n<p><\/p>\n\n\n\n<p><strong>Process<\/strong><strong>o Seletivo Simplificado para Contrata\u00e7\u00e3o de Professor Substituto &#8211; Administra\u00e7\u00e3o (Edital n\u00ba 107\/2023)<\/strong><\/p>\n\n\n\n<figure class=\"wp-block-table\"><table class=\"has-fixed-layout\"><tbody><tr><td><a href=\"https:\/\/www.ufpb.br\/dcsa\/contents\/documentos\/01-edital-107-2023.pdf\">Edital n\u00ba 107 (Completo) &#8211; Processo Seletivo Simplificado para Professor Substituto<\/a><a href=\"https:\/\/www.ufpb.br\/dcsa\/contents\/documentos\/02-extrato-do-edital-107-2023-dou.pdf\">Extrato &#8211; Edital n\u00ba 107 &#8211; PSS Professor Substituto &#8211; Edi\u00e7\u00e3o 168 &#8211; DOU 01.09.2023 &#8211; Se\u00e7\u00e3o 3 &#8211; p. 61<\/a><a href=\"https:\/\/www.ufpb.br\/dcsa\/contents\/documentos\/03-conteudo-programatico-administracao.pdf\">Conte\u00fado Program\u00e1tico &#8211; Administra\u00e7\u00e3o<\/a><a href=\"https:\/\/www.ufpb.br\/dcsa\/contents\/documentos\/04-requerimento-de-inscricao-geral.docx\">Requerimento de Inscri\u00e7\u00e3o<\/a><a href=\"https:\/\/www.ufpb.br\/dcsa\/contents\/documentos\/05-termo-de-autodeclaracao.doc\">Termo de Autodeclara\u00e7\u00e3o<\/a><a href=\"https:\/\/www.ufpb.br\/dcsa\/contents\/documentos\/portaria_12adm_2023_ccae_-_dcsa1140890574463120440.pdf\">Portaria da Comiss\u00e3o Examinadora do Processo Seletivo Simplificado<\/a><a href=\"https:\/\/www.ufpb.br\/dcsa\/contents\/documentos\/06_assinadocalendrio_do_processo_seletivo_-_concurso_de_administrao_-_horrios.pdf\">Calend\u00e1rio do Processo Seletivo Simplificado<\/a><a href=\"https:\/\/www.ufpb.br\/dcsa\/contents\/documentos\/07_assinadolocais_e_horrios_-_prova_didtica.pdf\">Locais e Hor\u00e1rios da Prova Did\u00e1tica<\/a><a href=\"https:\/\/www.ufpb.br\/dcsa\/contents\/documentos\/edital-107-2023-retificado-1.pdf\">Edital n\u00ba 107 (Completo &#8211; Retificado) &#8211; Altera\u00e7\u00e3o dos requisitos m\u00ednimos de forma\u00e7\u00e3o<\/a><a href=\"https:\/\/www.ufpb.br\/dcsa\/contents\/documentos\/07_assinadolocais_e_horrios_-_prova_didtica.pdf\"><\/a><a href=\"https:\/\/www.ufpb.br\/dcsa\/contents\/documentos\/homologao_parcial_das_inscries.pdf\">Homologa\u00e7\u00e3o Parcial das Inscri\u00e7\u00f5es<\/a><a href=\"https:\/\/www.ufpb.br\/dcsa\/contents\/documentos\/homologao_final_das_inscries_-_adm.pdf\">Homologa\u00e7\u00e3o Final das Inscri\u00e7\u00f5es<\/a><a href=\"https:\/\/www.ufpb.br\/dcsa\/contents\/documentos\/homologao_final_das_inscries_-_adm-1.pdf\">Homologa\u00e7\u00e3o Final das Inscri\u00e7\u00f5es (Retifica\u00e7\u00e3o)<\/a><a href=\"https:\/\/www.ufpb.br\/dcsa\/contents\/documentos\/ponto_sorteado_e_ordem_adm_assinado.pdf\">Sorteio de Ponto e Ordem das Apresenta\u00e7\u00f5es<\/a><a href=\"https:\/\/www.ufpb.br\/dcsa\/contents\/documentos\/homologao_final_das_inscries_-_adm-1.pdf\"><\/a><a href=\"https:\/\/www.ufpb.br\/dcsa\/contents\/documentos\/notas_-_didticaadm_assinada.pdf\">Quadro de Notas da Prova Did\u00e1tica<\/a><a href=\"https:\/\/www.ufpb.br\/dcsa\/contents\/documentos\/ponto_sorteado_e_ordem_adm_assinado.pdf\"><\/a><a href=\"https:\/\/www.ufpb.br\/dcsa\/contents\/documentos\/divulgao_do_resultado_da_prova_de_ttulos_adm_assinado.pdf\">Quadro de Notas da Prova de T\u00edtulos<\/a><a href=\"https:\/\/www.ufpb.br\/dcsa\/contents\/documentos\/notas_-_didticaadm_assinada.pdf\"><\/a><a href=\"https:\/\/www.ufpb.br\/dcsa\/contents\/documentos\/resultado_final_do_processo_seletivoadm.pdf\">Resultado Final do Processo Seletivo<\/a><a href=\"https:\/\/www.ufpb.br\/dcsa\/contents\/documentos\/resultadodefinitivo01concurso291123HETEROIDENTIFICAONAHUAN.pdf\">Resultado do Procedimento de Heteroidentifica\u00e7\u00e3o<\/a><a href=\"https:\/\/www.ufpb.br\/dcsa\/contents\/documentos\/HOMOLOGAO__CCAEDCSA__ADMINISTRAO.pdf\">Resultado Final publicado no DOU&nbsp;em 15\/01\/2024<\/a><a href=\"https:\/\/www.ufpb.br\/dcsa\/contents\/documentos\/prorrogao_-_ccae_-_dcsa_-_administrao.pdf\">Edital prorrogado no DOU em 16.01.2025<\/a><\/td><\/tr><\/tbody><\/table><\/figure>\n\n\n\n<p><\/p>\n\n\n\n<p><strong>Processo Seletivo Simplificado para Contrata\u00e7\u00e3o de Professor Substituto &#8211; Economia (Edital n\u00ba 107\/2023)<\/strong><\/p>\n\n\n\n<figure class=\"wp-block-table\"><table class=\"has-fixed-layout\"><tbody><tr><td><a href=\"https:\/\/www.ufpb.br\/dcsa\/contents\/documentos\/01-edital-107-2023.pdf\">Edital n\u00ba 107 (Completo) &#8211; Processo Seletivo Simplificado para Professor Substituto<\/a><a href=\"https:\/\/www.ufpb.br\/dcsa\/contents\/documentos\/02-extrato-do-edital-107-2023-dou.pdf\">Extrato &#8211; Edital n\u00ba 107 &#8211; PSS Professor Substituto &#8211; Edi\u00e7\u00e3o 168 &#8211; DOU 01.09.2023 &#8211; Se\u00e7\u00e3o 3 &#8211; p. 61<\/a><a href=\"https:\/\/www.ufpb.br\/dcsa\/contents\/documentos\/03-conteudo-programatico-economia.pdf\">Conte\u00fado Program\u00e1tico &#8211; Economia<\/a><a href=\"https:\/\/www.ufpb.br\/dcsa\/contents\/documentos\/04-requerimento-de-inscricao-geral.docx\">Requerimento de Inscri\u00e7\u00e3o<\/a><a href=\"https:\/\/www.ufpb.br\/dcsa\/contents\/documentos\/05-termo-de-autodeclaracao.doc\">Termo de Autodeclara\u00e7\u00e3o<\/a><a href=\"https:\/\/www.ufpb.br\/dcsa\/contents\/documentos\/portaria_econ_13_2023_ccae_-_dcsa808641390682455863.pdf\">Portaria da Comiss\u00e3o Examinadora do Processo Seletivo Simplificado<\/a><a href=\"https:\/\/www.ufpb.br\/dcsa\/contents\/documentos\/04-assinadocalendario-do-processo-seletivo.pdf\">Calend\u00e1rio do Processo Seletivo Simplificado<\/a><a href=\"https:\/\/www.ufpb.br\/dcsa\/contents\/documentos\/05-assinadolocais-e-horarios-da-prova-didatica.pdf\">Locais e Hor\u00e1rios da Prova Did\u00e1tica<\/a><a href=\"https:\/\/www.ufpb.br\/dcsa\/contents\/documentos\/iseno_de_taxa_de_inscrio-1.pdf\">Resultado das Solicita\u00e7\u00f5es de Isen\u00e7\u00e3o de Pagamento de Inscri\u00e7\u00e3o<\/a><a href=\"https:\/\/www.ufpb.br\/dcsa\/contents\/documentos\/homologao_das_inscries_economia-1.pdf\">Homologa\u00e7\u00e3o Final das Inscri\u00e7\u00f5es<\/a><a href=\"https:\/\/www.ufpb.br\/dcsa\/contents\/documentos\/homologao_das_inscries_3.pdf\">Homologa\u00e7\u00e3o Final das Inscri\u00e7\u00f5es (Retifica\u00e7\u00e3o)<\/a><a href=\"https:\/\/www.ufpb.br\/dcsa\/contents\/documentos\/sorteio_do_ponto_e_ordem_de_apresentao_area_economia_assinado.pdf\">Sorteio de Ponto e Ordem das Apresenta\u00e7\u00f5es<\/a><a href=\"https:\/\/www.ufpb.br\/dcsa\/contents\/documentos\/sorteio_do_ponto-1.pdf\"><\/a><br><a href=\"https:\/\/www.ufpb.br\/dcsa\/contents\/documentos\/homologao_das_inscries_3.pdf\"><\/a><a href=\"https:\/\/www.ufpb.br\/dcsa\/contents\/documentos\/quadro_da_nota_da_prova_didtica-rea_de_economia_e_finanasassinado.pdf\">Quadro de Notas da Prova Did\u00e1tica<\/a><a href=\"https:\/\/www.ufpb.br\/dcsa\/contents\/documentos\/quadro_da_nota_da_prova_de_ttulos1.pdf\">Quadro de Notas da Prova de T\u00edtulos<\/a><a href=\"https:\/\/www.ufpb.br\/dcsa\/contents\/documentos\/resultado_final_do_concurso_da_rea_de_economia_e_finanas__1.pdf\">Resultado Final do Processo Seletivo<\/a><a href=\"https:\/\/www.ufpb.br\/dcsa\/contents\/documentos\/EditaldehomologaoDOU_CCAEDCSA__ECONOMIA_E_FINANAS1.pdf\">Publica\u00e7\u00e3o do Resultado Final no D.O.U<\/a>&nbsp;em 06\/12\/2023<\/td><\/tr><\/tbody><\/table><\/figure>\n\n\n\n<p><\/p>\n\n\n\n<p><strong>Processo Seletivo Simplificado para Contrata\u00e7\u00e3o de Professor Substituto &#8211; Secretariado (Edital n\u00ba 39\/23)<\/strong><\/p>\n\n\n\n<figure class=\"wp-block-table\"><table class=\"has-fixed-layout\"><tbody><tr><td><a href=\"https:\/\/www.ufpb.br\/dcsa\/contents\/documentos\/edital-39-completo-processo-seletivo-simplificado-para-professor-substituto.pdf\">Edital n\u00ba 39 (Completo) &#8211; Processo Seletivo Simplificado para Professor Substituto<\/a><\/td><\/tr><tr><td><a href=\"https:\/\/www.ufpb.br\/dcsa\/contents\/documentos\/extrato-edital-39-pss-para-professor-substituto-dou-107-secao-3-p-53-a-54-06-06-2023.pdf\">Extrato &#8211; Edital n\u00ba 39 &#8211; PSS Professor Substituto &#8211; Edi\u00e7\u00e3o 107 &#8211; DOU 06.06.2023 &#8211; Se\u00e7\u00e3o 3 &#8211; p. 53-54<\/a><\/td><\/tr><tr><td><a href=\"https:\/\/www.ufpb.br\/dcsa\/contents\/documentos\/parecer_n-_00153-2023-depjur-pfufpb-pgf-agu.pdf\">Parecer n\u00ba&nbsp;153\/2023\/PFUFPB\/AGU&nbsp;(An\u00e1lise jur\u00eddica do Edital 39\/2023)<\/a><\/td><\/tr><tr><td><a href=\"https:\/\/www.ufpb.br\/dcsa\/contents\/documentos\/conteudo-programatico-secretariado.pdf\">Conte\u00fado Program\u00e1tico &#8211; Secretariado<\/a><\/td><\/tr><tr><td><a href=\"https:\/\/www.ufpb.br\/dcsa\/contents\/documentos\/requerimento-de-inscricao-geral-1.docx\">Requerimento de inscri\u00e7\u00e3o<\/a><\/td><\/tr><tr><td><a href=\"https:\/\/www.ufpb.br\/dcsa\/contents\/documentos\/termo-de-autodeclaracao-1.doc\">Termo de Autodeclara\u00e7\u00e3o<\/a><\/td><\/tr><tr><td><a href=\"https:\/\/www.ufpb.br\/dcsa\/contents\/documentos\/portaria_7_2023_ccae_-_dcsa8475568011804460122.pdf\">Portaria da Comiss\u00e3o Examinadora do Processo Seletivo Simplificado<\/a><\/td><\/tr><tr><td><a href=\"https:\/\/www.ufpb.br\/dcsa\/contents\/documentos\/01_retificado-calendrio_do_processo_seletivo_secretariado_2023-1-1.pdf\">Calend\u00e1rio do Processo Seletivo Simplificado (Retificado)<\/a><\/td><\/tr><tr><td><a href=\"https:\/\/www.ufpb.br\/dcsa\/contents\/documentos\/2__local_da_prova_didtica_-secretariado_2023.pdf\">Locais e Hor\u00e1rios da Prova Did\u00e1tica<\/a><\/td><\/tr><tr><td><a href=\"https:\/\/www.ufpb.br\/dcsa\/contents\/documentos\/edital-39-completo-retificado-processo-seletivo-simplificado-para-professor-substituto.pdf\">Edital n\u00ba 39 (Completo &#8211; Retificado) &#8211; Processo Seletivo Simplificado para Professor Substituto<\/a><\/td><\/tr><tr><td><a href=\"https:\/\/www.ufpb.br\/dcsa\/contents\/documentos\/retificacao-edital-39-pss-inclusao-itens-8-9_8-10_8-11-e-10-6.pdf\">Retifica\u00e7\u00e3o &#8211; Edital n\u00ba 39 &#8211; PSS &#8211; Inclus\u00e3o Itens 8.9_8.10_8.11 E 10.6<\/a><\/td><\/tr><tr><td><a href=\"https:\/\/www.ufpb.br\/dcsa\/contents\/documentos\/homologao_parcial_concurso-1.pdf\">Homologa\u00e7\u00e3o Parcial das Inscri\u00e7\u00f5es<\/a><\/td><\/tr><tr><td><a href=\"https:\/\/www.ufpb.br\/dcsa\/contents\/documentos\/homologao_final_concurso.pdf\">Homologa\u00e7\u00e3o Final das Inscri\u00e7\u00f5es<\/a><\/td><\/tr><tr><td><a href=\"https:\/\/www.ufpb.br\/dcsa\/contents\/documentos\/sorteio_do_ponto-1.pdf\">Sorteio de Ponto e Ordem das Apresenta\u00e7\u00f5es<\/a><\/td><\/tr><tr><td><a href=\"https:\/\/www.ufpb.br\/dcsa\/contents\/documentos\/resultadoassinado_prova_didatica_concurso_prof_substituto_secretariado_edital_39_2023.pdf\">Quadro de Notas da Prova Did\u00e1tica<\/a><\/td><\/tr><tr><td><a href=\"https:\/\/www.ufpb.br\/dcsa\/contents\/documentos\/resultado_prova_titulos_concurso_prof_substituto_secretariado_edital_39_2023-1.pdf\">Quadro de Notas da Prova de T\u00edtulos<\/a><\/td><\/tr><tr><td><a href=\"https:\/\/www.ufpb.br\/dcsa\/contents\/documentos\/resultado_final_com_classificao.pdf\">Resultado Final do Processo Seletivo<\/a><\/td><\/tr><tr><td><a href=\"https:\/\/www.ufpb.br\/dcsa\/contents\/documentos\/despacho-_214_2023_ccae_-_dcsa1622871572478086905.pdf\">Parecer de Aprova\u00e7\u00e3o do Relat\u00f3rio Final do Processo Seletivo<\/a><a href=\"https:\/\/www.ufpb.br\/dcsa\/contents\/documentos\/04_HOMOLOGAO__CCAE_DCSA_SECRETARIADO_EXECUTIVO.pdf\" target=\"_blank\" rel=\"noreferrer noopener\">Resultado Final no D.O.U<\/a>&nbsp;em 14\/08\/2023<a href=\"https:\/\/www.ufpb.br\/dcsa\/contents\/documentos\/prorrogao_-_ccae_-_dcsa_-_secretariado_executivo.pdf\">Edital prorrogado no DOU em 22.04.2024<\/a><\/td><\/tr><\/tbody><\/table><\/figure>\n\n\n\n<p><\/p>\n\n\n\n<p><strong>Processo Seletivo Simplificado para Contrata\u00e7\u00e3o de Professor Substituto &#8211; Administra\u00e7\u00e3o (Edital n\u00ba 18\/23)<\/strong><\/p>\n\n\n\n<figure class=\"wp-block-table\"><table class=\"has-fixed-layout\"><tbody><tr><td><a href=\"https:\/\/www.ufpb.br\/dcsa\/contents\/documentos\/edital-18-completo-processo-seletivo-simplificado-para-contratacao-de-professor-substituto.pdf\">Edital 18 (Completo) &#8211;&nbsp;Processo Seletivo Simplificado para Professor Substituto<\/a><a href=\"https:\/\/www.ufpb.br\/dcsa\/contents\/documentos\/edital-18-completo-processo-seletivo-simplificado-para-contratacao-de-professor-substituto.pdf\"><\/a><\/td><\/tr><tr><td><a href=\"https:\/\/www.ufpb.br\/dcsa\/contents\/documentos\/extrato-edital-18-pss-dou-66-p-57-58-05-04-23.pdf\">Extrato &#8211; Edital n\u00ba 18 &#8211; PSS Professor Substituto &#8211; Edi\u00e7\u00e3o 66 &#8211; DOU 05.04.2023 &#8211; Se\u00e7\u00e3o 3 &#8211;&nbsp; p. 57-58.<\/a><a href=\"https:\/\/www.ufpb.br\/dcsa\/contents\/documentos\/extrato-edital-18-pss-dou-66-p-57-58-05-04-23.pdf\"><\/a><\/td><\/tr><tr><td><a href=\"https:\/\/www.ufpb.br\/dcsa\/contents\/documentos\/conteudo-programatico-geral_.pdf\">Conte\u00fado Program\u00e1tico &#8211; Administra\u00e7\u00e3o<\/a><a href=\"https:\/\/progep.ufpb.br\/progep\/contents\/concursos\/docentes\/edital-ndeg-18-2023-processo-seletivo-simplificado-para-contratacao-de-professor-substituto\/extrato-edital-18-pss-dou-66-p-57-58-05-04-23.pdf\" target=\"_blank\" rel=\"noreferrer noopener\"><\/a><\/td><\/tr><tr><td><a href=\"https:\/\/www.ufpb.br\/dcsa\/contents\/documentos\/convocao_-_concurso_pss_maro_2023_-_substituto_-_sorteio_-_cotas.pdf\">Convoca\u00e7\u00e3o &#8211;&nbsp;Sorteio de Vagas Reservadas aos Candidatos com Defici\u00eancia e Candidatos Negros<\/a><\/td><\/tr><tr><td><a href=\"https:\/\/www.ufpb.br\/dcsa\/contents\/documentos\/ata-sorteio-cotas-pcd-e-ppp-lista-de-participantes-edital-18.pdf\">Ata Sorteio Cotas PCD e PPP<\/a><\/td><\/tr><tr><td><a href=\"https:\/\/www.ufpb.br\/dcsa\/contents\/documentos\/requerimento-de-inscricao-geral.docx\">Requerimento de Inscri\u00e7\u00e3o<\/a><\/td><\/tr><tr><td><a href=\"https:\/\/www.ufpb.br\/dcsa\/contents\/documentos\/termo-de-autodeclaracao.doc\">Termo de Autodeclara\u00e7\u00e3o<\/a><\/td><\/tr><tr><td><a href=\"https:\/\/www.ufpb.br\/dcsa\/contents\/documentos\/portaria_4_2023_ccae_-_dcsa4960361926122613224.pdf\">Portaria da Comiss\u00e3o Examinadora do Processo Seletivo Simplificado<\/a><\/td><\/tr><tr><td><a href=\"https:\/\/www.ufpb.br\/dcsa\/contents\/documentos\/calendrio_do_processo_seletivo_-_concurso_de_administrao_2023.pdf\">Calend\u00e1rio do Processo Seletivo<\/a><\/td><\/tr><tr><td><a href=\"https:\/\/www.ufpb.br\/dcsa\/contents\/documentos\/local_da_prova_didtica_-_concurso_de_administrao_2023.pdf\">Locais e Hor\u00e1rios da Prova Did\u00e1tica<\/a><\/td><\/tr><tr><td><a href=\"https:\/\/www.ufpb.br\/dcsa\/contents\/documentos\/homologao_parcial_das_inscries_do_concurso_de_administrao.pdf\">Homologa\u00e7\u00e3o Parcial das Inscri\u00e7\u00f5es<\/a><\/td><\/tr><tr><td><a href=\"https:\/\/www.ufpb.br\/dcsa\/contents\/documentos\/homologao_final_das_inscries_do_concurso_de_administrao.pdf\">Homologa\u00e7\u00e3o Final das Inscri\u00e7\u00f5es<\/a><\/td><\/tr><tr><td><a href=\"https:\/\/www.ufpb.br\/dcsa\/contents\/documentos\/ordem_das_apresentaes_e_ponto_sorteado.pdf\">Ordem das Apresenta\u00e7\u00f5es e Sorteio do Ponto<\/a><\/td><\/tr><tr><td><a href=\"https:\/\/www.ufpb.br\/dcsa\/contents\/documentos\/quadro_de_notas_da_prova_didtica.pdf\">Quadro de Notas da Prova Did\u00e1tica<\/a><\/td><\/tr><tr><td><a href=\"https:\/\/www.ufpb.br\/dcsa\/contents\/documentos\/quadro_de_notas_da_prova_de_ttulos.pdf\">Quadro de Notas da Prova de T\u00edtulos<\/a><\/td><\/tr><tr><td><a href=\"https:\/\/www.ufpb.br\/dcsa\/contents\/documentos\/resultado_final_do_processo_seletivo.pdf\">Resultado Final do Processo Seletivo<\/a><\/td><\/tr><tr><td><a href=\"https:\/\/www.ufpb.br\/dcsa\/contents\/documentos\/parecer-_concurso_administrao.pdf\">Parecer de Aprova\u00e7\u00e3o do Relat\u00f3rio Final do Processo Seletivo<\/a><a href=\"https:\/\/www.ufpb.br\/dcsa\/contents\/documentos\/edital-no-44-de-14-de-junho-de-2023.pdf\">Resultado Final publicado no DOU em 16.06.2023<\/a><\/td><\/tr><\/tbody><\/table><\/figure>\n\n\n\n<p><\/p>\n\n\n\n<p><strong>Consulta Eleitoral para Escolha do Vice-Chefe do DCSA (2023-2024) &#8211; Edital DCSA\/CCAE n\u00ba 01\/23<\/strong><\/p>\n\n\n\n<figure class=\"wp-block-table\"><table class=\"has-fixed-layout\"><tbody><tr><td><a href=\"https:\/\/www.ufpb.br\/dcsa\/contents\/documentos\/portaria_1_2023_ccae_-_dcsa2484472984105501450.pdf\">Portaria de Nomea\u00e7\u00e3o da Comiss\u00e3o<\/a><\/td><\/tr><tr><td><a href=\"https:\/\/www.ufpb.br\/dcsa\/contents\/documentos\/edital_eleies_dcsa_vice_chefe.pdf\">Edital de Abertura<\/a><\/td><\/tr><tr><td><a href=\"https:\/\/www.ufpb.br\/dcsa\/contents\/documentos\/edital_homologao.pdf\">Homologa\u00e7\u00e3o de Inscri\u00e7\u00e3o de Chapa \u00danica<\/a><\/td><\/tr><tr><td><a href=\"https:\/\/www.ufpb.br\/dcsa\/contents\/documentos\/relatrio_conclusivo.pdf\">Relat\u00f3rio Conclusivo<\/a><\/td><\/tr><\/tbody><\/table><\/figure>\n\n\n\n<p class=\" \">&nbsp;<\/p>\n\n\n\n<p><strong>Consulta Eleitoral para Escolha do Chefe e Vice-Chefe do DCSA (2022-2024) &#8211; Edital DCSA\/CCAE n\u00ba 01\/22<\/strong><\/p>\n\n\n\n<figure class=\"wp-block-table\"><table class=\"has-fixed-layout\"><tbody><tr><td><a href=\"https:\/\/www.ufpb.br\/dcsa\/contents\/documentos\/portaria_9_2022_ccae_-_dcsa10289188597906263.pdf\">Portaria de Nomea\u00e7\u00e3o da Comiss\u00e3o<\/a><\/td><\/tr><tr><td><a href=\"https:\/\/www.ufpb.br\/dcsa\/contents\/documentos\/edital_eleio_chefia_dcsa_2022-2024.pdf\">Edital de Abertura<\/a><\/td><\/tr><tr><td><a href=\"https:\/\/www.ufpb.br\/dcsa\/contents\/documentos\/homologao_das_chapas_dcsa_2022-2024.pdf\">Homologa\u00e7\u00e3o de Inscri\u00e7\u00e3o de Chapa<\/a><\/td><\/tr><tr><td><a href=\"https:\/\/www.ufpb.br\/dcsa\/contents\/documentos\/homologao_final_das_chapas_dcsa_2022-2024.pdf\">Homologa\u00e7\u00e3o Final de Inscri\u00e7\u00e3o de Chapa para Concorrer \u00e0 Chefia do Departamento de Ci\u00eancias Sociais Aplicadas&nbsp;(Bi\u00eanio 2022-2024)<\/a><\/td><\/tr><\/tbody><\/table><\/figure>\n\n\n\n<p class=\" \">&nbsp;<\/p>\n\n\n\n<p><strong>Consulta Eleitoral para Escolha de Chefe e Vice-Chefe do DCSA (2024-2026) &#8211; Edital DCSA\/CCAE n\u00ba 01\/24<\/strong><\/p>\n\n\n\n<figure class=\"wp-block-table\"><table class=\"has-fixed-layout\"><tbody><tr><td><a href=\"https:\/\/www.ufpb.br\/dcsa\/contents\/documentos\/portaria-comissao-eleitoral-dcsa.pdf\">Portaria de Nomea\u00e7\u00e3o da Comiss\u00e3o<\/a><\/td><\/tr><tr><td><a href=\"https:\/\/www.ufpb.br\/dcsa\/contents\/documentos\/edital_eleicao_chefia_dcsa_2024-2026.pdf\">Edital de Abertura<\/a><\/td><\/tr><tr><td><a href=\"https:\/\/www.ufpb.br\/dcsa\/contents\/documentos\/homologacao-das-chapas-dcsa-2024-2026.pdf\">Homologa\u00e7\u00e3o de Inscri\u00e7\u00e3o de Chapa<\/a><\/td><\/tr><tr><td><a href=\"https:\/\/www.ufpb.br\/dcsa\/contents\/documentos\/homologacao-final-das-chapas-dcsa-2024-2026.pdf\">Homologa\u00e7\u00e3o Final de Inscri\u00e7\u00e3o de Chapa para Concorrer \u00e0 Chefia do Departamento de Ci\u00eancias Sociais Aplicadas&nbsp;(Bi\u00eanio 2024-2026)<\/a><\/td><\/tr><\/tbody><\/table><\/figure>\n\n\n\n<p class=\" \">&nbsp;<\/p>\n\n\n\n<p><strong>Processo Seletivo Simplificado para Contrata\u00e7\u00e3o de Professor Substituto &#8211; Ci\u00eancias Cont\u00e1beis (Edital n\u00ba 06\/22)<\/strong><\/p>\n\n\n\n<figure class=\"wp-block-table\"><table class=\"has-fixed-layout\"><tbody><tr><td><a href=\"http:\/\/www.progep.ufpb.br\/progep\/contents\/concursos\/docentes\/edital-ndeg06-2022-processo-seletivo-simplificado-para-professor-substituto-magisterio-superior\/edital-06-2022-pss-professor-substituto-do-magisterio-superior-retificado-em-06-04-2022.pdf\" target=\"_blank\" rel=\"noreferrer noopener\">Edital n\u00ba 06\/22 Publicado no Di\u00e1rio Oficial e Retificado em 06.04.2022<\/a><\/td><\/tr><tr><td><a href=\"https:\/\/www.ufpb.br\/dcsa\/contents\/documentos\/ata-sorteio-para-cotas-pcd-e-ppp.pdf\">Ata &#8211; Sorteio para Cotas PCD e PPP<\/a><\/td><\/tr><tr><td><a href=\"https:\/\/www.ufpb.br\/dcsa\/contents\/documentos\/documento-1.pdf\">Local e Modalidade da Prova Did\u00e1tica<\/a><\/td><\/tr><tr><td><a href=\"https:\/\/www.ufpb.br\/dcsa\/contents\/documentos\/conteudo-programatico-geral-1.pdf\">Conte\u00fado Program\u00e1tico &#8211; Geral<\/a><\/td><\/tr><tr><td><a href=\"https:\/\/www.ufpb.br\/dcsa\/contents\/documentos\/requerimento-inscricao-prof-substituto.rtf\">Requerimento Inscri\u00e7\u00e3o &#8211; Professor Substituto<\/a><\/td><\/tr><tr><td><a href=\"https:\/\/www.ufpb.br\/dcsa\/contents\/documentos\/requerimento-cota-racial.doc\">Requerimento Cota Racial<\/a><\/td><\/tr><tr><td><a href=\"https:\/\/www.ufpb.br\/dcsa\/contents\/documentos\/requerimento-isencao-inscricao-cadunico-prof-substituto.docx\">Requerimento Isen\u00e7\u00e3o Inscri\u00e7\u00e3o &#8211; CADUNICO &#8211; Professor Substituto<\/a><\/td><\/tr><tr><td><a href=\"https:\/\/www.ufpb.br\/dcsa\/contents\/documentos\/requerimento-isencao-inscricao-doador-de-medula-ossea.docx\">Requerimento Isen\u00e7\u00e3o Inscri\u00e7\u00e3o &#8211; Doador de Medula \u00d3ssea<\/a><\/td><\/tr><tr><td><a href=\"https:\/\/www.ufpb.br\/dcsa\/contents\/documentos\/ata_5_2022_ccae_-_dcsa1209784641870726229.pdf\">Ata da&nbsp;Reuni\u00e3o na qual a Comiss\u00e3o Examinadora Deliberou sobre os Pedidos de Isen\u00e7\u00e3o<\/a><\/td><\/tr><tr><td><a href=\"https:\/\/www.ufpb.br\/dcsa\/contents\/documentos\/listalistagem_2_2022_ccae_-_dcsa3591397242291509325.pdf\">Listagem dos Pedidos de Isen\u00e7\u00e3o Deferidos<\/a><\/td><\/tr><tr><td><a href=\"https:\/\/www.ufpb.br\/dcsa\/contents\/documentos\/ata_6_2022_ccae_-_dcsa7853716190996778563.pdf\">Inscri\u00e7\u00f5es Deferidas e Indeferidas&nbsp;&#8211; Rela\u00e7\u00e3o Preliminar<\/a><\/td><\/tr><tr><td><a href=\"https:\/\/www.ufpb.br\/dcsa\/contents\/documentos\/listalistagem_3_2022_ccae_-_dcsa8032176834306965754.pdf\">Inscri\u00e7\u00f5es Deferidas e Indeferidas &#8211; Rela\u00e7\u00e3o Final<\/a><\/td><\/tr><tr><td><a href=\"https:\/\/www.ufpb.br\/dcsa\/contents\/documentos\/informacoes-das-proximas-etapas.pdf\">Informa\u00e7\u00f5es Gerais para as Pr\u00f3ximas Etapas (Cronograma; Sorteio de Ponto e Ordem de Apresenta\u00e7\u00e3o; e Prova Did\u00e1tica)<\/a><\/td><\/tr><tr><td><a href=\"https:\/\/www.ufpb.br\/dcsa\/contents\/documentos\/sorteio-ponto-e-ordem-apresentacao.pdf\">Sorteio do Ponto e da Ordem de Apresenta\u00e7\u00e3o<\/a><\/td><\/tr><tr><td><a href=\"https:\/\/www.ufpb.br\/dcsa\/contents\/documentos\/3-resultado-prova-didatica.pdf\">Resultado da Prova Did\u00e1tica<\/a><\/td><\/tr><tr><td><a href=\"https:\/\/www.ufpb.br\/dcsa\/contents\/documentos\/4-resultado-prova-resultado-pre-liminar.pdf\">Resultado da Prova de T\u00edtulos<\/a><\/td><\/tr><tr><td><a href=\"https:\/\/www.ufpb.br\/dcsa\/contents\/documentos\/5-resultado-final.pdf\">Resultado Final<\/a><a href=\"https:\/\/www.ufpb.br\/dcsa\/contents\/documentos\/resultado-de-processo-seletivo-simplificado-para-professor-substituto.pdf\">Resultado Final publicado no DOU em 24.05.2022<\/a><\/td><\/tr><\/tbody><\/table><\/figure>\n\n\n\n<p><strong>Processo Seletivo Simplificado para Contrata\u00e7\u00e3o de Professor Substituto &#8211; Secretariado Executivo Bil\u00edngue<\/strong><\/p>\n\n\n\n<figure class=\"wp-block-table\"><table class=\"has-fixed-layout\"><tbody><tr><td><a href=\"https:\/\/www.ufpb.br\/dcsa\/contents\/documentos\/1-edital-27_2021-concurso-prof-subsituto-secretariado.pdf\">Edital Publicado no Di\u00e1rio Oficial<\/a><\/td><\/tr><tr><td><a href=\"https:\/\/www.ufpb.br\/dcsa\/contents\/documentos\/2-conteudos-programaticos-secretariado.pdf\">Conte\u00fados Program\u00e1ticos<\/a><\/td><\/tr><tr><td><a href=\"https:\/\/www.ufpb.br\/dcsa\/contents\/documentos\/3-tabela-pontuacao-prova-de-titulos.pdf\">Ficha de Avalia\u00e7\u00e3o da Prova de T\u00edtulos com Pontua\u00e7\u00e3o por Itens<\/a><\/td><\/tr><tr><td><a href=\"https:\/\/sig-arq.ufpb.br\/arquivos\/20171700643f97445641bd281ad0107b\/Rsep07_2017.pdf\" target=\"_blank\" rel=\"noreferrer noopener\">Resolu\u00e7\u00e3o CONSEPE n\u00ba 07\/2017 (Regulamenta as condi\u00e7\u00f5es de contrata\u00e7\u00e3o e o Processo Seletivo de Professor Substituto do Magist\u00e9rio Superior e EBTT na Universidade Federal da Para\u00edba)<\/a><\/td><\/tr><tr><td><a href=\"https:\/\/www.ufpb.br\/dcsa\/contents\/documentos\/5-requerimento-inscricao-prof-substituto.docx\">Requerimento de Inscri\u00e7\u00e3o<\/a><\/td><\/tr><tr><td><a href=\"https:\/\/www.ufpb.br\/dcsa\/contents\/documentos\/5-1-requerimento-cota-racial.doc\">Requerimento de Inscri\u00e7\u00e3o (Reserva de Vagas \u00e0s Pessoas Pretas ou Pardas)<\/a><\/td><\/tr><tr><td><a href=\"https:\/\/www.ufpb.br\/dcsa\/contents\/documentos\/5-2-requerimento-isencao-inscricao-cadunico-prof-substituto.docx\">Requerimento de Isen\u00e7\u00e3o da Taxa de Inscri\u00e7\u00e3o (Cadastro \u00danico)<\/a><\/td><\/tr><tr><td><a href=\"https:\/\/www.ufpb.br\/dcsa\/contents\/documentos\/5-3-requerimento-isencao-inscricao-doador-de-medula-ossea.docx\">Requerimento de Isen\u00e7\u00e3o da Taxa de Inscri\u00e7\u00e3o (Doador de Medula \u00d3ssea)<\/a><\/td><\/tr><tr><td><a href=\"https:\/\/www.ufpb.br\/dcsa\/contents\/documentos\/8-cronograma-das-etapas.pdf\">Cronograma das Etapas<\/a><\/td><\/tr><tr><td><a href=\"https:\/\/www.ufpb.br\/dcsa\/contents\/documentos\/7-homologacao-inscricoes.pdf\">Homologa\u00e7\u00e3o das Inscri\u00e7\u00f5es<\/a><\/td><\/tr><tr><td><a href=\"https:\/\/conferenciaweb.rnp.br\/events\/concurso-professor-substituto-de-secretariado-executivo-ccae-ufpb-sorteio-do-ponto-da-prova-didatica\" target=\"_blank\" rel=\"noreferrer noopener\">Link para Acesso ao Sorteio do Ponto da Prova Did\u00e1tica (ao entrar, clique em &#8220;Sala Virtual&#8221;)<\/a><\/td><\/tr><tr><td><a href=\"https:\/\/www.ufpb.br\/dcsa\/contents\/documentos\/ordem-da-prova-didatica.pdf\">Ordem das Apresenta\u00e7\u00f5es na Prova Did\u00e1tica<\/a><\/td><\/tr><tr><td><a href=\"https:\/\/www.ufpb.br\/dcsa\/contents\/documentos\/julgamento-comissao_prova-didatica_secretariado.pdf\">Quadro de Notas do Processo Seletivo Simplificado &#8211; Professor Substituto<\/a><\/td><\/tr><tr><td><a href=\"https:\/\/www.ufpb.br\/dcsa\/contents\/documentos\/resultado_quadro-de-notas-prova-de-titulos.pdf\">Quadro de Notas da Prova de T\u00edtulos<\/a><\/td><\/tr><tr><td><a href=\"https:\/\/www.ufpb.br\/dcsa\/contents\/documentos\/julgamento-comissao_resultado-final_secretariado.pdf\">Resultado Final<\/a><\/td><\/tr><tr><td><a href=\"https:\/\/www.ufpb.br\/dcsa\/contents\/documentos\/homologao_-_pss_-_ccae_-_dcsa_-_secretariado_executivo.pdf\">Publica\u00e7\u00e3o do Resultado Final no Di\u00e1rio Oficial da Uni\u00e3o<\/a>&nbsp;em 08.09.2021<\/td><\/tr><tr><td>Informamos que&nbsp;o processo seletivo ser\u00e1&nbsp;remoto de forma s\u00edncrona com o uso de plataformas digitais. Por\u00e9m, as disciplinas poder\u00e3o ser ministradas de forma presencial, quando a institui\u00e7\u00e3o e\/ou o Governo Federal autorizarem o retorno&nbsp;\u00e0s aulas presenciais. Por enquanto, no semestre 2021.2, continuamos com o ensino remoto.<\/td><\/tr><\/tbody><\/table><\/figure>\n\n\n\n<p><strong>Consulta Eleitoral para Escolha do Chefe e Vice-Chefe do DCSA (2021-2023)<\/strong><\/p>\n\n\n\n<figure class=\"wp-block-table\"><table class=\"has-fixed-layout\"><tbody><tr><td><a href=\"https:\/\/www.ufpb.br\/dcsa\/contents\/documentos\/relatorio-conclusivo-retificado.pdf\">Relat\u00f3rio Conclusivo da Consulta Eleitoral Retificado<\/a><\/td><td>20\/04\/2021<\/td><\/tr><tr><td><a href=\"https:\/\/www.ufpb.br\/dcsa\/contents\/documentos\/certidao-de-ata-relatorio-conclusivo-consulta-eleitoral-dcsa.pdf\">Certid\u00e3o de Ata de Aprova\u00e7\u00e3o do Relat\u00f3rio Conclusivo pelo Colegiado do DCSA<\/a><\/td><td>18\/05\/2021<\/td><\/tr><\/tbody><\/table><\/figure>\n\n\n\n<p><strong>Chamada P\u00fablica para Participa\u00e7\u00e3o em Elabora\u00e7\u00e3o do 1\u00ba LIvro do DCSA<\/strong><\/p>\n\n\n\n<figure class=\"wp-block-table\"><table class=\"has-fixed-layout\"><tbody><tr><td><a href=\"https:\/\/www.ufpb.br\/dcsa\/contents\/documentos\/edital_01_2021_livro_dcsa.pdf\">Edital de Chamada P\u00fablica n\u00ba 01\/2021 &#8211; DCSA\/CCAE\/UFPB<\/a><\/td><td>25\/05\/2021<\/td><\/tr><\/tbody><\/table><\/figure>\n\n\n\n<p><\/p>\n\n\n\n<h1 class=\"wp-block-heading\">Tutoriais SIPAC<\/h1>\n\n\n\n<p><strong>1) Como eu acho um processo para o qual fui designado(a)?<\/strong><\/p>\n\n\n\n<figure class=\"wp-block-embed is-type-video is-provider-youtube wp-block-embed-youtube wp-embed-aspect-4-3 wp-has-aspect-ratio\"><div class=\"wp-block-embed__wrapper\">\n<iframe loading=\"lazy\" title=\"Tutorial SIPAC - Como eu acho um processo que foi designado para mim?\" width=\"500\" height=\"375\" src=\"https:\/\/www.youtube.com\/embed\/4eH_3LxZo_M?feature=oembed\" frameborder=\"0\" allow=\"accelerometer; autoplay; clipboard-write; encrypted-media; gyroscope; picture-in-picture; web-share\" referrerpolicy=\"strict-origin-when-cross-origin\" allowfullscreen><\/iframe>\n<\/div><\/figure>\n\n\n\n<p><strong>2) Cria\u00e7\u00e3o de Processos:<\/strong><\/p>\n\n\n\n<p class=\" \">a)&nbsp;parte 01:&nbsp;<a href=\"https:\/\/www.youtube.com\/watch?v=hBd4S4-Eu0E\" target=\"_blank\" rel=\"noreferrer noopener\">https:\/\/www.youtube.com\/watch?v=hBd4S4-Eu0E<\/a>;<\/p>\n\n\n\n<p class=\" \">b)&nbsp;parte 02:&nbsp;<a href=\"https:\/\/www.youtube.com\/watch?v=a_4F6I9P2XI\" target=\"_blank\" rel=\"noreferrer noopener\">https:\/\/www.youtube.com\/watch?v=a_4F6I9P2XI<\/a>;<\/p>\n\n\n\n<p><strong>3) Assinatura de Documentos:<\/strong><\/p>\n\n\n\n<figure class=\"wp-block-embed is-type-video is-provider-youtube wp-block-embed-youtube wp-embed-aspect-16-9 wp-has-aspect-ratio\"><div class=\"wp-block-embed__wrapper\">\n<iframe loading=\"lazy\" title=\"Assinatura de Documentos no Sipac\" width=\"500\" height=\"281\" src=\"https:\/\/www.youtube.com\/embed\/O8MPdFb4MbE?feature=oembed\" frameborder=\"0\" allow=\"accelerometer; autoplay; clipboard-write; encrypted-media; gyroscope; picture-in-picture; web-share\" referrerpolicy=\"strict-origin-when-cross-origin\" allowfullscreen><\/iframe>\n<\/div><\/figure>\n\n\n\n<p><strong>4) Inser\u00e7\u00e3o de Documentos em Processos (tutorial geral):<\/strong><\/p>\n\n\n\n<figure class=\"wp-block-embed\"><div class=\"wp-block-embed__wrapper\">\nhttps:\/\/www.youtube.com\/watch?v=A3yQHspM8yM;\n<\/div><\/figure>\n\n\n\n<p><strong>5) Inser\u00e7\u00e3o de Documentos em Processos (ferramenta &#8220;Escrever Documentos&#8221;):<\/strong><\/p>\n\n\n\n<figure class=\"wp-block-embed\"><div class=\"wp-block-embed__wrapper\">\nhttps:\/\/www.youtube.com\/watch?v=7Ob6s_ZDobk;\n<\/div><\/figure>\n\n\n\n<p><strong>6) Inser\u00e7\u00e3o de Documentos no SIPAC Diretamente (sem criar processo):<\/strong><\/p>\n\n\n\n<figure class=\"wp-block-embed\"><div class=\"wp-block-embed__wrapper\">\nhttps:\/\/www.youtube.com\/watch?v=tknNVpfmRB4;\n<\/div><\/figure>\n\n\n\n<p><strong>7) Cria\u00e7\u00e3o de Of\u00edcios:<\/strong><\/p>\n\n\n\n<figure class=\"wp-block-embed\"><div class=\"wp-block-embed__wrapper\">\nhttps:\/\/www.youtube.com\/watch?v=vdft49-_X-Q;\n<\/div><\/figure>\n","protected":false},"excerpt":{"rendered":"<p>Regimento DCSA &#8211; Regimento Interno do Departamento de Ci\u00eancias Sociais Aplicadas (DCSA\/CCAE) &#8211;&nbsp;clique aqui; Equipe [&hellip;]<\/p>\n","protected":false},"author":47,"featured_media":0,"parent":0,"menu_order":0,"comment_status":"closed","ping_status":"closed","template":"","meta":{"footnotes":""},"class_list":["post-85","page","type-page","status-publish","hentry"],"_links":{"self":[{"href":"https:\/\/www.ccae.ufpb.br\/dcsa2\/wp-json\/wp\/v2\/pages\/85","targetHints":{"allow":["GET"]}}],"collection":[{"href":"https:\/\/www.ccae.ufpb.br\/dcsa2\/wp-json\/wp\/v2\/pages"}],"about":[{"href":"https:\/\/www.ccae.ufpb.br\/dcsa2\/wp-json\/wp\/v2\/types\/page"}],"author":[{"embeddable":true,"href":"https:\/\/www.ccae.ufpb.br\/dcsa2\/wp-json\/wp\/v2\/users\/47"}],"replies":[{"embeddable":true,"href":"https:\/\/www.ccae.ufpb.br\/dcsa2\/wp-json\/wp\/v2\/comments?post=85"}],"version-history":[{"count":3,"href":"https:\/\/www.ccae.ufpb.br\/dcsa2\/wp-json\/wp\/v2\/pages\/85\/revisions"}],"predecessor-version":[{"id":184,"href":"https:\/\/www.ccae.ufpb.br\/dcsa2\/wp-json\/wp\/v2\/pages\/85\/revisions\/184"}],"wp:attachment":[{"href":"https:\/\/www.ccae.ufpb.br\/dcsa2\/wp-json\/wp\/v2\/media?parent=85"}],"curies":[{"name":"wp","href":"https:\/\/api.w.org\/{rel}","templated":true}]}}