{"id":127,"date":"2025-03-25T11:17:43","date_gmt":"2025-03-25T14:17:43","guid":{"rendered":"https:\/\/www.ccae.ufpb.br\/ded\/?page_id=127"},"modified":"2025-03-27T08:22:55","modified_gmt":"2025-03-27T11:22:55","slug":"galeria-de-ex-chefes-vice-chefes","status":"publish","type":"page","link":"https:\/\/www.ccae.ufpb.br\/ded\/galeria-de-ex-chefes-vice-chefes\/","title":{"rendered":"Galeria de ex-chefes | vice &#8211; chefes"},"content":{"rendered":"\n<p><\/p>\n\n\n\n<p>No tocante \u00e0 gest\u00e3o do DED, em uma perspectiva de continuidade ao trabalho que vem sendo desenvolvido, e visando construir o departamento como espa\u00e7o da promo\u00e7\u00e3o do conhecimento para a comunidade e com a comunidade, os seguintes professores atuaram na chefia e subchefia do DED:<\/p>\n\n\n\n<p><\/p>\n\n\n\n<p class=\"has-text-align-center\"><strong>Gest\u00e3o 2022-2024<\/strong><\/p>\n\n\n\n<div class=\"wp-block-columns is-layout-flex wp-container-core-columns-is-layout-9d6595d7 wp-block-columns-is-layout-flex\">\n<div class=\"wp-block-column is-vertically-aligned-center is-layout-flow wp-block-column-is-layout-flow\"><div class=\"wp-block-image\">\n<figure class=\"aligncenter size-full is-resized\"><img loading=\"lazy\" decoding=\"async\" width=\"112\" height=\"128\" src=\"https:\/\/www.ccae.ufpb.br\/ded\/wp-content\/uploads\/sites\/170\/sites\/272\/2025\/03\/3e83e610-375b-48bd-9e9f-890076ee4dca.jpeg\" alt=\"\" class=\"wp-image-128\" style=\"object-fit:cover;width:130px;height:150px\"\/><\/figure>\n<\/div>\n\n\n<p class=\"has-text-align-center\">Prof. Dr. Osmar H\u00e9lio Ara\u00fajo |Chefe<br><\/p>\n<\/div>\n\n\n\n<div class=\"wp-block-column is-layout-flow wp-block-column-is-layout-flow\"><div class=\"wp-block-image\">\n<figure class=\"aligncenter size-full is-resized\"><img loading=\"lazy\" decoding=\"async\" width=\"112\" height=\"128\" src=\"https:\/\/www.ccae.ufpb.br\/ded\/wp-content\/uploads\/sites\/170\/sites\/272\/2025\/03\/5951b4f1-f68c-4bcb-a7f3-a3102110aba2.png\" alt=\"\" class=\"wp-image-129\" style=\"aspect-ratio:0.8666666666666667;object-fit:cover;width:130px;height:auto\"\/><\/figure>\n<\/div>\n\n\n<p class=\"has-text-align-center\">Prof. Dr. Gilmar Leite Ferreira |Vice-Chefe<\/p>\n<\/div>\n<\/div>\n\n\n\n<hr class=\"wp-block-separator has-alpha-channel-opacity\"\/>\n\n\n\n<p><\/p>\n\n\n\n<p class=\"has-text-align-center\"><strong>Gest\u00e3o 2020-2022<\/strong><\/p>\n\n\n\n<div class=\"wp-block-columns is-layout-flex wp-container-core-columns-is-layout-9d6595d7 wp-block-columns-is-layout-flex\">\n<div class=\"wp-block-column is-vertically-aligned-center is-layout-flow wp-block-column-is-layout-flow\"><div class=\"wp-block-image\">\n<figure class=\"aligncenter size-full is-resized\"><img loading=\"lazy\" decoding=\"async\" width=\"112\" height=\"128\" src=\"https:\/\/www.ccae.ufpb.br\/ded\/wp-content\/uploads\/sites\/170\/sites\/272\/2025\/03\/3e83e610-375b-48bd-9e9f-890076ee4dca.jpeg\" alt=\"\" class=\"wp-image-128\" style=\"aspect-ratio:0.8666666666666667;object-fit:cover;width:130px;height:auto\"\/><\/figure>\n<\/div>\n\n\n<p class=\"has-text-align-center\">Prof. Dr. Osmar H\u00e9lio Ara\u00fajo |Chefe<br><\/p>\n<\/div>\n\n\n\n<div class=\"wp-block-column is-layout-flow wp-block-column-is-layout-flow\"><div class=\"wp-block-image\">\n<figure class=\"aligncenter size-full is-resized\"><img loading=\"lazy\" decoding=\"async\" width=\"112\" height=\"128\" src=\"https:\/\/www.ccae.ufpb.br\/ded\/wp-content\/uploads\/sites\/170\/sites\/272\/2025\/03\/5951b4f1-f68c-4bcb-a7f3-a3102110aba2.png\" alt=\"\" class=\"wp-image-129\" style=\"aspect-ratio:0.8666666666666667;object-fit:cover;width:130px;height:auto\"\/><\/figure>\n<\/div>\n\n\n<p class=\"has-text-align-center\">Prof. Dr. Gilmar Leite Ferreira |Vice-Chefe<\/p>\n<\/div>\n<\/div>\n\n\n\n<hr class=\"wp-block-separator has-alpha-channel-opacity\"\/>\n\n\n\n<p><\/p>\n\n\n\n<p class=\"has-text-align-center\"><strong>Gest\u00e3o 2019-2020<\/strong><\/p>\n\n\n\n<div class=\"wp-block-columns is-layout-flex wp-container-core-columns-is-layout-9d6595d7 wp-block-columns-is-layout-flex\">\n<div class=\"wp-block-column is-vertically-aligned-center is-layout-flow wp-block-column-is-layout-flow\"><div class=\"wp-block-image\">\n<figure class=\"aligncenter size-full is-resized\"><img loading=\"lazy\" decoding=\"async\" width=\"100\" height=\"125\" src=\"http:\/\/www.ccae.ufpb.br\/ded\/wp-content\/uploads\/sites\/170\/sites\/272\/2025\/03\/27eecc5b-154e-41a9-ac29-6a9b43840449.png\" alt=\"\" class=\"wp-image-79\" style=\"aspect-ratio:0.8666666666666667;object-fit:cover;width:130px;height:auto\"\/><\/figure>\n<\/div>\n\n\n<p class=\"has-text-align-center\">Prof. Dr. Ivonaldo Neres Leite&nbsp;|Chefe<br><\/p>\n<\/div>\n\n\n\n<div class=\"wp-block-column is-layout-flow wp-block-column-is-layout-flow\"><div class=\"wp-block-image\">\n<figure class=\"aligncenter size-full is-resized\"><img loading=\"lazy\" decoding=\"async\" width=\"102\" height=\"128\" src=\"http:\/\/www.ccae.ufpb.br\/ded\/wp-content\/uploads\/sites\/170\/sites\/272\/2025\/03\/af0357cc-edbd-4722-bb3c-b793e5471b6e-1.png\" alt=\"\" class=\"wp-image-135\" style=\"aspect-ratio:0.8666666666666667;object-fit:cover;width:130px;height:auto\"\/><\/figure>\n<\/div>\n\n\n<p class=\"has-text-align-center\">Profa. Dra. C\u00e9lia Regina Teixeira |Vice-Chefe<\/p>\n<\/div>\n<\/div>\n\n\n\n<hr class=\"wp-block-separator has-alpha-channel-opacity\"\/>\n\n\n\n<p><\/p>\n\n\n\n<p class=\"has-text-align-center\"><strong>Gest\u00e3o 2017-2019<\/strong>&nbsp;<\/p>\n\n\n\n<div class=\"wp-block-columns is-layout-flex wp-container-core-columns-is-layout-9d6595d7 wp-block-columns-is-layout-flex\">\n<div class=\"wp-block-column is-vertically-aligned-center is-layout-flow wp-block-column-is-layout-flow\"><div class=\"wp-block-image\">\n<figure class=\"aligncenter size-full is-resized\"><img loading=\"lazy\" decoding=\"async\" width=\"102\" height=\"128\" src=\"http:\/\/www.ccae.ufpb.br\/ded\/wp-content\/uploads\/sites\/170\/sites\/272\/2025\/03\/769eed43-956e-436d-9931-ad1e11525363-1.png\" alt=\"\" class=\"wp-image-136\" style=\"aspect-ratio:0.8666666666666667;object-fit:cover;width:130px;height:auto\"\/><\/figure>\n<\/div>\n\n\n<p class=\"has-text-align-center\">Profa. Dra. Evelyn Fernandes A. Faheina |Chefe<br><br><\/p>\n<\/div>\n\n\n\n<div class=\"wp-block-column is-layout-flow wp-block-column-is-layout-flow\"><div class=\"wp-block-image\">\n<figure class=\"aligncenter size-full is-resized\"><img loading=\"lazy\" decoding=\"async\" width=\"100\" height=\"125\" src=\"http:\/\/www.ccae.ufpb.br\/ded\/wp-content\/uploads\/sites\/170\/sites\/272\/2025\/03\/78cd766c-5e5d-4c89-a66d-8fe3bda823aa.png\" alt=\"\" class=\"wp-image-94\" style=\"aspect-ratio:0.8666666666666667;object-fit:cover;width:130px;height:auto\"\/><\/figure>\n<\/div>\n\n\n<p class=\"has-text-align-center\">Profa. Dra. Maria V. R.&nbsp;Soares |Vice-Chefe<\/p>\n<\/div>\n<\/div>\n\n\n\n<hr class=\"wp-block-separator has-alpha-channel-opacity\"\/>\n\n\n\n<p><\/p>\n\n\n\n<p class=\"has-text-align-center\"><strong>Gest\u00e3o 2015-2017<\/strong>&nbsp;<\/p>\n\n\n\n<div class=\"wp-block-columns is-layout-flex wp-container-core-columns-is-layout-9d6595d7 wp-block-columns-is-layout-flex\">\n<div class=\"wp-block-column is-vertically-aligned-center is-layout-flow wp-block-column-is-layout-flow\"><div class=\"wp-block-image\">\n<figure class=\"aligncenter size-full is-resized\"><img loading=\"lazy\" decoding=\"async\" width=\"100\" height=\"125\" src=\"http:\/\/www.ccae.ufpb.br\/ded\/wp-content\/uploads\/sites\/170\/sites\/272\/2025\/03\/9977bb2e-40b2-4e25-ab46-0c47aab2a149.png\" alt=\"\" class=\"wp-image-90\" style=\"aspect-ratio:0.8666666666666667;object-fit:cover;width:130px;height:auto\"\/><\/figure>\n<\/div>\n\n\n<p class=\"has-text-align-center\">Profa. Dra. Francymara Antonino Nunes\u00a0de\u00a0Assis\u00a0\u00a0|Chefe<br><br><\/p>\n<\/div>\n\n\n\n<div class=\"wp-block-column is-layout-flow wp-block-column-is-layout-flow\"><div class=\"wp-block-image\">\n<figure class=\"aligncenter size-full is-resized\"><img loading=\"lazy\" decoding=\"async\" width=\"100\" height=\"125\" src=\"http:\/\/www.ccae.ufpb.br\/ded\/wp-content\/uploads\/sites\/170\/sites\/272\/2025\/03\/8af842fc-bc3d-437d-bb03-e18e194f47e0.png\" alt=\"\" class=\"wp-image-89\" style=\"aspect-ratio:0.8666666666666667;object-fit:cover;width:130px;height:auto\"\/><\/figure>\n<\/div>\n\n\n<p class=\"has-text-align-center\">Profa. Dra. Francisca Terezinha Oliveira Alves |Vice-Chefe<\/p>\n<\/div>\n<\/div>\n\n\n\n<hr class=\"wp-block-separator has-alpha-channel-opacity\"\/>\n\n\n\n<p><\/p>\n\n\n\n<p class=\"has-text-align-center\"><strong>Gest\u00e3o 2013-2015<\/strong>&nbsp;<\/p>\n\n\n\n<div class=\"wp-block-columns is-layout-flex wp-container-core-columns-is-layout-9d6595d7 wp-block-columns-is-layout-flex\">\n<div class=\"wp-block-column is-vertically-aligned-center is-layout-flow wp-block-column-is-layout-flow\"><div class=\"wp-block-image\">\n<figure class=\"aligncenter size-full is-resized\"><img loading=\"lazy\" decoding=\"async\" width=\"97\" height=\"125\" src=\"http:\/\/www.ccae.ufpb.br\/ded\/wp-content\/uploads\/sites\/170\/sites\/272\/2025\/03\/b67a16c5-267d-4922-9ef9-8a3f30374ba4-e1743073963681.png\" alt=\"\" class=\"wp-image-139\" style=\"aspect-ratio:0.8666666666666667;object-fit:cover;width:130px;height:auto\"\/><\/figure>\n<\/div>\n\n\n<p class=\"has-text-align-center\">Profa. Dra. Mel\u00e2nia Lopes Corn\u00e9lio |Chefe<br><br><\/p>\n<\/div>\n\n\n\n<div class=\"wp-block-column is-layout-flow wp-block-column-is-layout-flow\"><div class=\"wp-block-image\">\n<figure class=\"aligncenter size-full is-resized\"><img loading=\"lazy\" decoding=\"async\" width=\"102\" height=\"128\" src=\"http:\/\/www.ccae.ufpb.br\/ded\/wp-content\/uploads\/sites\/170\/sites\/272\/2025\/03\/57778fa9-c7bd-4f0d-834e-fee8f35489a6-1.png\" alt=\"\" class=\"wp-image-81\" style=\"aspect-ratio:0.8666666666666667;object-fit:cover;width:130px;height:auto\"\/><\/figure>\n<\/div>\n\n\n<p class=\"has-text-align-center\">Profa. Dra. Renata Monteiro Garcia |Vice-Chefe<br><\/p>\n<\/div>\n<\/div>\n\n\n\n<hr class=\"wp-block-separator has-alpha-channel-opacity\"\/>\n\n\n\n<p><\/p>\n\n\n\n<p class=\"has-text-align-center\"><strong>Gest\u00e3o 2011-2013<\/strong>&nbsp;<\/p>\n\n\n\n<div class=\"wp-block-columns is-layout-flex wp-container-core-columns-is-layout-9d6595d7 wp-block-columns-is-layout-flex\">\n<div class=\"wp-block-column is-vertically-aligned-center is-layout-flow wp-block-column-is-layout-flow\"><div class=\"wp-block-image\">\n<figure class=\"aligncenter size-full is-resized\"><img loading=\"lazy\" decoding=\"async\" width=\"100\" height=\"125\" src=\"http:\/\/www.ccae.ufpb.br\/ded\/wp-content\/uploads\/sites\/170\/sites\/272\/2025\/03\/27eecc5b-154e-41a9-ac29-6a9b43840449.png\" alt=\"\" class=\"wp-image-79\" style=\"aspect-ratio:0.8666666666666667;object-fit:cover;width:130px;height:auto\"\/><\/figure>\n<\/div>\n\n\n<p class=\"has-text-align-center\">Prof. Dr. Ivonaldo Neres Leite\u00a0|Chefe<br><br><\/p>\n<\/div>\n\n\n\n<div class=\"wp-block-column is-layout-flow wp-block-column-is-layout-flow\"><div class=\"wp-block-image\">\n<figure class=\"aligncenter size-full is-resized\"><img loading=\"lazy\" decoding=\"async\" width=\"103\" height=\"128\" src=\"http:\/\/www.ccae.ufpb.br\/ded\/wp-content\/uploads\/sites\/170\/sites\/272\/2025\/03\/11367d5e-e4ce-4c18-b4cf-db5bdde834a1.jpeg\" alt=\"\" class=\"wp-image-78\" style=\"aspect-ratio:0.8666666666666667;object-fit:cover;width:130px;height:auto\"\/><\/figure>\n<\/div>\n\n\n<p class=\"has-text-align-center\">Prof. Dr. Antonio Alberto Pereira|Vice-Chefe<\/p>\n<\/div>\n<\/div>\n\n\n\n<hr class=\"wp-block-separator has-alpha-channel-opacity\"\/>\n\n\n\n<p><\/p>\n\n\n\n<p class=\"has-text-align-center\"><strong>Gest\u00e3o 2009-2011<\/strong>&nbsp;<\/p>\n\n\n\n<div class=\"wp-block-columns is-layout-flex wp-container-core-columns-is-layout-9d6595d7 wp-block-columns-is-layout-flex\">\n<div class=\"wp-block-column is-vertically-aligned-center is-layout-flow wp-block-column-is-layout-flow\"><div class=\"wp-block-image\">\n<figure class=\"aligncenter size-full is-resized\"><img loading=\"lazy\" decoding=\"async\" width=\"68\" height=\"85\" src=\"http:\/\/www.ccae.ufpb.br\/ded\/wp-content\/uploads\/sites\/170\/sites\/272\/2025\/03\/5710297c-7acc-4892-87aa-855c45efb8a8.png\" alt=\"\" class=\"wp-image-75\" style=\"aspect-ratio:0.8666666666666667;object-fit:cover;width:130px;height:auto\"\/><\/figure>\n<\/div>\n\n\n<p class=\"has-text-align-center\">Profa. Dra. S\u00f4nia Maria C\u00e2ndido da Silva|Chefe<br><br><br><\/p>\n<\/div>\n\n\n\n<div class=\"wp-block-column is-layout-flow wp-block-column-is-layout-flow\"><div class=\"wp-block-image\">\n<figure class=\"aligncenter size-full is-resized\"><img loading=\"lazy\" decoding=\"async\" width=\"100\" height=\"125\" src=\"http:\/\/www.ccae.ufpb.br\/ded\/wp-content\/uploads\/sites\/170\/sites\/272\/2025\/03\/ecb334d4-4224-4965-8121-4768346c334e.png\" alt=\"\" class=\"wp-image-80\" style=\"aspect-ratio:0.8666666666666667;object-fit:cover;width:130px;height:auto\"\/><\/figure>\n<\/div>\n\n\n<p class=\"has-text-align-center\">Prof. Dr. Paulo Roberto Palhano Silva|Vice-Chefe<\/p>\n<\/div>\n<\/div>\n\n\n\n<hr class=\"wp-block-separator has-alpha-channel-opacity\"\/>\n\n\n\n<p><\/p>\n\n\n\n<p class=\"has-text-align-center\"><strong>Gest\u00e3o 2009-2009<\/strong>&nbsp;<\/p>\n\n\n\n<div class=\"wp-block-columns is-layout-flex wp-container-core-columns-is-layout-9d6595d7 wp-block-columns-is-layout-flex\">\n<div class=\"wp-block-column is-vertically-aligned-center is-layout-flow wp-block-column-is-layout-flow\"><div class=\"wp-block-image\">\n<figure class=\"aligncenter size-full is-resized\"><img loading=\"lazy\" decoding=\"async\" width=\"100\" height=\"125\" src=\"http:\/\/www.ccae.ufpb.br\/ded\/wp-content\/uploads\/sites\/170\/sites\/272\/2025\/03\/8af842fc-bc3d-437d-bb03-e18e194f47e0.png\" alt=\"\" class=\"wp-image-89\" style=\"aspect-ratio:0.8666666666666667;object-fit:cover;width:130px;height:auto\"\/><\/figure>\n<\/div>\n\n\n<p class=\"has-text-align-center\">Profa. Dra. Francisca Terezinha Oliveira Alves\u00a0|Chefe<br><br><br><\/p>\n<\/div>\n\n\n\n<div class=\"wp-block-column is-layout-flow wp-block-column-is-layout-flow\"><div class=\"wp-block-image\">\n<figure class=\"aligncenter size-full is-resized\"><img loading=\"lazy\" decoding=\"async\" width=\"100\" height=\"125\" src=\"http:\/\/www.ccae.ufpb.br\/ded\/wp-content\/uploads\/sites\/170\/sites\/272\/2025\/03\/1d808929-60f2-4c7e-9d20-c9959e14dba2.png\" alt=\"\" class=\"wp-image-143\" style=\"aspect-ratio:0.8666666666666667;object-fit:cover;width:130px;height:auto\"\/><\/figure>\n<\/div>\n\n\n<p class=\"has-text-align-center\">Profa. Dra.\u00a0Isabel Marinho da Costa\u00a0|Vice-Chefe<\/p>\n<\/div>\n<\/div>\n\n\n\n<hr class=\"wp-block-separator has-alpha-channel-opacity\"\/>\n\n\n\n<p><\/p>\n\n\n\n<p class=\"has-text-align-center\"><strong>Gest\u00e3o 2009-2009<\/strong>&nbsp;<\/p>\n\n\n\n<div class=\"wp-block-columns is-layout-flex wp-container-core-columns-is-layout-9d6595d7 wp-block-columns-is-layout-flex\">\n<div class=\"wp-block-column is-vertically-aligned-center is-layout-flow wp-block-column-is-layout-flow\"><div class=\"wp-block-image\">\n<figure class=\"aligncenter size-full is-resized\"><img loading=\"lazy\" decoding=\"async\" width=\"102\" height=\"128\" src=\"https:\/\/www.ccae.ufpb.br\/ded\/wp-content\/uploads\/sites\/170\/sites\/272\/2025\/03\/54378377-84ac-4f97-b85f-944a57ecc02c-1.png\" alt=\"\" class=\"wp-image-144\" style=\"aspect-ratio:0.8666666666666667;object-fit:cover;width:130px;height:auto\"\/><\/figure>\n<\/div>\n\n\n<p class=\"has-text-align-center\">Profa. Dra. Eunice Sim\u00f5es Lins<br><br><\/p>\n<\/div>\n<\/div>\n\n\n\n<hr class=\"wp-block-separator has-alpha-channel-opacity\"\/>\n\n\n\n<p><\/p>\n\n\n\n<p class=\"has-text-align-center\"><strong>Gest\u00e3o 2009-2009<\/strong>&nbsp;<\/p>\n\n\n\n<div class=\"wp-block-columns is-layout-flex wp-container-core-columns-is-layout-9d6595d7 wp-block-columns-is-layout-flex\">\n<div class=\"wp-block-column is-vertically-aligned-center is-layout-flow wp-block-column-is-layout-flow\"><div class=\"wp-block-image\">\n<figure class=\"aligncenter size-full is-resized\"><img loading=\"lazy\" decoding=\"async\" width=\"98\" height=\"128\" src=\"https:\/\/www.ccae.ufpb.br\/ded\/wp-content\/uploads\/sites\/170\/sites\/272\/2025\/03\/9142c7ed-e27c-4ad4-b33e-8fc6432420e6-1.jpeg\" alt=\"\" class=\"wp-image-145\" style=\"aspect-ratio:0.8666666666666667;object-fit:cover;width:130px;height:auto\"\/><\/figure>\n<\/div>\n\n\n<p class=\"has-text-align-center\">Prof. Dr. Lusival Antonio Barcellos\u00a0<br><br><\/p>\n<\/div>\n<\/div>\n\n\n\n<p><\/p>\n","protected":false},"excerpt":{"rendered":"<p>No tocante \u00e0 gest\u00e3o do DED, em uma perspectiva de continuidade ao trabalho que vem sendo desenvolvido, e visando construir o departamento como espa\u00e7o da promo\u00e7\u00e3o do conhecimento para a comunidade e com a comunidade, os seguintes professores atuaram na chefia e subchefia do DED: Gest\u00e3o 2022-2024 Prof. Dr. Osmar H\u00e9lio Ara\u00fajo |Chefe Prof. Dr. [&hellip;]<\/p>\n","protected":false},"author":63,"featured_media":0,"parent":0,"menu_order":0,"comment_status":"closed","ping_status":"closed","template":"","meta":{"footnotes":""},"class_list":["post-127","page","type-page","status-publish","hentry"],"_links":{"self":[{"href":"https:\/\/www.ccae.ufpb.br\/ded\/wp-json\/wp\/v2\/pages\/127","targetHints":{"allow":["GET"]}}],"collection":[{"href":"https:\/\/www.ccae.ufpb.br\/ded\/wp-json\/wp\/v2\/pages"}],"about":[{"href":"https:\/\/www.ccae.ufpb.br\/ded\/wp-json\/wp\/v2\/types\/page"}],"author":[{"embeddable":true,"href":"https:\/\/www.ccae.ufpb.br\/ded\/wp-json\/wp\/v2\/users\/63"}],"replies":[{"embeddable":true,"href":"https:\/\/www.ccae.ufpb.br\/ded\/wp-json\/wp\/v2\/comments?post=127"}],"version-history":[{"count":11,"href":"https:\/\/www.ccae.ufpb.br\/ded\/wp-json\/wp\/v2\/pages\/127\/revisions"}],"predecessor-version":[{"id":148,"href":"https:\/\/www.ccae.ufpb.br\/ded\/wp-json\/wp\/v2\/pages\/127\/revisions\/148"}],"wp:attachment":[{"href":"https:\/\/www.ccae.ufpb.br\/ded\/wp-json\/wp\/v2\/media?parent=127"}],"curies":[{"name":"wp","href":"https:\/\/api.w.org\/{rel}","templated":true}]}}