{"id":25,"date":"2025-03-24T11:38:38","date_gmt":"2025-03-24T14:38:38","guid":{"rendered":"https:\/\/www.ccae.ufpb.br\/ded\/?page_id=25"},"modified":"2026-04-09T17:24:36","modified_gmt":"2026-04-09T20:24:36","slug":"apresentacao","status":"publish","type":"page","link":"https:\/\/www.ccae.ufpb.br\/ded\/apresentacao\/","title":{"rendered":"Apresenta\u00e7\u00e3o"},"content":{"rendered":"\n<p><\/p>\n\n\n<div class=\"wp-block-image\">\n<figure class=\"aligncenter size-full is-resized\"><img decoding=\"async\" src=\"http:\/\/www.ccae.ufpb.br\/ded\/wp-content\/uploads\/sites\/170\/sites\/272\/2025\/03\/dfd0a3d6-13d7-49e1-8bd4-ef824355ba63.png\" alt=\"\" class=\"wp-image-31\" style=\"width:198px;height:auto\" \/><\/figure>\n<\/div>\n\n\n<p class=\" \">O Departamento de Educa\u00e7\u00e3o (DED), criado no ano de 2006, \u00e9 uma unidade org\u00e2nica de ensino, pesquisa e extens\u00e3o doCentrodeCi\u00eanciasAplicadas e Educa\u00e7\u00e3o | CCAE | Universidade Federal da Para\u00edba | UFPB | Campus IV. O DED, enquanto unidade departamental, integra a estrutura do CCAE desde a sua cria\u00e7\u00e3o por meio da Resolu\u00e7\u00e3o do CONSUNI 06\/2006, de 08 de maio de 2006,&nbsp;oferece o Curso de Licenciatura em Pedagogia, na modalidade presencial.<\/p>\n\n\n\n<p>A cada ano, cinquenta (50) estudantes, em m\u00e9dia, ingressam no Curso de Licenciatura em Pedagogia do DED. Al\u00e9m disso, um n\u00famero consider\u00e1vel dos estudantes egressos d\u00e1 continuidade aos seus estudos superiores no campo do magist\u00e9rio, por meio dos cursos de especializa\u00e7\u00e3o e dos programas de P\u00f3s-Gradua\u00e7\u00e3o&nbsp;<em>Stricto Sensu<\/em>&nbsp;&#8211; mestrado e doutorado, assim como passam a exercer o magist\u00e9rio nas diversas modalidades e n\u00edveis educacionais.&nbsp;<\/p>\n\n\n\n<p>Consciente tamb\u00e9m da import\u00e2ncia do desenvolvimento profissional dos profissionais de educa\u00e7\u00e3o e\/ou outros profissionais envolvidos em educa\u00e7\u00e3o,&nbsp;o DED tamb\u00e9m ofereceu o curso de P\u00f3s-Gradua\u00e7\u00e3o Lato Sensu em Doc\u00eancia nos anos iniciais do Ensino Fundamental, assim como promove&nbsp;cursos de extens\u00e3o universit\u00e1ria\/cursos de aperfei\u00e7oamento.<\/p>\n\n\n\n<p class=\" \">O DED tem por objetivo servir \u00e0 sociedade mediante a socializa\u00e7\u00e3o&nbsp;do conhecimento&nbsp;na \u00e1rea da Pedagogia, colaborando com a forma\u00e7\u00e3o de profissionais que exer\u00e7am fun\u00e7\u00f5es de magist\u00e9rio na Educa\u00e7\u00e3o Infantil e nos anos iniciais do Ensino Fundamental, nos cursos de Ensino M\u00e9dio, na modalidade Normal, na Educa\u00e7\u00e3o de Jovens e Adultos, e\/ou na Educa\u00e7\u00e3o Profissional&nbsp;na \u00e1rea de servi\u00e7os e apoio escolar e em outras \u00e1reas nas quais sejam previstos conhecimentos pedag\u00f3gicos.<\/p>\n\n\n\n<p class=\" \">Para cumprir esta miss\u00e3o, o corpo docente que comp\u00f5e o DED atua nos tr\u00eas&nbsp; pilares da estrutura acad\u00eamica universit\u00e1ria: ensino, pesquisa e extens\u00e3o. Como estrutura de apoio a esses pilares o departamento conta com o Laborat\u00f3rio de Pedagogia (LABOPED).<\/p>\n\n\n\n<p class=\" \">Os docentes do DED, envolvidos em diversos projetos de ensino, pesquisa e extens\u00e3o, nos \u00e2mbitos nacionais e internacionais, est\u00e3o organizados em tr\u00eas \u00e1reas, a saber: Organiza\u00e7\u00e3o do trabalho pedag\u00f3gico; Ensinos e Fundamentos da educa\u00e7\u00e3o.<\/p>\n\n\n\n<p class=\" \">Para al\u00e9m do ensino, da pesquisa e da extens\u00e3o nos diversos contextos do CCAE | UFPB | Campus IV, docentes do DED integram diversos Programas de P\u00f3s-gradua\u00e7\u00e3o&nbsp;<em>stricto sensu<\/em>&nbsp;daUFPB. Al\u00e9m do mais, os docentes participam, ainda, em uma perspectiva de coopera\u00e7\u00e3o, na promo\u00e7\u00e3o e socializa\u00e7\u00e3o do conhecimento com\/para a comunidade em outros campi da UFPB.<\/p>\n\n\n\n<p class=\" \">Em s\u00edntese, a&nbsp;breve apresenta\u00e7\u00e3o desse departamento \u00e9, no entanto, subsidiada pela longa hist\u00f3ria da UFPB na forma\u00e7\u00e3o de professores no Estado da Para\u00edba.<\/p>\n\n\n\n<p class=\" \">Neste contexto das informa\u00e7\u00f5es apresentadas, o DED, com otimismo no presente-futuro, vem constituindo-se como um espa\u00e7o de reflex\u00e3o, discuss\u00e3o e partilha atrav\u00e9s da participa\u00e7\u00e3o dos docentes e dos estudantes acerca de quest\u00f5es atuais da educa\u00e7\u00e3o que nos desafiam, bem como na constru\u00e7\u00e3o de a\u00e7\u00f5es (\u201cnovas\u201d) e horizontes poss\u00edveis.<\/p>\n\n\n\n<p class=\" \">&nbsp;<\/p>\n\n\n\n<h3 class=\"wp-block-heading\">Sobre o Logo do Departamento de Educa\u00e7\u00e3o (DED)<\/h3>\n\n\n\n<p><\/p>\n\n\n\n<p class=\"has-text-align-center  \"><img decoding=\"async\" src=\"https:\/\/www.ufpb.br\/ded\/contents\/imagens\/logo-departamento.png\/@@images\/686348bc-e8b6-40fd-9484-c0075c5acfdd.png\" alt=\"Logo - departamento\"><\/p>\n\n\n\n<p><\/p>\n\n\n\n<p class=\" \">O Logo do Departamento de Educa\u00e7\u00e3o \u00e9 composto por um livro estilizado, a sigla DED centralizada e um \u00edcone de um l\u00e1pis estilizado escrevendo esta mesma sigla. Apresenta simbolicamente a combina\u00e7\u00e3o de duas ferramentas fundamentais para a educa\u00e7\u00e3o, o caderno e o l\u00e1pis, instrumentos de uso di\u00e1rio do professor e do aluno. Esses instrumentos milenares acompanhar\u00e3o o homem em sua constante busca pelo conhecimento por toda a sua vida.<\/p>\n\n\n\n<p class=\" \">&nbsp;<\/p>\n\n\n\n<p><a href=\"https:\/\/www.ccae.ufpb.br\/ded\/galeria-de-ex-chefes-vice-chefes\/\" target=\"_blank\" rel=\"noreferrer noopener\">Galeria de ex-chefes | vice &#8211; chefes<\/a><\/p>\n\n\n\n<p><a href=\"http:\/\/www.ccae.ufpb.br\/ded\/wp-content\/uploads\/sites\/170\/sites\/272\/2025\/03\/apresentando-ded-em-poucas-palavras.pdf\" target=\"_blank\" rel=\"noreferrer noopener\">Folder Apresentando o DED em poucas palavras&#8230;<\/a><\/p>\n\n\n\n<p><strong>Para conhecer mais sobre o DED<\/strong> <a href=\"https:\/\/sigaa.ufpb.br\/sigaa\/public\/departamento\/portal.jsf?id=1635\" target=\"_blank\" rel=\"noreferrer noopener\">Clique aqui<\/a><\/p>\n\n\n\n<p><\/p>\n","protected":false},"excerpt":{"rendered":"<p>O Departamento de Educa\u00e7\u00e3o (DED), criado no ano de 2006, \u00e9 uma unidade org\u00e2nica de ensino, pesquisa e extens\u00e3o do Centro de Ci\u00eancias Aplicadas e Educa\u00e7\u00e3o | CCAE | Universidade Federal da Para\u00edba | UFPB | Campus IV. O DED, enquanto unidade departamental, integra a estrutura do CCAE desde a sua cria\u00e7\u00e3o por meio da Resolu\u00e7\u00e3o do CONSUNI 06\/2006, de 08 de maio de 2006, oferece o Curso de Licenciatura em Pedagogia, na modalidade presencial.<\/p>\n","protected":false},"author":47,"featured_media":31,"parent":0,"menu_order":0,"comment_status":"closed","ping_status":"closed","template":"","meta":{"footnotes":""},"class_list":["post-25","page","type-page","status-publish","has-post-thumbnail","hentry"],"_links":{"self":[{"href":"https:\/\/www.ccae.ufpb.br\/ded\/wp-json\/wp\/v2\/pages\/25","targetHints":{"allow":["GET"]}}],"collection":[{"href":"https:\/\/www.ccae.ufpb.br\/ded\/wp-json\/wp\/v2\/pages"}],"about":[{"href":"https:\/\/www.ccae.ufpb.br\/ded\/wp-json\/wp\/v2\/types\/page"}],"author":[{"embeddable":true,"href":"https:\/\/www.ccae.ufpb.br\/ded\/wp-json\/wp\/v2\/users\/47"}],"replies":[{"embeddable":true,"href":"https:\/\/www.ccae.ufpb.br\/ded\/wp-json\/wp\/v2\/comments?post=25"}],"version-history":[{"count":11,"href":"https:\/\/www.ccae.ufpb.br\/ded\/wp-json\/wp\/v2\/pages\/25\/revisions"}],"predecessor-version":[{"id":262,"href":"https:\/\/www.ccae.ufpb.br\/ded\/wp-json\/wp\/v2\/pages\/25\/revisions\/262"}],"wp:featuredmedia":[{"embeddable":true,"href":"https:\/\/www.ccae.ufpb.br\/ded\/wp-json\/wp\/v2\/media\/31"}],"wp:attachment":[{"href":"https:\/\/www.ccae.ufpb.br\/ded\/wp-json\/wp\/v2\/media?parent=25"}],"curies":[{"name":"wp","href":"https:\/\/api.w.org\/{rel}","templated":true}]}}