{"id":146,"date":"2026-04-13T14:27:01","date_gmt":"2026-04-13T17:27:01","guid":{"rendered":"https:\/\/www.ccae.ufpb.br\/lcc\/?page_id=146"},"modified":"2026-04-13T18:06:28","modified_gmt":"2026-04-13T21:06:28","slug":"arquivo","status":"publish","type":"page","link":"https:\/\/www.ccae.ufpb.br\/lcc\/arquivo\/","title":{"rendered":"Arquivo"},"content":{"rendered":"\n<p>Nesta p\u00e1gina encontram-se informa\u00e7\u00f5es antigas j\u00e1 publicadas no site apenas para manuten\u00e7\u00e3o do hist\u00f3rico.<\/p>\n\n\n\n<h2 class=\"wp-block-heading\"><div class=\"linha-header\"><strong>ENADE 2025<\/strong><\/div><\/h2>\n\n\n\n<p>Conforme previsto no Edital do ENADE 2025, o Enade das licenciaturas envolve:&nbsp;&nbsp;<\/p>\n\n\n\n<ul class=\"wp-block-list\">\n<li>Avalia\u00e7\u00e3o Te\u00f3rica (AT): para estudantes habilitados de cursos de licenciatura, em computa\u00e7\u00e3o. Esses estudantes dever\u00e3o cumprir todas as regras estabelecidas em edital espec\u00edfico da Prova Nacional Docente (PND) 2025.<\/li>\n\n\n\n<li>Avalia\u00e7\u00e3o da Pr\u00e1tica (AP): para estudantes habilitados de cursos de licenciatura em computa\u00e7\u00e3o. Esses estudantes e as Institui\u00e7\u00f5es de Educa\u00e7\u00e3o Superior (IES) dever\u00e3o cumprir todas as regras estabelecidas em edital espec\u00edfico da AP.<\/li>\n<\/ul>\n\n\n\n<p>Conforme previsto na <a href=\"https:\/\/www.in.gov.br\/en\/web\/dou\/-\/portaria-n-359-de-29-de-maio-de-2025-632880671\">portaria no. 359<\/a>, de 29 de maio de 2025, o instrumento de Avalia\u00e7\u00e3o Te\u00f3rica (prova) do Enade das Licenciaturas ser\u00e1 o mesmo da <a href=\"https:\/\/pnd.inep.gov.br\/pnd\/\">Prova Nacional Docente &#8211; PND<\/a>. Assim, os resultados dos estudantes poder\u00e3o ser utilizados pelos entes federativos como etapa \u00fanica ou complementar de sele\u00e7\u00e3o nos seus editais para admiss\u00e3o de docentes.<\/p>\n\n\n\n<p>No sistema do PND os estudantes devem tamb\u00e9m preencher, como parte do ENADE, o<strong> Question\u00e1rio do Estudante.<\/strong><\/p>\n\n\n\n<h2 class=\"wp-block-heading\"><div class=\"linha-header\"><strong>ENADE 2021<\/strong><\/div><\/h2>\n\n\n\n<p class=\" \">Em 2021, as provas do Enade foram realizadas dia 14 de novembro. A Coordena\u00e7\u00e3o do curso realizou as inscri\u00e7\u00f5es dos ingressantes e concluintes habilitados ao Enade 2021, mas apenas os concluintes necessitavam fazer a prova.<\/p>\n\n\n\n<p class=\" \"><strong>Ingressantes<\/strong>,&nbsp;<a href=\"https:\/\/docs.google.com\/spreadsheets\/d\/e\/2PACX-1vTkbjwLOByPso1W7d0lZsHY_NrY53YklorigFK4oje9UD26HUyz1Hu5MHIK1hpulAOc-4Tvxz1Xtzxe\/pubhtml?gid=0&amp;single=true\" target=\"_blank\" rel=\"noreferrer noopener\">confiram aqui a lista de inscritos no Enade 2021<\/a>.&nbsp;<\/p>\n\n\n\n<p class=\" \"><strong>Concluintes<\/strong>,&nbsp;<a href=\"https:\/\/docs.google.com\/spreadsheets\/d\/e\/2PACX-1vTkbjwLOByPso1W7d0lZsHY_NrY53YklorigFK4oje9UD26HUyz1Hu5MHIK1hpulAOc-4Tvxz1Xtzxe\/pubhtml?gid=1265206467&amp;single=true\" target=\"_blank\" rel=\"noreferrer noopener\">confiram aqui a lista de inscritos no Enade 2021<\/a>.<\/p>\n\n\n\n<p><strong>Informa\u00e7\u00f5es importantes para concluintes (ENADE 2021)<\/strong><\/p>\n\n\n\n<blockquote class=\"wp-block-quote is-layout-flow wp-block-quote-is-layout-flow\">\n<p>Uma vez que o ENADE \u00e9&nbsp;componente curricular obrigat\u00f3rio, nos anos de avalia\u00e7\u00e3o, os alunos concluintes dever\u00e3o fazer a prova&nbsp;sob pena de n\u00e3o colarem grau caso n\u00e3o a fa\u00e7am.&nbsp;<\/p>\n<\/blockquote>\n\n\n\n<p>A prova ser\u00e1 realizada dia 14 de novembro e ter\u00e1 dura\u00e7\u00e3o total de&nbsp;<strong>4 horas.&nbsp;<\/strong>Ela&nbsp;ser\u00e1 composta por uma parte de&nbsp;<strong>Forma\u00e7\u00e3o Geral&nbsp;<\/strong>e uma de&nbsp;<strong>Componente Espec\u00edfico<\/strong>, divididas conforme abaixo:<\/p>\n\n\n\n<ul class=\"wp-block-list\">\n<li>A parte de Forma\u00e7\u00e3o Geral ter\u00e1&nbsp;<strong>10 quest\u00f5es<\/strong>, sendo 2 discursivas e 8 de m\u00faltipla escolha, envolvendo situa\u00e7\u00f5es-problema e estudos de casos;&nbsp;<\/li>\n\n\n\n<li>A parte de Componente Espec\u00edfico de cada \u00e1rea de avalia\u00e7\u00e3o ter\u00e1&nbsp;<strong>30 quest\u00f5es<\/strong>, sendo 3 discursivas e 27 de m\u00faltipla escolha, envolvendo situa\u00e7\u00f5es-problema e estudo de casos.<br><a href=\"https:\/\/docs.google.com\/presentation\/d\/e\/2PACX-1vRBw_7Deq5hRmTiV-pW36PsMABGNRNwux5WarLEVNSZXDRk4tSwsgW0FB37H_4RJQ\/pub?start=false&amp;loop=false&amp;delayms=3000&amp;slide=id.p1\" target=\"_blank\" rel=\"noreferrer noopener\"><\/a><br><\/li>\n<\/ul>\n\n\n\n<p class=\" \"><a href=\"https:\/\/drive.google.com\/file\/d\/1shN-krMkz2DA5dxzA4u_UnaAb2fxu5Vm\/view?usp=sharing\" target=\"_blank\" rel=\"noreferrer noopener\">&nbsp;Acesse aqui o Edital Enade 2021<\/a><\/p>\n\n\n\n<figure class=\"wp-block-table\"><table class=\"has-fixed-layout\"><tbody><tr><td colspan=\"2\"><strong>Reuni\u00e3o com os concluintes habilitados<\/strong><\/td><\/tr><tr><td><strong>Data:<\/strong><\/td><td>19\/08\/2021<\/td><\/tr><tr><td><strong>Grava\u00e7\u00e3o:<\/strong><\/td><td><a href=\"https:\/\/drive.google.com\/file\/d\/1x_IWx5UXyH9Adlp6qDtkEJCrMwJmnEZi\/view?usp=sharing\" target=\"_blank\" rel=\"noreferrer noopener\"><\/a><\/td><\/tr><tr><td><strong>Material da apresenta\u00e7\u00e3o:<\/strong><\/td><td><a href=\"https:\/\/docs.google.com\/presentation\/d\/e\/2PACX-1vRBw_7Deq5hRmTiV-pW36PsMABGNRNwux5WarLEVNSZXDRk4tSwsgW0FB37H_4RJQ\/pub?start=false&amp;loop=false&amp;delayms=3000&amp;slide=id.p1\" target=\"_blank\" rel=\"noreferrer noopener\"><\/a><\/td><\/tr><\/tbody><\/table><\/figure>\n\n\n\n<p><\/p>\n\n\n\n<p><strong>Prepara\u00e7\u00e3o para o ENADE 2021:<\/strong><\/p>\n\n\n\n<p>Na segunda-feira de cada semana de prepara\u00e7\u00e3o os professores disponibilizar\u00e3o o formul\u00e1rio com as quest\u00f5es de cada \u00e1rea. Tal formul\u00e1rio deve ser respondido at\u00e9 a quinta-feira.&nbsp;<\/p>\n\n\n\n<p>Na sexta-feira de cada semana de prepara\u00e7\u00e3o os professores disponibilizar\u00e3o a grava\u00e7\u00e3o com a resolu\u00e7\u00e3o das quest\u00f5es. O formul\u00e1rio deve ser submetido novamente at\u00e9 a segunda-feira da semana seguinte corrigindo as respostas erradas da primeira submiss\u00e3o.<\/p>\n\n\n\n<p>Todo o material ser\u00e1 compartilhado na<a href=\"https:\/\/classroom.google.com\/u\/0\/c\/Mzc4Mjc1MjU3ODE1\" target=\"_blank\" rel=\"noreferrer noopener\">&nbsp;Turma ENADE 2021<\/a>&nbsp;no Google Classroom.<\/p>\n\n\n\n<p>A agenda de prepara\u00e7\u00e3o est\u00e1 dispon\u00edvel <a href=\"https:\/\/docs.google.com\/spreadsheets\/d\/e\/2PACX-1vSJCEXt776u56RoPddNPpzt61PLF5t8ob7RelKVhU3cmEnLkhYTisHz7eSEKvYytW339pV510W0Blv9\/pubhtml?widget=true&amp;headers=false\">AQUI<\/a><\/p>\n\n\n\n<h3 class=\"wp-block-heading\">Acompanhamento<\/h3>\n\n\n\n<p>A cada semana, o discente deve responder o formul\u00e1rio com quest\u00f5es duas vezes, sendo:<\/p>\n\n\n\n<ul class=\"wp-block-list\">\n<li>No in\u00edcio da semana, com base no seu conhecimento e\/ou consultando materiais;<\/li>\n\n\n\n<li>No final da semana, ap\u00f3s assistir \u00e0 grava\u00e7\u00e3o. Nesse caso, espera-se que o aluno verifique as quest\u00f5es que errou e submeta novamente corrigindo as respostas.<br><\/li>\n<\/ul>\n\n\n\n<p>O discente que submeter os dois formul\u00e1rios na semana receber\u00e1 um emblema. Ao final da prepara\u00e7\u00e3o, as Coordena\u00e7\u00e3o de BSI e LCC far\u00e3o o sorteio de 6 vouchers de R$ 50,00 cada, sendo 3 para cada curso. Seguem regras:<\/p>\n\n\n\n<ul class=\"wp-block-list\">\n<li>&lt; 6 Emblemas: N\u00e3o participa do sorteio;<\/li>\n\n\n\n<li>7 Emblemas: Participa do sorteio (nome 1x na lista);<\/li>\n\n\n\n<li>8 Emblemas: Participa do sorteio (nome 2x na lista);<\/li>\n\n\n\n<li>9 Emblemas: Participa do sorteio (nome 3x na lista);<\/li>\n\n\n\n<li>10 Emblemas: Participa do sorteio (nome 4x na lista).<\/li>\n<\/ul>\n\n\n\n<p>O acompanhamento ser\u00e1 feito por <a href=\"https:\/\/docs.google.com\/spreadsheets\/d\/e\/2PACX-1vTA4ZJxgaIQqE52U33dyO5souMtdqWRKZhV1RKOp8M5Yf1F0dK_yzVT2eYosl-0M84KCu3er8Kl9SVi\/pubhtml?gid=1103294766&amp;single=true&amp;widget=true&amp;headers=false\">AQUI<\/a>.<\/p>\n\n\n\n<p><\/p>\n\n\n\n<h2 class=\"wp-block-heading\"><div class=\"linha-header\">PLANO DE TRABALHO DE EST\u00c1GIOS NA \u00c9POCA DA COVID 19<\/div><\/h2>\n\n\n\n<p><a href=\"https:\/\/www.ccae.ufpb.br\/lcc\/wp-content\/uploads\/sites\/170\/sites\/309\/2025\/05\/1-regulamento_estagio_lcc.pdf\">Documento do Plano de Trabalho dos Est\u00e1gios na \u00e9poca da COVID19<\/a><\/p>\n\n\n\n<p><\/p>\n","protected":false},"excerpt":{"rendered":"<p>Nesta p\u00e1gina encontram-se informa\u00e7\u00f5es antigas j\u00e1 publicadas no site apenas para manuten\u00e7\u00e3o do hist\u00f3rico. ENADE [&hellip;]<\/p>\n","protected":false},"author":291,"featured_media":0,"parent":0,"menu_order":0,"comment_status":"closed","ping_status":"closed","template":"","meta":{"footnotes":""},"class_list":["post-146","page","type-page","status-publish","hentry"],"_links":{"self":[{"href":"https:\/\/www.ccae.ufpb.br\/lcc\/wp-json\/wp\/v2\/pages\/146","targetHints":{"allow":["GET"]}}],"collection":[{"href":"https:\/\/www.ccae.ufpb.br\/lcc\/wp-json\/wp\/v2\/pages"}],"about":[{"href":"https:\/\/www.ccae.ufpb.br\/lcc\/wp-json\/wp\/v2\/types\/page"}],"author":[{"embeddable":true,"href":"https:\/\/www.ccae.ufpb.br\/lcc\/wp-json\/wp\/v2\/users\/291"}],"replies":[{"embeddable":true,"href":"https:\/\/www.ccae.ufpb.br\/lcc\/wp-json\/wp\/v2\/comments?post=146"}],"version-history":[{"count":5,"href":"https:\/\/www.ccae.ufpb.br\/lcc\/wp-json\/wp\/v2\/pages\/146\/revisions"}],"predecessor-version":[{"id":168,"href":"https:\/\/www.ccae.ufpb.br\/lcc\/wp-json\/wp\/v2\/pages\/146\/revisions\/168"}],"wp:attachment":[{"href":"https:\/\/www.ccae.ufpb.br\/lcc\/wp-json\/wp\/v2\/media?parent=146"}],"curies":[{"name":"wp","href":"https:\/\/api.w.org\/{rel}","templated":true}]}}