{"id":7,"date":"2025-05-20T16:26:01","date_gmt":"2025-05-20T19:26:01","guid":{"rendered":"https:\/\/www.ccae.ufpb.br\/lcc\/?page_id=7"},"modified":"2026-04-14T20:39:33","modified_gmt":"2026-04-14T23:39:33","slug":"horarios-e-calendarios","status":"publish","type":"page","link":"https:\/\/www.ccae.ufpb.br\/lcc\/horarios-e-calendarios\/","title":{"rendered":"Hor\u00e1rios e Calend\u00e1rios"},"content":{"rendered":"\n<p>A matr\u00edcula (a rematr\u00edcula e a matr\u00edcula extraordin\u00e1ria) para os discentes veteranos \u00e9 feita normalmente no SIGAA (online),&nbsp;<strong>pelos pr\u00f3prios discentes, nos prazos estabelecidos no Calend\u00e1rio Acad\u00eamico<\/strong>. Dessa forma, os veteranos devem fazer sua matr\u00edcula online via SIGAA, conforme Calend\u00e1rio Acad\u00eamico.<\/p>\n\n\n\n<p class=\" \">&nbsp;<a href=\"https:\/\/www.youtube.com\/watch?v=y15lIeqXVP8\" target=\"_blank\" rel=\"noreferrer noopener\">&nbsp;Tutorial para matr\u00edcula no SIGAA (Alunos)<\/a><\/p>\n\n\n\n<h2 class=\"wp-block-heading\"><div class=\"linha-header\">2026.1<\/div><\/h2>\n\n\n\n<p><a href=\"https:\/\/docs.google.com\/spreadsheets\/d\/1XugL6Ye8ykZkhrnHkjsF6d2ksXIWUYSVxmGhxrCsOSE\/edit?gid=258541626#gid=258541626\">Hor\u00e1rio das disciplinas oferecidas no Per\u00edodo Regular 2026.1: <br>https:\/\/bit.ly\/horario_LCC_SI_2026-1<\/a> (aba LCC &#8211; Pode sofrer altera\u00e7\u00f5es!!!)<\/p>\n\n\n\n<p><a href=\"https:\/\/drive.ufpb.br\/s\/327JkGqNN8nxaSC\">Calend\u00e1rio Acad\u00eamico &#8211; Per\u00edodo Regular 2026.1<\/a><\/p>\n\n\n\n<p><a href=\"https:\/\/drive.ufpb.br\/s\/EoASKbJEAwigEmA\">Calend\u00e1rio Administrativo &#8211; Per\u00edodo Regular 2026.1<\/a><\/p>\n\n\n\n<h2 class=\"wp-block-heading\"><div class=\"linha-header\">2025.2<\/div><\/h2>\n\n\n\n<p class=\" \"><a href=\"https:\/\/docs.google.com\/spreadsheets\/d\/1lqYaI9YQiCTzUyFydxNXZdUhF7YWBnwo-BJ8oZH77Gs\/edit?gid=1625012484#gid=1625012484\">Hor\u00e1rio das disciplinas oferecidas no Per\u00edodo Regular 2025.2: <\/a><br><a href=\"https:\/\/docs.google.com\/spreadsheets\/d\/1lqYaI9YQiCTzUyFydxNXZdUhF7YWBnwo-BJ8oZH77Gs\/edit?gid=1625012484#gid=1625012484\">https:\/\/bit.ly\/horario_LCC_SI_2025-2<\/a><\/p>\n\n\n\n<p class=\" \"><a href=\"https:\/\/www.prg.ufpb.br\/prg\/codesc\/documentos\/calendario-academico\/calendario-academico-cursos-presenciais-2025-2-atualizado-em-30-07-2025.pdf\/view\">Calend\u00e1rio Acad\u00eamico &#8211; Per\u00edodo Regular 2025.2<\/a><a href=\"http:\/\/plone.ufpb.br\/lcc\/contents\/documentos\/calendario-academico-2024-1-periodo-regular-cursos-presenciais-atualizado-em-18-12-2023-2.pdf\" target=\"_blank\" rel=\"noreferrer noopener\"><\/a><\/p>\n\n\n\n<p class=\" \"><a href=\"https:\/\/www.prg.ufpb.br\/prg\/codesc\/documentos\/calendario-administrativo\/calendario-administrativo-presencial-2025-2-publicado-em-06-08-2025.pdf\/view\">Calend\u00e1rio Administrativo &#8211; Per\u00edodo Regular 2025.2<\/a><\/p>\n\n\n\n<p><\/p>\n\n\n\n<h2 class=\"wp-block-heading\"><div class=\"linha-header\">2025.1<\/div><\/h2>\n\n\n\n<p class=\" \"><a href=\"https:\/\/docs.google.com\/spreadsheets\/d\/e\/2PACX-1vSHdjTlMpVQY5VpNSJKR1jIqpvRQk2HMeF9WuEtAtVvLvbuPL9Bs3z55LgOA0tRGHG2PS0kEq526yhc\/pubhtml?gid=682310381&amp;single=true\" target=\"_blank\" rel=\"noreferrer noopener\">Hor\u00e1rio das disciplinas oferecidas no Per\u00edodo Regular 2025.1<\/a><\/p>\n\n\n\n<p class=\" \"><a href=\"https:\/\/www.prg.ufpb.br\/prg\/codesc\/documentos\/calendario-academico\/calendario-academico-cursos-presenciais-2025-1.pdf\/view\" target=\"_blank\" rel=\"noreferrer noopener\">Calend\u00e1rio Acad\u00eamico &#8211; Per\u00edodo Regular 2025.1<\/a><a href=\"http:\/\/plone.ufpb.br\/lcc\/contents\/documentos\/calendario-academico-2024-1-periodo-regular-cursos-presenciais-atualizado-em-18-12-2023-2.pdf\" target=\"_blank\" rel=\"noreferrer noopener\"><\/a><\/p>\n\n\n\n<p class=\" \"><a href=\"https:\/\/www.prg.ufpb.br\/prg\/codesc\/documentos\/calendario-administrativo\/calendario-administrativo-presencial-2025-1.pdf\/view\" target=\"_blank\" rel=\"noreferrer noopener\">Calend\u00e1rio Administrativo &#8211; Per\u00edodo Regular 2025.1<\/a><\/p>\n\n\n\n<h2 class=\"wp-block-heading\"><div class=\"linha-header\">2024.2<\/div><\/h2>\n\n\n\n<p class=\" \"><a href=\"https:\/\/docs.google.com\/spreadsheets\/d\/e\/2PACX-1vSOlU1PoX150vFKKX4UN9gt-u2DL7UGuVbSGmkIuh3ZqMFUsBhsWUK-3K5l8Dl8PrpWv9NQ6dygF6Jc\/pubhtml?gid=1738490907&amp;single=true\" target=\"_blank\" rel=\"noreferrer noopener\">&nbsp;Hor\u00e1rio das disciplinas oferecidas no Per\u00edodo Regular 2024.2<\/a><\/p>\n\n\n\n<p class=\" \"><a href=\"https:\/\/www.prg.ufpb.br\/ccj\/contents\/pdf\/diversos\/calendario-academico-cursos-presenciais-2024-2-atualizado-em-10-07-2024-1-1.pdf\" target=\"_blank\" rel=\"noreferrer noopener\">&nbsp;Calend\u00e1rio Acad\u00eamico &#8211; Per\u00edodo Regular 2024.2<\/a><a href=\"http:\/\/plone.ufpb.br\/lcc\/contents\/documentos\/calendario-academico-2024-1-periodo-regular-cursos-presenciais-atualizado-em-18-12-2023-2.pdf\" target=\"_blank\" rel=\"noreferrer noopener\"><\/a><\/p>\n\n\n\n<p class=\" \"><a href=\"https:\/\/www.prg.ufpb.br\/prg\/codesc\/documentos\/calendario-administrativo\/calendario-administrativo-presencial-2024-2-atualizado-em-25-09-2024.pdf\/view\" target=\"_blank\" rel=\"noreferrer noopener\">&nbsp;Calend\u00e1rio Administrativo &#8211; Per\u00edodo Regular 2024.2<\/a><\/p>\n\n\n\n<h2 class=\"wp-block-heading\"><div class=\"linha-header\">2024.1<\/div><\/h2>\n\n\n\n<p class=\" \"><a href=\"https:\/\/docs.google.com\/spreadsheets\/d\/e\/2PACX-1vQHcsID3Sq0yUe13apNsba9yzR1ZfAMbB5U20zllxSVdM53OdIO9odmRvPX54lgeETu2KQb6bXd8jbS\/pubhtml?gid=682310381&amp;single=true\" target=\"_blank\" rel=\"noreferrer noopener\">&nbsp;Hor\u00e1rio das disciplinas oferecidas no Per\u00edodo Regular 2024.1<\/a><\/p>\n\n\n\n<p class=\" \"><a href=\"http:\/\/plone.ufpb.br\/lcc\/contents\/documentos\/calendario-academico-2024-1-periodo-regular-cursos-presenciais-atualizado-em-18-12-2023-2.pdf\" target=\"_blank\" rel=\"noreferrer noopener\">&nbsp;Calend\u00e1rio Acad\u00eamico &#8211; Per\u00edodo Regular 2024.1<\/a><\/p>\n\n\n\n<p class=\" \"><a href=\"http:\/\/plone.ufpb.br\/lcc\/contents\/documentos\/calendario-administrativo-presencial-2024-1-aviso-de-retificacao-5.pdf\" target=\"_blank\" rel=\"noreferrer noopener\">&nbsp;Calend\u00e1rio Administrativo &#8211; Per\u00edodo Regular 2024.1<\/a><\/p>\n\n\n\n<h2 class=\"wp-block-heading\"><div class=\"linha-header\">2023.2<\/div><\/h2>\n\n\n\n<p class=\" \"><a href=\"https:\/\/docs.google.com\/spreadsheets\/d\/e\/2PACX-1vRJ1lB9rPfSWNiKB7AiLYX5RNrw29s9-lUKT8SZ8vr_0NVjK5UHMu03DY4bbu2BfCwDM2sypkmgsFIX\/pubhtml?gid=1738490907&amp;single=true\" target=\"_blank\" rel=\"noreferrer noopener\">&nbsp;Hor\u00e1rio das disciplinas oferecidas no Per\u00edodo Regular 2023.2<\/a><\/p>\n\n\n\n<p class=\" \"><a href=\"http:\/\/plone.ufpb.br\/lcc\/contents\/documentos\/calendario-academico-2023-2-periodo-regular-cursos-presenciais-alterado.pdf\" target=\"_blank\" rel=\"noreferrer noopener\">&nbsp;Calend\u00e1rio Acad\u00eamico &#8211; Per\u00edodo Regular 2023.2<\/a><\/p>\n\n\n\n<p class=\" \"><a href=\"http:\/\/plone.ufpb.br\/lcc\/contents\/documentos\/calendario-administrativo-presencial-2023-2-alterado.pdf\" target=\"_blank\" rel=\"noreferrer noopener\">&nbsp;Calend\u00e1rio Administrativo &#8211; Per\u00edodo Regular 2023.2<\/a><\/p>\n\n\n\n<h2 class=\"wp-block-heading\"><div class=\"linha-header\">2023.1<\/div><\/h2>\n\n\n\n<p class=\" \"><a href=\"https:\/\/docs.google.com\/spreadsheets\/d\/e\/2PACX-1vTsMYiSMYfYyjoQbW1DK-_yaNtgiVSozjKATq8wp1iAf5HGPaBrjlmZBIvfppDxj1SblqMpAkFh8qAD\/pubhtml?gid=682310381&amp;single=true\" target=\"_blank\" rel=\"noreferrer noopener\">&nbsp;Hor\u00e1rio das disciplinas oferecidas no Per\u00edodo Regular 2023.1<\/a><\/p>\n\n\n\n<p class=\" \"><a href=\"http:\/\/plone.ufpb.br\/lcc\/contents\/documentos\/calendario-academico-2023-1-periodo-regular-2.pdf\" target=\"_blank\" rel=\"noreferrer noopener\">&nbsp;Calend\u00e1rio Acad\u00eamico &#8211; Per\u00edodo Regular 2023.1<\/a><\/p>\n\n\n\n<p class=\" \"><a href=\"http:\/\/plone.ufpb.br\/lcc\/contents\/documentos\/calendario-administrativo-presencial-2023-1-2.pdf\" target=\"_blank\" rel=\"noreferrer noopener\">&nbsp;Calend\u00e1rio Administrativo &#8211; Per\u00edodo Regular 2023.1<\/a><\/p>\n\n\n\n<h2 class=\"wp-block-heading\"><div class=\"linha-header\">2022.2<\/div><\/h2>\n\n\n\n<p class=\" \">&nbsp;<a href=\"https:\/\/docs.google.com\/spreadsheets\/d\/e\/2PACX-1vTQmCJUe-BWh3EaCP6CFmRn-Uwrd_n35gn8HAbXdCgYS1MHfIKwdmgZzV07CwGr1pXE7snUyg1S96IU\/pubhtml?gid=1738490907&amp;single=true\" target=\"_blank\" rel=\"noreferrer noopener\">&nbsp;Hor\u00e1rio das disciplinas oferecidas no Per\u00edodo Regular 2022.2<\/a><\/p>\n\n\n\n<p class=\" \"><a href=\"http:\/\/plone.ufpb.br\/lcc\/contents\/documentos\/calendario-academico-presencial-2022-2.pdf\" target=\"_blank\" rel=\"noreferrer noopener\">&nbsp;Calend\u00e1rio Acad\u00eamico &#8211; Per\u00edodo Regular 2022.2<\/a><\/p>\n\n\n\n<p class=\" \"><a href=\"http:\/\/plone.ufpb.br\/lcc\/contents\/documentos\/calendario-administrativo-presencial-2022-2-3.pdf\" target=\"_blank\" rel=\"noreferrer noopener\">&nbsp;Calend\u00e1rio Administrativo &#8211; Per\u00edodo Regular 2022.<\/a>2<\/p>\n\n\n\n<h2 class=\"wp-block-heading\"><div class=\"linha-header\">2022.1<\/div><\/h2>\n\n\n\n<p class=\" \"><a href=\"https:\/\/docs.google.com\/spreadsheets\/d\/e\/2PACX-1vQrI2q8DCa7zwzg2wCsHe-REwYeIpfoTRPWGme3Mhq_Tuf0_Bjwow8-jdSTFCKW5oz0UwTv7EqDTUvE\/pubhtml?gid=682310381&amp;single=true\" target=\"_blank\" rel=\"noreferrer noopener\">&nbsp;Hor\u00e1rio das disciplinas oferecidas no Per\u00edodo Regular 2022.1<\/a><a href=\"https:\/\/drive.google.com\/file\/d\/1rUW--NNotTDd5x0Kn9t5BcdgmXJrvAhW\/view?usp=sharing\" target=\"_blank\" rel=\"noreferrer noopener\"><\/a><\/p>\n\n\n\n<p class=\" \"><a href=\"http:\/\/plone.ufpb.br\/lcc\/contents\/documentos\/calendario-academico-presencial-2022-1-consepe-1.pdf\" target=\"_blank\" rel=\"noreferrer noopener\">&nbsp;Calend\u00e1rio Acad\u00eamico &#8211; Per\u00edodo Regular 2022.1<\/a><\/p>\n\n\n\n<p class=\" \"><a href=\"http:\/\/plone.ufpb.br\/lcc\/contents\/documentos\/aprovado-calendario-administrativo-presencial-2022-1-correcao-5.pdf\" target=\"_blank\" rel=\"noreferrer noopener\">&nbsp;Calend\u00e1rio Administrativo &#8211; Per\u00edodo Regular 2022.1<\/a><\/p>\n\n\n\n<h2 class=\"wp-block-heading\"><div class=\"linha-header\">2021.2<\/div><\/h2>\n\n\n\n<p class=\" \"><a href=\"https:\/\/docs.google.com\/spreadsheets\/d\/e\/2PACX-1vSTG53_jgwaNrPdQAyTY3sQlNS-vqhZEkXZSOL3ddnABUB2zmzbIN4YB37GApaH1yMQsgxfkBPg59rv\/pubhtml?gid=1970221698&amp;single=true\" target=\"_blank\" rel=\"noreferrer noopener\">&nbsp;Hor\u00e1rio das disciplinas oferecidas no Per\u00edodo Regular 2021.2<\/a><a href=\"https:\/\/drive.google.com\/file\/d\/1rUW--NNotTDd5x0Kn9t5BcdgmXJrvAhW\/view?usp=sharing\" target=\"_blank\" rel=\"noreferrer noopener\"><\/a><\/p>\n\n\n\n<p class=\" \"><a href=\"http:\/\/plone.ufpb.br\/lcc\/contents\/documentos\/calendario-academico-2021-2-com-turma-de-ferias-em-julho.pdf\" target=\"_blank\" rel=\"noreferrer noopener\">&nbsp;Calend\u00e1rio Acad\u00eamico &#8211; Per\u00edodo Suplementar 2021.2<\/a><\/p>\n\n\n\n<p class=\" \"><a href=\"http:\/\/plone.ufpb.br\/lcc\/contents\/documentos\/calendario-administrativo-2021-2-com-turma-de-ferias-em-julho.pdf\" target=\"_blank\" rel=\"noreferrer noopener\">&nbsp;Calend\u00e1rio Administrativo &#8211; Per\u00edodo Suplementar 2021.2<\/a><\/p>\n\n\n\n<p class=\" \"><a href=\"http:\/\/plone.ufpb.br\/lcc\/contents\/documentos\/res-_consepe_45-2021.pdf\" target=\"_blank\" rel=\"noreferrer noopener\">&nbsp;Resolu\u00e7\u00e3o n\u00ba 45\/2021 do CONSEPE<\/a>&nbsp;&#8211; regula as exce\u00e7\u00f5es da Resolu\u00e7\u00e3o Consepe&nbsp;n\u00ba 29\/2020 para o per\u00edodo letivo regular 2021.2<\/p>\n\n\n\n<h2 class=\"wp-block-heading\"><div class=\"linha-header\">2021.1<\/div><\/h2>\n\n\n\n<p class=\" \"><a href=\"https:\/\/docs.google.com\/spreadsheets\/d\/e\/2PACX-1vTVB_MI5hrQ8SLFl_rQqfxhdjN_S3jHqaVket9YtIH0_Ls7Vm8Y4t_ueeNr1RUsODQmmkGQLj5IJ7Jh\/pubhtml?gid=588070152&amp;single=true\" target=\"_blank\" rel=\"noreferrer noopener\">&nbsp;Hor\u00e1rio das disciplinas regulares oferecidas no Per\u00edodo Suplementar 2021.1<\/a><a href=\"https:\/\/drive.google.com\/file\/d\/1rUW--NNotTDd5x0Kn9t5BcdgmXJrvAhW\/view?usp=sharing\" target=\"_blank\" rel=\"noreferrer noopener\"><\/a><\/p>\n\n\n\n<p class=\" \"><a href=\"http:\/\/www.prg.ufpb.br\/prg\/codesc\/documentos\/calendario-academico\/calendario-academico-suplementar-2021-1.pdf\/view\" target=\"_blank\" rel=\"noreferrer noopener\">&nbsp;Calend\u00e1rio Acad\u00eamico &#8211; Per\u00edodo Suplementar 2021.1<\/a><\/p>\n\n\n\n<p class=\" \"><a href=\"http:\/\/www.prg.ufpb.br\/prg\/codesc\/documentos\/calendario-administrativo\/calendario-administrativo-periodo-suplementar-2021-1-final_publicado.pdf\/view\" target=\"_blank\" rel=\"noreferrer noopener\">&nbsp;Calend\u00e1rio Administrativo &#8211; Per\u00edodo Suplementar 2021.1<\/a><\/p>\n\n\n\n<h2 class=\"wp-block-heading\"><div class=\"linha-header\">2020.2<\/div><\/h2>\n\n\n\n<p><a href=\"https:\/\/docs.google.com\/spreadsheets\/d\/e\/2PACX-1vTnuiAv_NFYmK9JYIqQAt2Qe2bG29lyks9bV45AfMcDW8if2dOcuEgvhlR3yYzi7D7M9M0YXKdmM6U1\/pubhtml?gid=1899766045&amp;single=true\" target=\"_blank\" rel=\"noreferrer noopener\">&nbsp;Hor\u00e1rio das disciplinas regulares oferecidas no Per\u00edodo Suplementar 2020.2&nbsp;&nbsp;<\/a><\/p>\n\n\n\n<p class=\" \"><a href=\"https:\/\/drive.google.com\/file\/d\/1rUW--NNotTDd5x0Kn9t5BcdgmXJrvAhW\/view?usp=sharing\" target=\"_blank\" rel=\"noreferrer noopener\">&nbsp;Calend\u00e1rio Acad\u00eamico &#8211; Per\u00edodo Suplementar 2020.2<\/a>&nbsp;&#8211; atualizado<\/p>\n\n\n\n<p class=\" \"><a href=\"https:\/\/drive.google.com\/file\/d\/1k0U5bYAp1N-7561uPR4A1fLhB1tWXGx_\/view?usp=sharing\" target=\"_blank\" rel=\"noreferrer noopener\">&nbsp;Calend\u00e1rio Administrativo &#8211; Per\u00edodo Suplementar 2020.2<\/a><\/p>\n\n\n\n<p><a href=\"https:\/\/drive.google.com\/file\/d\/1PGVkq9b3w9sK5y9W8kk3cdnIrAfWGaNh\/view?usp=sharing\" target=\"_blank\" rel=\"noreferrer noopener\">&nbsp;Resolu\u00e7\u00e3o n\u00ba 12\/2021 do CONSEPE<\/a><a href=\"https:\/\/drive.google.com\/file\/d\/1Bgoy-aN9jKZqoK-8UrvJchv1TM7RBj9J\/view?usp=sharing\" target=\"_blank\" rel=\"noreferrer noopener\">&nbsp;<\/a>&nbsp;que altera a Resolu\u00e7\u00e3o n\u00ba 35\/2020<\/p>\n\n\n\n<p><a href=\"https:\/\/drive.google.com\/file\/d\/1Bgoy-aN9jKZqoK-8UrvJchv1TM7RBj9J\/view?usp=sharing\" target=\"_blank\" rel=\"noreferrer noopener\">&nbsp;Resolu\u00e7\u00e3o n\u00ba 35\/2020 do CONSEPE<\/a>&nbsp;<a href=\"https:\/\/drive.google.com\/file\/d\/1XQRe_zeXX7qTC8eket4tQAbiSlV2HQ_q\/view?usp=sharing\" target=\"_blank\" rel=\"noreferrer noopener\">&nbsp;<\/a><\/p>\n\n\n\n<p><a href=\"https:\/\/docs.google.com\/document\/d\/e\/2PACX-1vRhFitbHVMwHZqiEzqYjTYYHc9PLlWB7l7yByxLW0BOgWMrUvHo73Fia-13On3FShBIZwKiet9QXFw6\/pub\" target=\"_blank\" rel=\"noreferrer noopener\">&nbsp;Esclarecimentos acerca do Per\u00edodo Suplementar 2020.2<\/a><\/p>\n\n\n\n<p><\/p>\n","protected":false},"excerpt":{"rendered":"<p>A matr\u00edcula (a rematr\u00edcula e a matr\u00edcula extraordin\u00e1ria) para os discentes veteranos \u00e9 feita normalmente [&hellip;]<\/p>\n","protected":false},"author":47,"featured_media":0,"parent":0,"menu_order":0,"comment_status":"closed","ping_status":"closed","template":"","meta":{"footnotes":""},"class_list":["post-7","page","type-page","status-publish","hentry"],"_links":{"self":[{"href":"https:\/\/www.ccae.ufpb.br\/lcc\/wp-json\/wp\/v2\/pages\/7","targetHints":{"allow":["GET"]}}],"collection":[{"href":"https:\/\/www.ccae.ufpb.br\/lcc\/wp-json\/wp\/v2\/pages"}],"about":[{"href":"https:\/\/www.ccae.ufpb.br\/lcc\/wp-json\/wp\/v2\/types\/page"}],"author":[{"embeddable":true,"href":"https:\/\/www.ccae.ufpb.br\/lcc\/wp-json\/wp\/v2\/users\/47"}],"replies":[{"embeddable":true,"href":"https:\/\/www.ccae.ufpb.br\/lcc\/wp-json\/wp\/v2\/comments?post=7"}],"version-history":[{"count":9,"href":"https:\/\/www.ccae.ufpb.br\/lcc\/wp-json\/wp\/v2\/pages\/7\/revisions"}],"predecessor-version":[{"id":199,"href":"https:\/\/www.ccae.ufpb.br\/lcc\/wp-json\/wp\/v2\/pages\/7\/revisions\/199"}],"wp:attachment":[{"href":"https:\/\/www.ccae.ufpb.br\/lcc\/wp-json\/wp\/v2\/media?parent=7"}],"curies":[{"name":"wp","href":"https:\/\/api.w.org\/{rel}","templated":true}]}}